{"id":5285,"date":"2019-01-01T18:52:55","date_gmt":"2019-01-01T18:52:55","guid":{"rendered":"https:\/\/faceensemble.com\/?page_id=5285"},"modified":"2024-11-15T15:07:03","modified_gmt":"2024-11-15T15:07:03","slug":"antigone","status":"publish","type":"page","link":"https:\/\/faceensemble.com\/de\/antigone\/","title":{"rendered":"ANTIGONE"},"content":{"rendered":"<h5><em><span style=\"color: #993300;\">Bitte scrollen Sie nach unten f\u00fcr die deutschsprachige Fassung<\/span><\/em><\/h5>\n<h2>by Walter Hasenclever<\/h2>\n<p>Performance in German with subtitles in English<\/p>\n<p>&nbsp;<\/p>\n<p>To watch the <strong>documentation<\/strong> of the performance 2017 &#8211; please click: <span style=\"color: #ff0000;\"><a style=\"color: #ff0000;\" href=\"https:\/\/vimeo.com\/297452739\" target=\"_blank\" rel=\"noopener\">ANTIGONE<\/a><\/span><\/p>\n<p><img data-recalc-dims=\"1\" loading=\"lazy\" decoding=\"async\" class=\"alignnone size-full wp-image-187\" src=\"https:\/\/i0.wp.com\/faceensemble.com\/wp-content\/uploads\/2016\/09\/056_antigone_face_cmeyer_originals.jpg?resize=748%2C548&#038;ssl=1\" alt=\"ANTIGONE\" width=\"748\" height=\"548\" \/><\/p>\n<p>Review by (BS) &#8211; published in K\u00f6lnische Rundschau:<\/p>\n<p><strong>&#8222;Appeal for Humanity<\/strong><\/p>\n<p><em>Krist\u00f3f Szab\u00f3 stages Walter Hasenclevers \u201eAntigone\u201c in Theatre Deep Red (Theater Tiefrot) <\/em><\/p>\n<p><em>\u00a0<\/em>End time mood in Theater Tiefrot.<\/p>\n<p>The stage is a battlefield; bizarre figures wrapped in black plastic are about to hastily bury human corpses. The war is over &#8211; people celebrate King Creon jubilantly for his victory. In the back, images of the war in Iraq flicker. Bush and Hitler. \u201cThebes shall live!\u201d &#8211; is the slogan. And the \u201eThebes Sun\u201c writes: \u201cNo grave for the cadaver of Polynices\u201d. Antigones\u00b4s brother was one of the enemies. By the kings\u2019 decree his sister is not allowed to bury him but she does it &#8211; as it is well known &#8211; anyway.<\/p>\n<p>It is not \u201cAntigone\u201d by Sophocles that can be seen in Theater Tiefrot, but the anti-war-drama by Walter Hasenclever (1890-1940), written 1917 under the impression of World War I. In the adaptation from Krist\u00f3f Szab\u00f3 it became a fascinating multi-media-performance, presenting a spectacle including dance, music, projections, figurines (B\u00e4rbel Nolden), fantastic costumes (Szab\u00f3 and Emese Kasza) that offers plenty of sights worth seeing.<\/p>\n<p>With his 10 performers Szab\u00f3 develops a passionate appeal for Humanity. Not the luminary Antigone (grippingly portrayed by Ursula W\u00fcsthof) is the centre of attention, but &#8211; possessed by hunger for power &#8211; the despot Creon, who celebrates his victory with a true Witches Sabbat &#8211; one of the high points of the staging. Dimitri Tellis measures the spectrum of the tyrant, who goes mad, has a nervous breakdown and wins later purification with frightening intensity.<\/p>\n<p>But it is too late. Antigone is dead, like a Jesus-apotheosis she stands in a flaming red dress on a high platform, a victim in the name of all the righteous. And an alarm signal for fragile democracies.&#8220;<\/p>\n<p><img data-recalc-dims=\"1\" loading=\"lazy\" decoding=\"async\" class=\"alignnone size-full wp-image-270\" src=\"https:\/\/i0.wp.com\/faceensemble.com\/wp-content\/uploads\/2016\/08\/126_antigone_face_cmeyer_originals.jpg?resize=748%2C549&#038;ssl=1\" alt=\"ANTIGONE\" width=\"748\" height=\"549\" \/><\/p>\n<h2><\/h2>\n<h5><span style=\"color: #993300;\"><em>Deutschsprachige Fassung:<\/em><\/span><\/h5>\n<h2>ANTIGONE von Walter Hasenclever<\/h2>\n<p>(Produktion 2017 | Dauer: 90 Minuten)<\/p>\n<p><em><strong>Im Kampf gegen die Macht des Diktators Kreon wird Antigone zur zeitlosen Symbolfigur des zivilen Ungehorsams.\u00a0<\/strong> <\/em><\/p>\n<p><strong>DOKUMENTATION zu sehen:<\/strong> <a href=\"https:\/\/vimeo.com\/297452739\">hier<\/a><\/p>\n<p><strong>PRESSE:<\/strong> &#8222;&#8230;ein fesselndes Multi-Media-Spektakel, das mit Elementen von Tanz, Musik, Projektionen, Figurinen (B\u00e4rbel Nolden) und fantastischen Kost\u00fcmen (Szab\u00f3 und Emese Kasza) eine Menge Schauwerte bietet. (&#8230;) Szab\u00f3 entfaltet mit seinen zehn Akteuren einen glutvollen Appell an die Menschlichkeit.&#8220;<\/p>\n<p><img data-recalc-dims=\"1\" loading=\"lazy\" decoding=\"async\" class=\"alignnone size-full wp-image-190\" src=\"https:\/\/i0.wp.com\/faceensemble.com\/wp-content\/uploads\/2016\/09\/083_antigone_face_cmeyer_originals.jpg?resize=748%2C548&#038;ssl=1\" alt=\"ANTIGONE\" width=\"748\" height=\"548\" \/><\/p>\n<p><em>Rezension: K\u00f6lnische Rundschau (volle L\u00e4nge)<\/em><\/p>\n<p><strong>&#8222;Appell an die Menschlichkeit<\/strong><\/p>\n<p><em>Krist\u00f3f Szab\u00f3 inszeniert Walter Hasenclever \u201eAntigone\u201c im Theater Tiefrot<\/em><\/p>\n<p>Endzeitstimmung im Tiefrot.<\/p>\n<p>Die B\u00fchne ein Schlachtfeld, bizarre Gestalten in schwarzen Plastik-H\u00fcllen wollen menschliche Kadaver verscharren. Der Krieg ist aus; man jubelt dem Sieger K\u00f6nig Kreon zu. Im Hintergrund flimmern Bilder von Irakkrieg. Bush und Hitler. \u201eTheben soll leben!\u201c so die Parole. Und die \u201eTheben Sun\u201c titelt \u201eKein Grab f\u00fcr Polyneikes \u00dcberrest!\u201c Antigones Bruder geh\u00f6rte zu den Feinden, die Schwester darf ihn laut k\u00f6niglichem Dekret nicht bestatten, tut es bekanntlich aber doch.<\/p>\n<p><img data-recalc-dims=\"1\" loading=\"lazy\" decoding=\"async\" class=\"alignnone size-full wp-image-197\" src=\"https:\/\/i0.wp.com\/faceensemble.com\/wp-content\/uploads\/2016\/09\/137_antigone_face_cmeyer_originals.jpg?resize=748%2C548&#038;ssl=1\" alt=\"ANTIGONE\" width=\"748\" height=\"548\" \/><\/p>\n<p>Nicht Sophokles\u00b4 \u201cAntigone\u201c ist im Tiefrot zu sehen, sondern das Anti-Kriegs-Drama von Walter Hasenclever (1890-1940), 1917 unter dem Eindruck des Ersten Weltkriegs geschrieben. In der Adaption von Krist\u00f3f Szab\u00f3 wurde daraus ein fesselndes Multi-Media-Spektakel, das mit Elementen von Tanz, Musik, Projektionen, Figurinen (B\u00e4rbel Nolden) und fantastischen Kost\u00fcmen (Szab\u00f3 und Emese Kasza) eine Menge Schauwerte bietet.<\/p>\n<p><img data-recalc-dims=\"1\" loading=\"lazy\" decoding=\"async\" class=\"alignnone size-full wp-image-194\" src=\"https:\/\/i0.wp.com\/faceensemble.com\/wp-content\/uploads\/2016\/09\/120_antigone_face_cmeyer_originals.jpg?resize=748%2C1197&#038;ssl=1\" alt=\"ANTIGONE\" width=\"748\" height=\"1197\" \/><\/p>\n<p>Auf kleinstem Raum entfaltet Szab\u00f3 mit seinen zehn Akteuren einen glutvollen Appell an die Menschlichkeit.<\/p>\n<p>Im Mittelpunkt steht weniger die Lichtgestalt Antigone (ergreifend: Ursula W\u00fcsthof) als der machttrunkene Despot Kreon, der seinen Sieg mit einem wahren Hexensabbat feiert \u2013 ein H\u00f6hepunkt der Inszenierung. Dimitri Tellis misst das Spektrum des Tyrannen bis zum Zusammenbruch im Wahnsinn und sp\u00e4ter L\u00e4uterung mit be\u00e4ngstigender Intensit\u00e4t aus. Doch es ist zu sp\u00e4t. Antigone ist tot, wie eine Jesus-Apotheose steht sie im flammend roten Dress auf hohem Podest, ein Opfer im Namen aller Gerechten. Und ein Warnsignal f\u00fcr br\u00fcchige Demokratien. (BS)<\/p>\n<p><img data-recalc-dims=\"1\" loading=\"lazy\" decoding=\"async\" class=\"alignnone size-full wp-image-186\" src=\"https:\/\/i0.wp.com\/faceensemble.com\/wp-content\/uploads\/2016\/09\/019_antigone_face_cmeyer_originals.jpg?resize=748%2C548&#038;ssl=1\" alt=\"ANTIGONE\" width=\"748\" height=\"548\" \/><\/p>\n<p>&nbsp;<\/p>\n<p>&nbsp;<\/p>\n<p>&nbsp;<\/p>\n<p>&nbsp;<\/p>\n<p>&nbsp;<\/p>\n","protected":false},"excerpt":{"rendered":"<p>Bitte scrollen Sie nach unten f\u00fcr die deutschsprachige Fassung by Walter Hasenclever Performance in German with subtitles in English &nbsp; To watch the documentation of the performance 2017 &#8211; please click: ANTIGONE Review by (BS) &#8211; published in K\u00f6lnische Rundschau: &#8222;Appeal for Humanity Krist\u00f3f Szab\u00f3 stages Walter Hasenclevers \u201eAntigone\u201c in Theatre Deep Red (Theater Tiefrot) &hellip; <a class=\"more-link\" href=\"https:\/\/faceensemble.com\/de\/antigone\/\">Mehr <span class=\"screen-reader-text\">ANTIGONE<\/span><\/a><\/p>\n","protected":false},"author":12093239,"featured_media":0,"parent":0,"menu_order":0,"comment_status":"closed","ping_status":"closed","template":"","meta":{"_coblocks_attr":"","_coblocks_dimensions":"","_coblocks_responsive_height":"","_coblocks_accordion_ie_support":"","advanced_seo_description":"","jetpack_seo_html_title":"","jetpack_seo_noindex":false,"jetpack_seo_schema_type":"","_wpcom_ai_launchpad_about_page":false,"_wpcom_ai_launchpad_gallery_page":false,"_wpcom_ai_launchpad_contact_page":false,"_wpcom_ai_launchpad_events_page":false,"_wpcom_ai_launchpad_video_page":false,"_wpcom_ai_launchpad_portfolio_piece":false,"footnotes":""},"tags":[],"class_list":["post-5285","page","type-page","status-publish","hentry"],"jetpack_likes_enabled":true,"jetpack_sharing_enabled":true,"jetpack_shortlink":"https:\/\/wp.me\/P7OOTK-1nf","jetpack-related-posts":[{"id":797,"url":"https:\/\/faceensemble.com\/antigone\/","url_meta":{"origin":5285,"position":0},"title":"ANTIGONE","author":"567cool","date":"1. Januar 2019","format":false,"excerpt":"Bitte scrollen Sie nach unten f\u00fcr die deutschsprachige Fassung by Walter Hasenclever Performance in German with subtitles in English \u00a0 To watch the documentation of the performance 2017 - please click: ANTIGONE Review by (BS) - published in K\u00f6lnische Rundschau: \"Appeal for Humanity Krist\u00f3f Szab\u00f3 stages Walter Hasenclevers \u201eAntigone\u201c in\u2026","rel":"","context":"\u00c4hnlicher Beitrag","block_context":{"text":"\u00c4hnlicher Beitrag","link":""},"img":{"alt_text":"ANTIGONE","src":"https:\/\/i0.wp.com\/faceensemble.com\/wp-content\/uploads\/2016\/09\/056_antigone_face_cmeyer_originals.jpg?resize=350%2C200&ssl=1","width":350,"height":200,"srcset":"https:\/\/i0.wp.com\/faceensemble.com\/wp-content\/uploads\/2016\/09\/056_antigone_face_cmeyer_originals.jpg?resize=350%2C200&ssl=1 1x, https:\/\/i0.wp.com\/faceensemble.com\/wp-content\/uploads\/2016\/09\/056_antigone_face_cmeyer_originals.jpg?resize=525%2C300&ssl=1 1.5x, https:\/\/i0.wp.com\/faceensemble.com\/wp-content\/uploads\/2016\/09\/056_antigone_face_cmeyer_originals.jpg?resize=700%2C400&ssl=1 2x, https:\/\/i0.wp.com\/faceensemble.com\/wp-content\/uploads\/2016\/09\/056_antigone_face_cmeyer_originals.jpg?resize=1050%2C600&ssl=1 3x, https:\/\/i0.wp.com\/faceensemble.com\/wp-content\/uploads\/2016\/09\/056_antigone_face_cmeyer_originals.jpg?resize=1400%2C800&ssl=1 4x"},"classes":[]},{"id":43,"url":"https:\/\/faceensemble.com\/team\/","url_meta":{"origin":5285,"position":1},"title":"Team &amp; Performers","author":"ivo3d","date":"22. August 2016","format":false,"excerpt":"Team: Krist\u00f3f Szab\u00f3 CV (stage design, choreographer, director) Iv\u00f3 Kov\u00e1cs CV (projection-art, mapping, video) Julia Karl CV (organisation, social media) Emese Kasza CV (costume design) Mike Kleinen CV (photo-art, stage sculptures) Klaus A. Burth CV (graphics) Performers: please scroll down to see the list of appearances of the performers in\u2026","rel":"","context":"\u00c4hnlicher Beitrag","block_context":{"text":"\u00c4hnlicher Beitrag","link":""},"img":{"alt_text":"STRUKTUR1V_fb","src":"https:\/\/i0.wp.com\/faceensemble.com\/wp-content\/uploads\/2016\/08\/struktur1v_fb.jpg?resize=350%2C200&ssl=1","width":350,"height":200,"srcset":"https:\/\/i0.wp.com\/faceensemble.com\/wp-content\/uploads\/2016\/08\/struktur1v_fb.jpg?resize=350%2C200&ssl=1 1x, https:\/\/i0.wp.com\/faceensemble.com\/wp-content\/uploads\/2016\/08\/struktur1v_fb.jpg?resize=525%2C300&ssl=1 1.5x, https:\/\/i0.wp.com\/faceensemble.com\/wp-content\/uploads\/2016\/08\/struktur1v_fb.jpg?resize=700%2C400&ssl=1 2x, https:\/\/i0.wp.com\/faceensemble.com\/wp-content\/uploads\/2016\/08\/struktur1v_fb.jpg?resize=1050%2C600&ssl=1 3x, https:\/\/i0.wp.com\/faceensemble.com\/wp-content\/uploads\/2016\/08\/struktur1v_fb.jpg?resize=1400%2C800&ssl=1 4x"},"classes":[]},{"id":5365,"url":"https:\/\/faceensemble.com\/de\/team-performers\/","url_meta":{"origin":5285,"position":2},"title":"Team &amp; Performers","author":"567cool","date":"22. August 2016","format":false,"excerpt":"Team: Krist\u00f3f Szab\u00f3 CV (stage design, choreographer, director) Iv\u00f3 Kov\u00e1cs CV (projection-art, mapping, video) Julia Karl CV (organisation, social media) Emese Kasza CV (costume design) Mike Kleinen CV (photo-art, stage sculptures) Klaus A. Burth CV (graphics) Performers: please scroll down to see the list of appearances of the performers in\u2026","rel":"","context":"\u00c4hnlicher Beitrag","block_context":{"text":"\u00c4hnlicher Beitrag","link":""},"img":{"alt_text":"","src":"https:\/\/i0.wp.com\/faceensemble.com\/wp-content\/uploads\/2020\/08\/k.szabo-f.a.c.e.-hairy-foto-mike-kleinen-stagemoments-dsc_1494_2100.jpg?resize=350%2C200&ssl=1","width":350,"height":200,"srcset":"https:\/\/i0.wp.com\/faceensemble.com\/wp-content\/uploads\/2020\/08\/k.szabo-f.a.c.e.-hairy-foto-mike-kleinen-stagemoments-dsc_1494_2100.jpg?resize=350%2C200&ssl=1 1x, https:\/\/i0.wp.com\/faceensemble.com\/wp-content\/uploads\/2020\/08\/k.szabo-f.a.c.e.-hairy-foto-mike-kleinen-stagemoments-dsc_1494_2100.jpg?resize=525%2C300&ssl=1 1.5x, https:\/\/i0.wp.com\/faceensemble.com\/wp-content\/uploads\/2020\/08\/k.szabo-f.a.c.e.-hairy-foto-mike-kleinen-stagemoments-dsc_1494_2100.jpg?resize=700%2C400&ssl=1 2x, https:\/\/i0.wp.com\/faceensemble.com\/wp-content\/uploads\/2020\/08\/k.szabo-f.a.c.e.-hairy-foto-mike-kleinen-stagemoments-dsc_1494_2100.jpg?resize=1050%2C600&ssl=1 3x, https:\/\/i0.wp.com\/faceensemble.com\/wp-content\/uploads\/2020\/08\/k.szabo-f.a.c.e.-hairy-foto-mike-kleinen-stagemoments-dsc_1494_2100.jpg?resize=1400%2C800&ssl=1 4x"},"classes":[]},{"id":1024,"url":"https:\/\/faceensemble.com\/julia-karl-cv\/","url_meta":{"origin":5285,"position":3},"title":"Julia Karl CV","author":"567cool","date":"3. Januar 2019","format":false,"excerpt":"seit September 2018 \u200b Management \/ \u00d6ffentlichkeitsarbeit \/ Social Media \u200b f\u00fcr Krist\u00f3f Szab\u00f3 \/ F.A.C.E. - Visual Performing Arts\u200b \u200b 2012 - 2017\u200b Assistenz der k\u00fcntlerischen Leitung des THEATER TIEFROT K\u00d6LN\u200b \u200b 2009 - heute THEATER \/ SCHAUSPIEL\u200b (Auszug) \u200b 2018 \"Torquato Tasso\" \/ J. W. von Goethe\u200b Rolle:\u2026","rel":"","context":"\u00c4hnlicher Beitrag","block_context":{"text":"\u00c4hnlicher Beitrag","link":""},"img":{"alt_text":"julia_karl_0319_1359219155_3383","src":"https:\/\/i0.wp.com\/faceensemble.com\/wp-content\/uploads\/2019\/01\/julia_karl_0319_1359219155_3383.jpg?resize=350%2C200&ssl=1","width":350,"height":200},"classes":[]},{"id":881,"url":"https:\/\/faceensemble.com\/dimitri-tellis-cv\/","url_meta":{"origin":5285,"position":4},"title":"Dimitri Tellis CV","author":"567cool","date":"2. Januar 2019","format":false,"excerpt":"\u00a0 Dimitri Tellis studierte Schauspiel an der Hochschule f\u00fcr Musik und Theater in Hannover. Nach dem Studium arbeitete er am Schauspiel Bonn u.a. mit\u00a0 Ruth Berghaus und Andr\u00e1s Fricsay zusammen. Seit 2002 ist er in der freien Theaterszene aktiv, war er bis 2016 regelm\u00e4\u00dfig im Theater Tiefrot K\u00f6ln zu sehen.\u2026","rel":"","context":"\u00c4hnlicher Beitrag","block_context":{"text":"\u00c4hnlicher Beitrag","link":""},"img":{"alt_text":"dimitri tellis myfile","src":"https:\/\/i0.wp.com\/faceensemble.com\/wp-content\/uploads\/2019\/01\/dimitri-tellis-myfile.jpg?resize=350%2C200&ssl=1","width":350,"height":200,"srcset":"https:\/\/i0.wp.com\/faceensemble.com\/wp-content\/uploads\/2019\/01\/dimitri-tellis-myfile.jpg?resize=350%2C200&ssl=1 1x, https:\/\/i0.wp.com\/faceensemble.com\/wp-content\/uploads\/2019\/01\/dimitri-tellis-myfile.jpg?resize=525%2C300&ssl=1 1.5x, https:\/\/i0.wp.com\/faceensemble.com\/wp-content\/uploads\/2019\/01\/dimitri-tellis-myfile.jpg?resize=700%2C400&ssl=1 2x, https:\/\/i0.wp.com\/faceensemble.com\/wp-content\/uploads\/2019\/01\/dimitri-tellis-myfile.jpg?resize=1050%2C600&ssl=1 3x, https:\/\/i0.wp.com\/faceensemble.com\/wp-content\/uploads\/2019\/01\/dimitri-tellis-myfile.jpg?resize=1400%2C800&ssl=1 4x"},"classes":[]},{"id":872,"url":"https:\/\/faceensemble.com\/celine-oberloher-cv\/","url_meta":{"origin":5285,"position":5},"title":"C\u00e9line Oberloher CV","author":"567cool","date":"2. Januar 2019","format":false,"excerpt":"Schauspielerin, S\u00e4ngerin. \u00a0","rel":"","context":"\u00c4hnlicher Beitrag","block_context":{"text":"\u00c4hnlicher Beitrag","link":""},"img":{"alt_text":"ANTIGONE","src":"https:\/\/i0.wp.com\/faceensemble.com\/wp-content\/uploads\/2016\/09\/103_antigone_face_cmeyer_originals.jpg?resize=350%2C200&ssl=1","width":350,"height":200,"srcset":"https:\/\/i0.wp.com\/faceensemble.com\/wp-content\/uploads\/2016\/09\/103_antigone_face_cmeyer_originals.jpg?resize=350%2C200&ssl=1 1x, https:\/\/i0.wp.com\/faceensemble.com\/wp-content\/uploads\/2016\/09\/103_antigone_face_cmeyer_originals.jpg?resize=525%2C300&ssl=1 1.5x, https:\/\/i0.wp.com\/faceensemble.com\/wp-content\/uploads\/2016\/09\/103_antigone_face_cmeyer_originals.jpg?resize=700%2C400&ssl=1 2x, https:\/\/i0.wp.com\/faceensemble.com\/wp-content\/uploads\/2016\/09\/103_antigone_face_cmeyer_originals.jpg?resize=1050%2C600&ssl=1 3x, https:\/\/i0.wp.com\/faceensemble.com\/wp-content\/uploads\/2016\/09\/103_antigone_face_cmeyer_originals.jpg?resize=1400%2C800&ssl=1 4x"},"classes":[]}],"_links":{"self":[{"href":"https:\/\/faceensemble.com\/de\/wp-json\/wp\/v2\/pages\/5285","targetHints":{"allow":["GET"]}}],"collection":[{"href":"https:\/\/faceensemble.com\/de\/wp-json\/wp\/v2\/pages"}],"about":[{"href":"https:\/\/faceensemble.com\/de\/wp-json\/wp\/v2\/types\/page"}],"author":[{"embeddable":true,"href":"https:\/\/faceensemble.com\/de\/wp-json\/wp\/v2\/users\/12093239"}],"replies":[{"embeddable":true,"href":"https:\/\/faceensemble.com\/de\/wp-json\/wp\/v2\/comments?post=5285"}],"version-history":[{"count":1,"href":"https:\/\/faceensemble.com\/de\/wp-json\/wp\/v2\/pages\/5285\/revisions"}],"predecessor-version":[{"id":5286,"href":"https:\/\/faceensemble.com\/de\/wp-json\/wp\/v2\/pages\/5285\/revisions\/5286"}],"wp:attachment":[{"href":"https:\/\/faceensemble.com\/de\/wp-json\/wp\/v2\/media?parent=5285"}],"wp:term":[{"taxonomy":"post_tag","embeddable":true,"href":"https:\/\/faceensemble.com\/de\/wp-json\/wp\/v2\/tags?post=5285"}],"curies":[{"name":"wp","href":"https:\/\/api.w.org\/{rel}","templated":true}]}}