{"id":5295,"date":"2019-01-03T17:55:32","date_gmt":"2019-01-03T17:55:32","guid":{"rendered":"https:\/\/faceensemble.com\/?page_id=5295"},"modified":"2024-11-15T15:11:24","modified_gmt":"2024-11-15T15:11:24","slug":"brigitte-kuepper-cv","status":"publish","type":"page","link":"https:\/\/faceensemble.com\/de\/brigitte-kuepper-cv\/","title":{"rendered":"Brigitte K\u00fcpper CV"},"content":{"rendered":"<p><img data-recalc-dims=\"1\" loading=\"lazy\" decoding=\"async\" class=\"  wp-image-1179 alignleft\" src=\"https:\/\/i0.wp.com\/faceensemble.com\/wp-content\/uploads\/2019\/01\/brigitte.png?resize=245%2C368&#038;ssl=1\" alt=\"brigitte\" width=\"245\" height=\"368\" \/><\/p>\n<p>Anderweitig an der Posaune, konzentriert sich Brigitte K\u00fcpper aus K\u00f6ln haupts\u00e4chlich auf den experimentellen Umgang mit der Stimme. Ihr Repertoire, verwurzelt in dem Bewusstsein des improvisatorischen Elements urspr\u00fcnglicher Gesangstradition, bewegt sich vom Atem ausgehend zwischen der Verbindung von Klang und Ger\u00e4usch und dem Experimentell-Lautmalerischen bis zur Poesie im improvisierten Text. Sie spielt in verschiedenen Kombinationen, pflegt gerne Stimmformationen und Projekte in Verbindung mit Performance-Aktion, Tanz und bildender Kunst. Gegenw\u00e4rtig ist Brigitte Mitglied bei <a href=\"http:\/\/www.voccolours.com\/index.html\" target=\"_blank\" rel=\"noopener\">VocColours<\/a>, Klang Drang Orchester,\u00a0 Phil Minton Feral Singers, Polyfolie, Wuppertaler Improvisations Orchester u.a.<\/p>\n<p>Mit VocColours ver\u00f6ffentlichte Brigitte K\u00fcpper die CDs: <a href=\"http:\/\/grankinjazz.com\/de\/voccolours.html\" target=\"_blank\" rel=\"noopener\">bitte klicken Sie: VocColours<\/a><\/p>\n<p>Aus der Rezension ihrer aktuellen CD VocColours &#8211; Andrej Razin: <em>Ganglia (<\/em>2018) von Ettore Garzia in Percori Musicali 01\/2019:<\/p>\n<p><b>&#8222;<\/b><i>Ganglia<\/i>, die neue CD von VocColours zusammen mit dem Pianisten Andrei Razin ist ein gutes Beispiel daf\u00fcr, wie mit voller Kapazit\u00e4t an humoralen Verdichtungen des Vokalen gearbeitet wird: epidermisch organisierte Arbeit, die sich aus Teilen des Free Jazz entwickelt.<\/p>\n<p><em>Ganglia<\/em> ist ein emotionaler Wirbelsturm, der vier Stimmen und ein Klavier r\u00fcttelt, ein Land der Wunder der\u00a0Artikulation, unmittelbar wahrnehmbar durch das H\u00f6ren. K\u00fcnstlerisch richten sie die Aufmerksamkeit auf die Fragmentierung, eine Reihe von erweiterten Techniken, die durch die Stimme hergestellt werden, \u201eeinzigartige\u201c Obert\u00f6ne, die keiner Regel folgen \u2013\u00a0unerkl\u00e4rbar, weder im Himmel noch auf der Erde.<\/p>\n<p><em>Ganglia <\/em>ist \/ sind \u2013 invece \u2013 vokale und musikalische Atome in freier Bewegung, verflochten aus schnellen Scats, Simulationen und non Sense, in einem atemlosen Gew\u00f6lbe. Das letzte St\u00fcck,\u00a0<i>golden fog<\/i>, scheint dann ein St\u00fcck 4AD, in Vokalimprovisation gef\u00fchrt, da sind die harmonischen Geister, die im akustischen Raum stehen.<\/p>\n<p><strong>Verstehen Sie, dass <i>Ganglia<\/i> zu meinem Besten aus 2018 geh\u00f6ren w\u00fcrde, wenn ich es in der Zeit geh\u00f6rt h\u00e4tte!&#8220;<\/strong><\/p>\n","protected":false},"excerpt":{"rendered":"<p>Anderweitig an der Posaune, konzentriert sich Brigitte K\u00fcpper aus K\u00f6ln haupts\u00e4chlich auf den experimentellen Umgang mit der Stimme. Ihr Repertoire, verwurzelt in dem Bewusstsein des improvisatorischen Elements urspr\u00fcnglicher Gesangstradition, bewegt sich vom Atem ausgehend zwischen der Verbindung von Klang und Ger\u00e4usch und dem Experimentell-Lautmalerischen bis zur Poesie im improvisierten Text. Sie spielt in verschiedenen Kombinationen, &hellip; <a class=\"more-link\" href=\"https:\/\/faceensemble.com\/de\/brigitte-kuepper-cv\/\">Mehr <span class=\"screen-reader-text\">Brigitte K\u00fcpper CV<\/span><\/a><\/p>\n","protected":false},"author":12093239,"featured_media":0,"parent":0,"menu_order":0,"comment_status":"closed","ping_status":"closed","template":"","meta":{"_coblocks_attr":"","_coblocks_dimensions":"","_coblocks_responsive_height":"","_coblocks_accordion_ie_support":"","advanced_seo_description":"","jetpack_seo_html_title":"","jetpack_seo_noindex":false,"jetpack_seo_schema_type":"","_wpcom_ai_launchpad_about_page":false,"_wpcom_ai_launchpad_gallery_page":false,"_wpcom_ai_launchpad_contact_page":false,"_wpcom_ai_launchpad_events_page":false,"_wpcom_ai_launchpad_video_page":false,"_wpcom_ai_launchpad_portfolio_piece":false,"footnotes":""},"tags":[],"class_list":["post-5295","page","type-page","status-publish","hentry"],"jetpack_likes_enabled":true,"jetpack_sharing_enabled":true,"jetpack_shortlink":"https:\/\/wp.me\/P7OOTK-1np","jetpack-related-posts":[{"id":1020,"url":"https:\/\/faceensemble.com\/brigitte-kupper\/","url_meta":{"origin":5295,"position":0},"title":"Brigitte K\u00fcpper CV","author":"567cool","date":"3. Januar 2019","format":false,"excerpt":"Anderweitig an der Posaune, konzentriert sich Brigitte K\u00fcpper aus K\u00f6ln haupts\u00e4chlich auf den experimentellen Umgang mit der Stimme. Ihr Repertoire, verwurzelt in dem Bewusstsein des improvisatorischen Elements urspr\u00fcnglicher Gesangstradition, bewegt sich vom Atem ausgehend zwischen der Verbindung von Klang und Ger\u00e4usch und dem Experimentell-Lautmalerischen bis zur Poesie im improvisierten Text.\u2026","rel":"","context":"\u00c4hnlicher Beitrag","block_context":{"text":"\u00c4hnlicher Beitrag","link":""},"img":{"alt_text":"brigitte","src":"https:\/\/i0.wp.com\/faceensemble.com\/wp-content\/uploads\/2019\/01\/brigitte.png?resize=350%2C200&ssl=1","width":350,"height":200},"classes":[]},{"id":5393,"url":"https:\/\/faceensemble.com\/de\/theatertanz\/","url_meta":{"origin":5295,"position":1},"title":"TheaterTanz","author":"567cool","date":"2. Januar 2019","format":false,"excerpt":"L\u00b4AMOUR FOU II \/ WICCA by Krist\u00f3f Szab\u00f3 With the poem Deer of the Night by Pierre-Jean Jouve Premiere in Cologne at tANZfAKtUR 2015 Photo \u00c1lvaro Maldonado Dancers: Jos\u00e9 S\u00e1nchez, Photini Meletiadis, Kathrin Blume-Wankelmuth, Sara Blasco Guti\u00e9rrez,\u00a0Theresia Erfort | Light:\u00a0Garlef Ke\u00dfler | Projection-Art: Iv\u00f3 Kov\u00e1cs | Poetry: Andr\u00e9 Breton, Pierre-Jean\u2026","rel":"","context":"\u00c4hnlicher Beitrag","block_context":{"text":"\u00c4hnlicher Beitrag","link":""},"img":{"alt_text":"","src":"https:\/\/i0.wp.com\/faceensemble.com\/wp-content\/uploads\/2019\/01\/219_WICCA_cMEYER_ORIGINALS.jpg?resize=350%2C200","width":350,"height":200,"srcset":"https:\/\/i0.wp.com\/faceensemble.com\/wp-content\/uploads\/2019\/01\/219_WICCA_cMEYER_ORIGINALS.jpg?resize=350%2C200 1x, https:\/\/i0.wp.com\/faceensemble.com\/wp-content\/uploads\/2019\/01\/219_WICCA_cMEYER_ORIGINALS.jpg?resize=525%2C300 1.5x, https:\/\/i0.wp.com\/faceensemble.com\/wp-content\/uploads\/2019\/01\/219_WICCA_cMEYER_ORIGINALS.jpg?resize=700%2C400 2x, https:\/\/i0.wp.com\/faceensemble.com\/wp-content\/uploads\/2019\/01\/219_WICCA_cMEYER_ORIGINALS.jpg?resize=1050%2C600 3x, https:\/\/i0.wp.com\/faceensemble.com\/wp-content\/uploads\/2019\/01\/219_WICCA_cMEYER_ORIGINALS.jpg?resize=1400%2C800 4x"},"classes":[]},{"id":907,"url":"https:\/\/faceensemble.com\/theatertanz\/","url_meta":{"origin":5295,"position":2},"title":"TheaterTanz","author":"567cool","date":"2. Januar 2019","format":false,"excerpt":"L\u00b4AMOUR FOU II \/ WICCA by Krist\u00f3f Szab\u00f3 With the poem Deer of the Night by Pierre-Jean Jouve Premiere in Cologne at tANZfAKtUR 2015 Photo \u00c1lvaro Maldonado Dancers: Jos\u00e9 S\u00e1nchez, Photini Meletiadis, Kathrin Blume-Wankelmuth, Sara Blasco Guti\u00e9rrez,\u00a0Theresia Erfort | Light:\u00a0Garlef Ke\u00dfler | Projection-Art: Iv\u00f3 Kov\u00e1cs | Poetry: Andr\u00e9 Breton, Pierre-Jean\u2026","rel":"","context":"\u00c4hnlicher Beitrag","block_context":{"text":"\u00c4hnlicher Beitrag","link":""},"img":{"alt_text":"","src":"https:\/\/i0.wp.com\/faceensemble.com\/wp-content\/uploads\/2019\/01\/219_WICCA_cMEYER_ORIGINALS.jpg?resize=350%2C200","width":350,"height":200,"srcset":"https:\/\/i0.wp.com\/faceensemble.com\/wp-content\/uploads\/2019\/01\/219_WICCA_cMEYER_ORIGINALS.jpg?resize=350%2C200 1x, https:\/\/i0.wp.com\/faceensemble.com\/wp-content\/uploads\/2019\/01\/219_WICCA_cMEYER_ORIGINALS.jpg?resize=525%2C300 1.5x, https:\/\/i0.wp.com\/faceensemble.com\/wp-content\/uploads\/2019\/01\/219_WICCA_cMEYER_ORIGINALS.jpg?resize=700%2C400 2x, https:\/\/i0.wp.com\/faceensemble.com\/wp-content\/uploads\/2019\/01\/219_WICCA_cMEYER_ORIGINALS.jpg?resize=1050%2C600 3x, https:\/\/i0.wp.com\/faceensemble.com\/wp-content\/uploads\/2019\/01\/219_WICCA_cMEYER_ORIGINALS.jpg?resize=1400%2C800 4x"},"classes":[]},{"id":43,"url":"https:\/\/faceensemble.com\/team\/","url_meta":{"origin":5295,"position":3},"title":"Team &amp; Performers","author":"ivo3d","date":"22. August 2016","format":false,"excerpt":"Team: Krist\u00f3f Szab\u00f3 CV (stage design, choreographer, director) Iv\u00f3 Kov\u00e1cs CV (projection-art, mapping, video) Julia Karl CV (organisation, social media) Emese Kasza CV (costume design) Mike Kleinen CV (photo-art, stage sculptures) Klaus A. Burth CV (graphics) Performers: please scroll down to see the list of appearances of the performers in\u2026","rel":"","context":"\u00c4hnlicher Beitrag","block_context":{"text":"\u00c4hnlicher Beitrag","link":""},"img":{"alt_text":"STRUKTUR1V_fb","src":"https:\/\/i0.wp.com\/faceensemble.com\/wp-content\/uploads\/2016\/08\/struktur1v_fb.jpg?resize=350%2C200&ssl=1","width":350,"height":200,"srcset":"https:\/\/i0.wp.com\/faceensemble.com\/wp-content\/uploads\/2016\/08\/struktur1v_fb.jpg?resize=350%2C200&ssl=1 1x, https:\/\/i0.wp.com\/faceensemble.com\/wp-content\/uploads\/2016\/08\/struktur1v_fb.jpg?resize=525%2C300&ssl=1 1.5x, https:\/\/i0.wp.com\/faceensemble.com\/wp-content\/uploads\/2016\/08\/struktur1v_fb.jpg?resize=700%2C400&ssl=1 2x, https:\/\/i0.wp.com\/faceensemble.com\/wp-content\/uploads\/2016\/08\/struktur1v_fb.jpg?resize=1050%2C600&ssl=1 3x, https:\/\/i0.wp.com\/faceensemble.com\/wp-content\/uploads\/2016\/08\/struktur1v_fb.jpg?resize=1400%2C800&ssl=1 4x"},"classes":[]},{"id":860,"url":"https:\/\/faceensemble.com\/photini-meletiadis-cv\/","url_meta":{"origin":5295,"position":4},"title":"Photini Meletiadis CV","author":"567cool","date":"2. Januar 2019","format":false,"excerpt":"Photini Meletiadis \u2013 T\u00e4nzerin, Choreographin 2009 schloss sie ihr Diplom in B\u00fchnentanz ab und 2013 ihren \u201aMaster of Arts\u2018 in \u201eTanzvermittlung im zeitgen\u00f6ssischen Kontext\u201c am ZZT, HfMT in K\u00f6ln. Sie ist als T\u00e4nzerin, Choreographin und Tanzp\u00e4dagogin haupts\u00e4chlich im Raum NRW sowie im Ausland t\u00e4tig. Dabei liegt ihr Fokus auf Site-Specific-\u2026","rel":"","context":"\u00c4hnlicher Beitrag","block_context":{"text":"\u00c4hnlicher Beitrag","link":""},"img":{"alt_text":"Georg Kaiser: Gas II","src":"https:\/\/i0.wp.com\/faceensemble.com\/wp-content\/uploads\/2016\/09\/1_263_gazii_cmeyer_originals.jpg?resize=350%2C200&ssl=1","width":350,"height":200},"classes":[]},{"id":5353,"url":"https:\/\/faceensemble.com\/de\/presse\/","url_meta":{"origin":5295,"position":5},"title":"Presse","author":"567cool","date":"26. Januar 2020","format":false,"excerpt":"\u201eZukunftweisende Premiere in der Orangerie. (\u2026) Die Aufl\u00f6sung des K\u00f6rpers zu einem Strom ewiger Bildnisse verf\u00fchrt die Zuschauer mit unnachahmlicher \u00c4sthetik\u2026\u201c ha in K\u00f6lner Wochenspiegel 2018 \u00a0\u201e\u2026Das ist Kunst. Der Regisseur Krist\u00f3f Szab\u00f3 erschafft einen visuellen Abend (\u2026), der durch seine gewaltigen gesellschaftskritischen Fragen lange nachwirkt. Ist eine Revolution des\u2026","rel":"","context":"\u00c4hnlicher Beitrag","block_context":{"text":"\u00c4hnlicher Beitrag","link":""},"img":{"alt_text":"Krist\u00f3f_Szab\u00f3_DEEP BREATH (LICHT II) Hannah Platzer_photo_by_Mike_Kleinen_IMG_9733_out","src":"https:\/\/i0.wp.com\/faceensemble.com\/wp-content\/uploads\/2019\/08\/kristc3b3f_szabc3b3_deep-breath-licht-ii-hannah-platzer_photo_by_mike_kleinen_img_9733_out.jpg?resize=350%2C200&ssl=1","width":350,"height":200,"srcset":"https:\/\/i0.wp.com\/faceensemble.com\/wp-content\/uploads\/2019\/08\/kristc3b3f_szabc3b3_deep-breath-licht-ii-hannah-platzer_photo_by_mike_kleinen_img_9733_out.jpg?resize=350%2C200&ssl=1 1x, https:\/\/i0.wp.com\/faceensemble.com\/wp-content\/uploads\/2019\/08\/kristc3b3f_szabc3b3_deep-breath-licht-ii-hannah-platzer_photo_by_mike_kleinen_img_9733_out.jpg?resize=525%2C300&ssl=1 1.5x, https:\/\/i0.wp.com\/faceensemble.com\/wp-content\/uploads\/2019\/08\/kristc3b3f_szabc3b3_deep-breath-licht-ii-hannah-platzer_photo_by_mike_kleinen_img_9733_out.jpg?resize=700%2C400&ssl=1 2x, https:\/\/i0.wp.com\/faceensemble.com\/wp-content\/uploads\/2019\/08\/kristc3b3f_szabc3b3_deep-breath-licht-ii-hannah-platzer_photo_by_mike_kleinen_img_9733_out.jpg?resize=1050%2C600&ssl=1 3x, https:\/\/i0.wp.com\/faceensemble.com\/wp-content\/uploads\/2019\/08\/kristc3b3f_szabc3b3_deep-breath-licht-ii-hannah-platzer_photo_by_mike_kleinen_img_9733_out.jpg?resize=1400%2C800&ssl=1 4x"},"classes":[]}],"_links":{"self":[{"href":"https:\/\/faceensemble.com\/de\/wp-json\/wp\/v2\/pages\/5295","targetHints":{"allow":["GET"]}}],"collection":[{"href":"https:\/\/faceensemble.com\/de\/wp-json\/wp\/v2\/pages"}],"about":[{"href":"https:\/\/faceensemble.com\/de\/wp-json\/wp\/v2\/types\/page"}],"author":[{"embeddable":true,"href":"https:\/\/faceensemble.com\/de\/wp-json\/wp\/v2\/users\/12093239"}],"replies":[{"embeddable":true,"href":"https:\/\/faceensemble.com\/de\/wp-json\/wp\/v2\/comments?post=5295"}],"version-history":[{"count":1,"href":"https:\/\/faceensemble.com\/de\/wp-json\/wp\/v2\/pages\/5295\/revisions"}],"predecessor-version":[{"id":5296,"href":"https:\/\/faceensemble.com\/de\/wp-json\/wp\/v2\/pages\/5295\/revisions\/5296"}],"wp:attachment":[{"href":"https:\/\/faceensemble.com\/de\/wp-json\/wp\/v2\/media?parent=5295"}],"wp:term":[{"taxonomy":"post_tag","embeddable":true,"href":"https:\/\/faceensemble.com\/de\/wp-json\/wp\/v2\/tags?post=5295"}],"curies":[{"name":"wp","href":"https:\/\/api.w.org\/{rel}","templated":true}]}}