{"id":5303,"date":"2018-08-13T13:47:24","date_gmt":"2018-08-13T13:47:24","guid":{"rendered":"https:\/\/faceensemble.com\/?page_id=5303"},"modified":"2024-11-15T15:15:08","modified_gmt":"2024-11-15T15:15:08","slug":"coming-out","status":"publish","type":"page","link":"https:\/\/faceensemble.com\/de\/coming-out\/","title":{"rendered":"Coming Out"},"content":{"rendered":"<h5><span style=\"color: #993300;\"><em>Bitte scrollen Sie nach unten f\u00fcr die deutschsprachige Fassung<\/em><\/span><\/h5>\n<p>The coming out of a gay Catholic man.<br \/>\n<div class=\"jetpack-video-wrapper\"><div class=\"embed-vimeo\" style=\"text-align: center;\"><iframe loading=\"lazy\" src=\"https:\/\/player.vimeo.com\/video\/268233128\" width=\"748\" height=\"421\" frameborder=\"0\" webkitallowfullscreen mozallowfullscreen allowfullscreen><\/iframe><\/div><\/div><\/p>\n<h6><\/h6>\n<h4><strong>Press<\/strong> (at TESZT 2018 &#8211; interregional festival in Temeswar (RO):<\/h4>\n<p>&#8222;The performance divided the audience &#8211; but also the professional visitors. Many of them left the hall, as the performer put female clothes on.&#8220; Judit Simon<\/p>\n<p>&#8222;I was deeply impressed by the production &#8211; over the overwhelmingly beautyful and suggestive digital visuality, the interview with Pasolini, the famous speech of Barack Obama in the matter of the homosexuals. The rare interactivity signalised, that outlawing of the homosexuals is not only an issue of the persons concerned. The person of the legendary film director is essentially an alabi, to become a witness of the struggle of a true Catholic believer with himself, until he is able to accept his otherness and is ready to live with it &#8211; first face to face with God, than with Man. Possibly the latter is more hard, people are less understanding, they even are less ready for acceptance.&#8220; Judit Simon<\/p>\n<p><img data-recalc-dims=\"1\" loading=\"lazy\" decoding=\"async\" class=\"alignnone size-full wp-image-439\" src=\"https:\/\/i0.wp.com\/faceensemble.com\/wp-content\/uploads\/2017\/11\/171026_drag_queen-27.jpg?resize=748%2C499&#038;ssl=1\" alt=\"171026_drag_queen-27\" width=\"748\" height=\"499\" \/><\/p>\n<h6>Photo Imre K\u00f6v\u00e1g\u00f3 Nagy<\/h6>\n<h2>DOKUMENTATION of the first performance in Budapest 2017<\/h2>\n<p>to watch the documentation please click <a href=\"https:\/\/vimeo.com\/276380859\" target=\"_blank\" rel=\"noopener\">COMING OUT <\/a><\/p>\n<p>to watch the documentation of the guest-performance at TESZT 2018 please click <a href=\"https:\/\/vimeo.com\/305317683\" target=\"_blank\" rel=\"noopener\">HERE<\/a><\/p>\n<p><img data-recalc-dims=\"1\" loading=\"lazy\" decoding=\"async\" class=\"alignnone size-full wp-image-709\" src=\"https:\/\/i0.wp.com\/faceensemble.com\/wp-content\/uploads\/2018\/10\/img_4133_1800.jpg?resize=748%2C499&#038;ssl=1\" alt=\"IMG_4133_1800\" width=\"748\" height=\"499\" \/><\/p>\n<h6>photo by <a href=\"https:\/\/faceensemble.com\/team\/mike-kleinen-cv\/\">Mike Kleinen<\/a><\/h6>\n<p>PRESS: <strong>CONGRATULATIONS<\/strong>!!! In the last but one day TESZT Festival 2018 presented a very important show for human rights, diversity, understanding and love to each other, subjects of the agenda of European Capital Cities of Culture (Timisoara 2021).<\/p>\n<p>More than 50 years after the murder of the important Italian film director, poet, writer, intellectual, and political figure Pier Paolo Pasolini, the performance showed loud and clear that all the conflicts of Pasolini are still evident today. Pasolini wanted to be a catholic and a gay person together in one. Half a decade after his murder he is an established major figure in European literature and cinematic arts, what about gay people today?<\/p>\n<p><img data-recalc-dims=\"1\" loading=\"lazy\" decoding=\"async\" class=\"alignnone size-full wp-image-704\" src=\"https:\/\/i0.wp.com\/faceensemble.com\/wp-content\/uploads\/2018\/10\/33684805_919302791583543_5196130466394013696_o.jpg?resize=748%2C499&#038;ssl=1\" alt=\"33684805_919302791583543_5196130466394013696_o\" width=\"748\" height=\"499\" \/><\/p>\n<h6>photo by Petru Cojocaru<\/h6>\n<p>Szab\u00f3\u2018s show of visual art and movement figured out Pasoloni&#8217;s inner conflicts by a young man\u2018s coming out. And this continued to be a matter of heated debate, again: The church, politicians and people being afraid of themselves are still working against liberty of minorities, esp. the gay one. For Pasolini there was no hope, and today there is still very much to do, esp. in Eastern Europe.<\/p>\n<p><img data-recalc-dims=\"1\" loading=\"lazy\" decoding=\"async\" class=\"alignnone size-full wp-image-705\" src=\"https:\/\/i0.wp.com\/faceensemble.com\/wp-content\/uploads\/2018\/10\/33693352_919305211583301_7317168037952487424_o.jpg?resize=748%2C499&#038;ssl=1\" alt=\"33693352_919305211583301_7317168037952487424_o\" width=\"748\" height=\"499\" \/><\/p>\n<h6>photo by Petru Cojocaru<\/h6>\n<p>Thanks to &#8222;Csiky Gergely&#8220; Hungarian State Theatre Timi\u0219oara, its manager Attila Bal\u00e1zs, and the TESZT Festival responsible members it was possible to have this important performance in Romania, a highly qualified show of modern theatre, technic and movement (first appearance of Adri\u00e1n Castell\u00f3 in this performance) (written by Dieter Topp &#8211; Kulturfoum Europa)<\/p>\n<p><img data-recalc-dims=\"1\" loading=\"lazy\" decoding=\"async\" class=\"alignnone size-full wp-image-719\" src=\"https:\/\/i0.wp.com\/faceensemble.com\/wp-content\/uploads\/2018\/10\/33688172_919302408250248_7033800960644218880_o.jpg?resize=748%2C499&#038;ssl=1\" alt=\"33688172_919302408250248_7033800960644218880_o\" width=\"748\" height=\"499\" \/><\/p>\n<h6>photo by Petru Cojocaru<\/h6>\n<h3 style=\"text-align: center;\">Krist\u00f3f Szab\u00f3 \/ F.A.C.E. Ensemble<\/h3>\n<p style=\"text-align: center;\">COMING OUT &#8211; homage to <a href=\"https:\/\/en.wikipedia.org\/wiki\/Pier_Paolo_Pasolini\" target=\"_blank\" rel=\"noopener\">P.P.Pasolini<\/a><\/p>\n<p style=\"text-align: center;\">TheatreDance | Projection-Art<\/p>\n<p>&nbsp;<\/p>\n<p style=\"text-align: center;\">a performance about the coming out of a gay Catholic man<\/p>\n<p style=\"text-align: center;\">with a speech by Barack Obama, poems by P.P.Pasolini<\/p>\n<p style=\"text-align: center;\">scenes and words by Krist\u00f3f Szab\u00f3<\/p>\n<p>&nbsp;<\/p>\n<p style=\"text-align: center;\">\u00a0performer: <a href=\"https:\/\/faceensemble.com\/adrian-castello\/\">Adri\u00e1n Castell\u00f3<\/a><\/p>\n<p style=\"text-align: center;\">sculpture: <a href=\"https:\/\/faceensemble.com\/team\/mike-kleinen-cv\/\">Mike Kleinen <\/a><\/p>\n<p style=\"text-align: center;\">stage-design: Krist\u00f3f Szab\u00f3<\/p>\n<p style=\"text-align: center;\">costume: Krist\u00f3f Szab\u00f3<\/p>\n<p style=\"text-align: center;\">light: Ferenc Payer<\/p>\n<p style=\"text-align: center;\">projection-art: <a href=\"https:\/\/faceensemble.com\/team\/ivo-kovacs-cv\/\">Iv\u00f3 Kov\u00e1cs<\/a><\/p>\n<p style=\"text-align: center;\">choreography: Krist\u00f3f Szab\u00f3 and <a href=\"https:\/\/faceensemble.com\/jose-sanchez-cv\/\">Jos\u00e9 S\u00e1nchez<\/a><\/p>\n<p style=\"text-align: center;\">dramaturgy &amp; directed by: <a href=\"https:\/\/faceensemble.com\/team\/kristof-szabo-cv\/\">Krist\u00f3f Szab\u00f3<\/a><\/p>\n<h3><\/h3>\n<h5><em><span style=\"color: #993300;\">Deutschsprachige Fassung<\/span><\/em><\/h5>\n<h3 style=\"text-align: left;\">PRESSE<\/h3>\n<p>&#8222;Die Auff\u00fchrung teilte die Zuschauer, doch auch das Fachpublikum. Viele verlie\u00dfen den Auff\u00fchrungssaal, als der Darsteller Frauenkleider anzog.&#8220; Judit Simon<\/p>\n<p>&#8222;Die Produktion hat mich tief beeindruckt, jenseits der \u00fcberw\u00e4ltigend sch\u00f6nen und suggestiven digitalen Visualit\u00e4t, des Interviews mit Pasolini, der ber\u00fchmten Rede von Barack Obama in der Sache der Homosexuellen. Die rare Interaktivit\u00e4t signalisierte, dass die Ausgrenzung der Homosexuellen nicht nur eine Sache der Betroffenen ist. Die Person des legend\u00e4ren Filmregisseurs ist im Grunde ein Alibi, um Zeuge zu sein, wie ein gl\u00e4ubiger Katholik mit sich k\u00e4mpft, bis er in der Lage ist, sein Anderssein zu akzeptieren und damit zu leben, zuerst vor Gott, dann vor den Menschen. Vielleicht ist letzteres schwerer, die Menschen sind weniger verst\u00e4ndnisvoll, noch weniger sind sie zur Akzeptanz bereit.&#8220; Judit Simon<\/p>\n<h2>DOKUMENTATIONEN<\/h2>\n<p>Dokumentation der Urauff\u00fchrung in Budpaest 2017: <a href=\"https:\/\/vimeo.com\/276380859\" target=\"_blank\" rel=\"noopener\">COMING OUT <\/a><\/p>\n<p>Dokumentation des Gastspiels beim interregionalen Festival TESZT 2018 &#8211; Bitte klicken Sie: <a href=\"https:\/\/vimeo.com\/305317683\" target=\"_blank\" rel=\"noopener\">HIER<\/a><\/p>\n<p style=\"text-align: center;\">performer: <a href=\"https:\/\/faceensemble.com\/adrian-castello\/\">Adri\u00e1n Castell\u00f3<\/a><\/p>\n<p style=\"text-align: center;\">sculpture: <a href=\"https:\/\/faceensemble.com\/team\/mike-kleinen-cv\/\">Mike Kleinen <\/a><\/p>\n<p style=\"text-align: center;\">stage-design: Krist\u00f3f Szab\u00f3<\/p>\n<p style=\"text-align: center;\">costume: Krist\u00f3f Szab\u00f3<\/p>\n<p style=\"text-align: center;\">light: Ferenc Payer<\/p>\n<p style=\"text-align: center;\">projection-art: <a href=\"https:\/\/faceensemble.com\/team\/ivo-kovacs-cv\/\">Iv\u00f3 Kov\u00e1cs<\/a><\/p>\n<p style=\"text-align: center;\">choreography: Krist\u00f3f Szab\u00f3 and <a href=\"https:\/\/faceensemble.com\/jose-sanchez-cv\/\">Jos\u00e9 S\u00e1nchez<\/a><\/p>\n<p style=\"text-align: center;\">dramaturgy &amp; directed by: <a href=\"https:\/\/faceensemble.com\/team\/kristof-szabo-cv\/\">Krist\u00f3f Szab\u00f3<\/a><\/p>\n","protected":false},"excerpt":{"rendered":"<p>Bitte scrollen Sie nach unten f\u00fcr die deutschsprachige Fassung The coming out of a gay Catholic man. Press (at TESZT 2018 &#8211; interregional festival in Temeswar (RO): &#8222;The performance divided the audience &#8211; but also the professional visitors. Many of them left the hall, as the performer put female clothes on.&#8220; Judit Simon &#8222;I was &hellip; <a class=\"more-link\" href=\"https:\/\/faceensemble.com\/de\/coming-out\/\">Mehr <span class=\"screen-reader-text\">Coming Out<\/span><\/a><\/p>\n","protected":false},"author":12093239,"featured_media":0,"parent":0,"menu_order":0,"comment_status":"open","ping_status":"open","template":"","meta":{"_coblocks_attr":"","_coblocks_dimensions":"","_coblocks_responsive_height":"","_coblocks_accordion_ie_support":"","advanced_seo_description":"","jetpack_seo_html_title":"","jetpack_seo_noindex":false,"jetpack_seo_schema_type":"","_wpcom_ai_launchpad_about_page":false,"_wpcom_ai_launchpad_gallery_page":false,"_wpcom_ai_launchpad_contact_page":false,"_wpcom_ai_launchpad_events_page":false,"_wpcom_ai_launchpad_video_page":false,"_wpcom_ai_launchpad_portfolio_piece":false,"footnotes":""},"tags":[],"class_list":["post-5303","page","type-page","status-publish","hentry"],"jetpack_likes_enabled":true,"jetpack_sharing_enabled":true,"jetpack_shortlink":"https:\/\/wp.me\/P7OOTK-1nx","jetpack-related-posts":[{"id":599,"url":"https:\/\/faceensemble.com\/coming-out\/","url_meta":{"origin":5303,"position":0},"title":"Coming Out","author":"ivo3d","date":"13. August 2018","format":false,"excerpt":"Bitte scrollen Sie nach unten f\u00fcr die deutschsprachige Fassung The coming out of a gay Catholic man. Press (at TESZT 2018 - interregional festival in Temeswar (RO): \"The performance divided the audience - but also the professional visitors. Many of them left the hall, as the performer put female clothes\u2026","rel":"","context":"In \"Coming-out\"","block_context":{"text":"Coming-out","link":"https:\/\/faceensemble.com\/tag\/coming-out\/"},"img":{"alt_text":"171026_drag_queen-27","src":"https:\/\/i0.wp.com\/faceensemble.com\/wp-content\/uploads\/2017\/11\/171026_drag_queen-27.jpg?resize=350%2C200&ssl=1","width":350,"height":200,"srcset":"https:\/\/i0.wp.com\/faceensemble.com\/wp-content\/uploads\/2017\/11\/171026_drag_queen-27.jpg?resize=350%2C200&ssl=1 1x, https:\/\/i0.wp.com\/faceensemble.com\/wp-content\/uploads\/2017\/11\/171026_drag_queen-27.jpg?resize=525%2C300&ssl=1 1.5x, https:\/\/i0.wp.com\/faceensemble.com\/wp-content\/uploads\/2017\/11\/171026_drag_queen-27.jpg?resize=700%2C400&ssl=1 2x"},"classes":[]},{"id":5397,"url":"https:\/\/faceensemble.com\/de\/videos\/","url_meta":{"origin":5303,"position":1},"title":"VIDEOs","author":"567cool","date":"4. Juli 2019","format":false,"excerpt":"REPERTOIRE contact: kristof-szabo@gmx.de https:\/\/vimeo.com\/823469814 SCANNING THE HOLY WITH DANCE - Is the soul a territory? DEN HEILIGEN BEREICH TANZEND ABTASTEN - Ist die Seele ein Territorium? T\u00e1nccal a szents\u00e9get f\u00fcrk\u00e9szve - A l\u00e9lek egy ter\u00fclet? First performance in April 2023, dance performance with XR-video-art to the music of Salvatore Sciarrino\u2026","rel":"","context":"\u00c4hnlicher Beitrag","block_context":{"text":"\u00c4hnlicher Beitrag","link":""},"img":{"alt_text":"","src":"","width":0,"height":0},"classes":[]},{"id":838,"url":"https:\/\/faceensemble.com\/performers\/","url_meta":{"origin":5303,"position":2},"title":"Performers","author":"567cool","date":"2. Januar 2019","format":false,"excerpt":"\u00a0 Theresia Erfort CV \u00a0","rel":"","context":"\u00c4hnlicher Beitrag","block_context":{"text":"\u00c4hnlicher Beitrag","link":""},"img":{"alt_text":"","src":"","width":0,"height":0},"classes":[]},{"id":1278,"url":"https:\/\/faceensemble.com\/videos\/","url_meta":{"origin":5303,"position":3},"title":"VIDEOs","author":"567cool","date":"4. Juli 2019","format":false,"excerpt":"Daniel Defoe PEST IN LONDON am 25. & 26. September 2026 Rabbit Hole Theater Essen (Dauer 1 Stunde) TRAILER: Krist\u00f3f\u00a0Szab\u00f3 Showreel 2025 - 2015\u00a0 Krist\u00f3f Szab\u00f3 Showreel 2017 - 2020 Krist\u00f3f Szab\u00f3 ISMENE DANCING\u00a0 Trailer John Milton \/ Krist\u00f3f Szab\u00f3 LOST PARADISE Eva - Adam\u00a0\u00a0 Trailer: REPERTOIRE contact: kristof-szabo@gmx.de https:\/\/vimeo.com\/823469814\u2026","rel":"","context":"In \"contemporary theatre\"","block_context":{"text":"contemporary theatre","link":"https:\/\/faceensemble.com\/tag\/contemporary-theatre\/"},"img":{"alt_text":"","src":"https:\/\/videos.files.wordpress.com\/MbRZWU0g\/trailer-pest-in-london-clear_mp4.scrubthumb.jpg?w=350&h=200&crop=1","width":350,"height":200},"classes":[]},{"id":5385,"url":"https:\/\/faceensemble.com\/de\/team-performers\/mike-kleinen-cv\/","url_meta":{"origin":5303,"position":4},"title":"Mike Kleinen CV","author":"567cool","date":"19. September 2016","format":false,"excerpt":"Mike Kleinen CV Fotografie: stagemoments Im K\u00f6lner Domchor genoss der K\u00f6lner Michael Kleinen (Jahrgang 1971) eine mehrj\u00e4hrige Gesangsausbildung und besuchte sp\u00e4ter den Musikzweig des Humboldtgymnasiums. Mit 9 Jahren lernte er den Ungarischen Bildhauer Lajos Barta kennen, der ihn zur Kunstschaffung ermutigte und \u00fcber die anhaltende Freundschaft wegbereitend inspirierte. Erste Zusammenarbeit\u2026","rel":"","context":"\u00c4hnlicher Beitrag","block_context":{"text":"\u00c4hnlicher Beitrag","link":""},"img":{"alt_text":"","src":"https:\/\/i0.wp.com\/faceensemble.com\/wp-content\/uploads\/2016\/09\/mike-kleinen_web.jpg?resize=350%2C200&ssl=1","width":350,"height":200,"srcset":"https:\/\/i0.wp.com\/faceensemble.com\/wp-content\/uploads\/2016\/09\/mike-kleinen_web.jpg?resize=350%2C200&ssl=1 1x, https:\/\/i0.wp.com\/faceensemble.com\/wp-content\/uploads\/2016\/09\/mike-kleinen_web.jpg?resize=525%2C300&ssl=1 1.5x"},"classes":[]},{"id":5365,"url":"https:\/\/faceensemble.com\/de\/team-performers\/","url_meta":{"origin":5303,"position":5},"title":"Team &amp; Performers","author":"567cool","date":"22. August 2016","format":false,"excerpt":"Team: Krist\u00f3f Szab\u00f3 CV (stage design, choreographer, director) Iv\u00f3 Kov\u00e1cs CV (projection-art, mapping, video) Julia Karl CV (organisation, social media) Emese Kasza CV (costume design) Mike Kleinen CV (photo-art, stage sculptures) Klaus A. Burth CV (graphics) Performers: please scroll down to see the list of appearances of the performers in\u2026","rel":"","context":"\u00c4hnlicher Beitrag","block_context":{"text":"\u00c4hnlicher Beitrag","link":""},"img":{"alt_text":"","src":"https:\/\/i0.wp.com\/faceensemble.com\/wp-content\/uploads\/2020\/08\/k.szabo-f.a.c.e.-hairy-foto-mike-kleinen-stagemoments-dsc_1494_2100.jpg?resize=350%2C200&ssl=1","width":350,"height":200,"srcset":"https:\/\/i0.wp.com\/faceensemble.com\/wp-content\/uploads\/2020\/08\/k.szabo-f.a.c.e.-hairy-foto-mike-kleinen-stagemoments-dsc_1494_2100.jpg?resize=350%2C200&ssl=1 1x, https:\/\/i0.wp.com\/faceensemble.com\/wp-content\/uploads\/2020\/08\/k.szabo-f.a.c.e.-hairy-foto-mike-kleinen-stagemoments-dsc_1494_2100.jpg?resize=525%2C300&ssl=1 1.5x, https:\/\/i0.wp.com\/faceensemble.com\/wp-content\/uploads\/2020\/08\/k.szabo-f.a.c.e.-hairy-foto-mike-kleinen-stagemoments-dsc_1494_2100.jpg?resize=700%2C400&ssl=1 2x, https:\/\/i0.wp.com\/faceensemble.com\/wp-content\/uploads\/2020\/08\/k.szabo-f.a.c.e.-hairy-foto-mike-kleinen-stagemoments-dsc_1494_2100.jpg?resize=1050%2C600&ssl=1 3x, https:\/\/i0.wp.com\/faceensemble.com\/wp-content\/uploads\/2020\/08\/k.szabo-f.a.c.e.-hairy-foto-mike-kleinen-stagemoments-dsc_1494_2100.jpg?resize=1400%2C800&ssl=1 4x"},"classes":[]}],"_links":{"self":[{"href":"https:\/\/faceensemble.com\/de\/wp-json\/wp\/v2\/pages\/5303","targetHints":{"allow":["GET"]}}],"collection":[{"href":"https:\/\/faceensemble.com\/de\/wp-json\/wp\/v2\/pages"}],"about":[{"href":"https:\/\/faceensemble.com\/de\/wp-json\/wp\/v2\/types\/page"}],"author":[{"embeddable":true,"href":"https:\/\/faceensemble.com\/de\/wp-json\/wp\/v2\/users\/12093239"}],"replies":[{"embeddable":true,"href":"https:\/\/faceensemble.com\/de\/wp-json\/wp\/v2\/comments?post=5303"}],"version-history":[{"count":1,"href":"https:\/\/faceensemble.com\/de\/wp-json\/wp\/v2\/pages\/5303\/revisions"}],"predecessor-version":[{"id":5304,"href":"https:\/\/faceensemble.com\/de\/wp-json\/wp\/v2\/pages\/5303\/revisions\/5304"}],"wp:attachment":[{"href":"https:\/\/faceensemble.com\/de\/wp-json\/wp\/v2\/media?parent=5303"}],"wp:term":[{"taxonomy":"post_tag","embeddable":true,"href":"https:\/\/faceensemble.com\/de\/wp-json\/wp\/v2\/tags?post=5303"}],"curies":[{"name":"wp","href":"https:\/\/api.w.org\/{rel}","templated":true}]}}