{"id":5307,"date":"2017-10-14T01:39:14","date_gmt":"2017-10-14T01:39:14","guid":{"rendered":"https:\/\/faceensemble.com\/?page_id=5307"},"modified":"2024-11-15T15:17:32","modified_gmt":"2024-11-15T15:17:32","slug":"die-jungfrau-von-orleans","status":"publish","type":"page","link":"https:\/\/faceensemble.com\/de\/die-jungfrau-von-orleans\/","title":{"rendered":"DIE JUNGFRAU VON ORLEANS"},"content":{"rendered":"\r\n<h5 class=\"wp-block-heading\"><em><span style=\"color: #993300;\">The English version is not finished yet.<\/span><\/em><\/h5>\r\n\r\n\r\n\r\n<h3 class=\"wp-block-heading\">HIMMEL H\u00d6LLE UFERMASCHINE\u00a0 # 2<\/h3>\r\n\r\n\r\n\r\n<h3 class=\"wp-block-heading\"><a href=\"https:\/\/de.wikipedia.org\/wiki\/Friedrich_Schiller\" target=\"_blank\" rel=\"noopener\"><span style=\"color: #000000;\">F. Schiller<\/span><\/a> &#8211; <a href=\"mailto:www.kristof-szabo@gmx.de\" target=\"_blank\" rel=\"noopener\"><span style=\"color: #000000;\">K. Szab\u00f3<\/span><\/a> &#8211; F.A.C.E.-Ensemble<\/h3>\r\n\r\n\r\n\r\n\r\nDauer: 170 Min mit einer Pause | Premiere: M\u00e4rz 2018 | Sprache: Deutsch\r\n\r\n\r\n\r\n\r\n\r\nDauer der Version f\u00fcr Festivals: 90 Minuten mit einer Pause\r\n\r\n\r\n\r\n\r\n<h3 class=\"wp-block-heading\"><span style=\"color: #ff0000;\"><em>nominiert f\u00fcr den K\u00f6lner Theaterpreis 2018<\/em><\/span><\/h3>\r\n\r\n\r\n\r\n\r\nVideo summary (47 minutes, language and subtitles: German)\r\n\r\n\r\n\r\n\r\n<figure class=\"wp-block-embed-vimeo wp-block-embed is-type-rich wp-embed-aspect-16-9 wp-has-aspect-ratio\">\r\n<div class=\"wp-block-embed__wrapper\"><a href=\"https:\/\/vimeo.com\/416899792\" rel=\"nofollow\">https:\/\/vimeo.com\/416899792<\/a><\/div><\/figure>\r\n\r\n\r\n\r\n\r\nSecond part of the staging:\r\n\r\n\r\n\r\n\r\n<figure class=\"wp-block-embed-vimeo wp-block-embed is-type-rich wp-embed-aspect-16-9 wp-has-aspect-ratio\">\r\n<div class=\"wp-block-embed__wrapper\"><a href=\"https:\/\/vimeo.com\/346521202\" rel=\"nofollow\">https:\/\/vimeo.com\/346521202<\/a><\/div><\/figure>\r\n\r\n\r\n\r\n\r\nklicken sie hier f\u00fcr die <a href=\"https:\/\/vimeo.com\/346521202\" target=\"_blank\" rel=\"noopener\">Video-Dokumentation von Teil 2 (nach der Pause)<\/a>\r\n\r\n\r\n\r\n\r\n<h4 class=\"wp-block-heading\">Das Text-Material von Schiller zu Splittern zerschlagen, in Bildern und Szenen die Geschichte neu aufgemacht.<\/h4>\r\n\r\n\r\n\r\n<figure class=\"wp-block-image\"><img data-recalc-dims=\"1\" loading=\"lazy\" decoding=\"async\" width=\"748\" height=\"499\" class=\"wp-image-466\" src=\"https:\/\/i0.wp.com\/faceensemble.com\/wp-content\/uploads\/2018\/05\/f-a-c-e-die-jungfrau-von-orleans-photo-by-mike-kleinen_img_3953_1500.jpg?resize=748%2C499&#038;ssl=1\" alt=\"F.A.C.E. Die Jungfrau von Orleans photo by Mike Kleinen_IMG_3953_1500\" \/><\/figure>\r\n\r\n\r\n\r\n<h6 class=\"wp-block-heading\">Foto <a href=\"https:\/\/faceensemble.com\/team\/mike-kleinen-cv\/\">Mike Kleinen<\/a><\/h6>\r\n\r\n\r\n\r\n\r\nPRESSE:\r\n\r\n\r\n\r\n\r\n\r\n&#8222;Durch die eindringliche Symbolsprache wird immer wieder deutlich, worum es hier wirklich geht: Gut und B\u00f6se, Teufel und Gott werden pr\u00e4sentiert als leere Versprechungen der reinen Lehre, die als Legitimation von Macht und Deutungshoheit herhalten m\u00fcssen. Auch die Zuschauer werden dabei clever in das Spiel eingepflegt und m\u00fcssen nicht nur moralische, sondern auch machtpolitische Fragen beantworten.&#8220; Florian Holler in: Choices online 20.03.2018\r\n\r\n\r\n\r\n\r\n\r\nZum Lesen des Artikels bitte klicken Sie hier: <a href=\"https:\/\/www.choices.de\/in-den-faengen-des-patriarchats\">Vollst\u00e4niger Artikel<\/a>\r\n\r\n\r\n\r\n\r\n<figure class=\"wp-block-image\"><img data-recalc-dims=\"1\" loading=\"lazy\" decoding=\"async\" width=\"748\" height=\"1197\" class=\"wp-image-491\" src=\"https:\/\/i0.wp.com\/faceensemble.com\/wp-content\/uploads\/2018\/05\/354_diejungfrauvonorleans_cmeyer_originals.jpg?resize=748%2C1197&#038;ssl=1\" alt=\"DIE JUNGFRAU VON ORLEANS\" \/><\/figure>\r\n\r\n\r\n\r\n<h6 class=\"wp-block-heading\">Foto <a href=\"https:\/\/www.meyeroriginals.com\/\" target=\"_blank\" rel=\"noopener\">MEYERORIGINALS<\/a><\/h6>\r\n\r\n\r\n\r\n<h4 class=\"wp-block-heading\">Das Ende des Rationalismus &#8211; und der Beginn eines Kampfes um die gute Regierung in einem guten System &#8211; eine Revolution im Namen Gottes.<\/h4>\r\n\r\n\r\n\r\n\r\nPRESSE\r\n\r\n\r\n\r\n\r\n\r\n&#8222;Es ist eine Welt der M\u00e4nner, in der sich in der Orangerie\/Theater im Volksgarten die junge <a href=\"https:\/\/faceensemble.com\/theresia-erfort-cv\/\">Theresia Erfort<\/a> als Hoffnungstr\u00e4gerin zu behaupten hat. Mit kraftvollen, sinnlichen Bildideen auf der B\u00fchne und mit eindrucksvollen Videoinstallationen (<a href=\"https:\/\/3dvideomapping.net\/\" target=\"_blank\" rel=\"noopener\">Iv\u00f3 Kov\u00e1cs<\/a>) etabliert Szab\u00f3 das Geschehen. <a href=\"https:\/\/faceensemble.com\/team\/thomas-krutmann-cv\/\">Thomas Krutmann<\/a> als Thibaut, Dunois und Talbot, sowie <a href=\"https:\/\/faceensemble.com\/maximilian-von-muhlen-cv\/\">Maximilian von M\u00fchlen<\/a> als Bertrand, La Hire und Lionel pr\u00e4sentieren mit eindringlichem K\u00f6rpertheater zwischen pointierter Persiflage und \u00fcberzeichnetem Pathos gleich eine ganze Reihe von m\u00e4nnlichen Archetypen: V\u00e4ter und Kriegsherren, die mal an der Seite der Jungfrau streiten, mal ihr m\u00e4chtig in die Parade fahren. Es sind m\u00e4nnliche Machtspiele, die da zelebriert werden und bei denen die Heldin stets Mittel zum Zweck sein soll.\r\n\r\n\r\n\r\n\r\n\r\nJohannas Kampf um ein eigenes Schicksal in dieser M\u00e4nnerwelt, ihre Verstrickungen in die Schuld des Krieges und das Streben nach Reinheit in einer Zeit des Zynismus, das alles wird hier mit ungebremster Spielfreude zur Sprache gebracht. Dabei mixt Szab\u00f3 souver\u00e4n ikonoklastische Bilderst\u00fcrme mit Elementen der Popkultur. Da treffen die Sex Pistols auf den Madonnenkult und Kathedralen verwandeln sich in Aufmarschorte f\u00fcr Gestalten zwischen Mad Max und Vivian-Westwood-Models.&#8220;\r\n\r\n\r\n\r\n\r\n\r\nNorbert Raffelsiefen in K\u00f6lner Stadt-Anzeiger 05.03.2018\r\n\r\n\r\n\r\n\r\n\r\nZum Lesen des vollst\u00e4ndigen Artikels klicken Sie bitte hier: <a href=\"https:\/\/www.ksta.de\/kultur\/theater-sex-pistols-treffen-auf-madonnenkult-29809782\">vollst\u00e4ndiger Artikel<\/a>\r\n\r\n\r\n\r\n\r\n<figure class=\"wp-block-image\"><img data-recalc-dims=\"1\" loading=\"lazy\" decoding=\"async\" width=\"748\" height=\"499\" class=\"wp-image-468\" src=\"https:\/\/i0.wp.com\/faceensemble.com\/wp-content\/uploads\/2018\/05\/f-ac-e-die-jungfrau-von-orleans-photo-by-mike-kleinen_-img_3942_1500.jpg?resize=748%2C499&#038;ssl=1\" alt=\"F.AC.E. Die Jungfrau von Orleans photo by Mike Kleinen_ IMG_3942_1500\" \/><\/figure>\r\n\r\n\r\n\r\n<h6 class=\"wp-block-heading\">Foto <a href=\"https:\/\/faceensemble.com\/team\/mike-kleinen-cv\/\">Mike Kleinen<\/a><\/h6>\r\n\r\n\r\n\r\n<h4 class=\"wp-block-heading\">Das Heilige &amp; die Gewalt. Die Jungfrau &amp; der Tod. Die Sehnsucht nach Engeln &amp; Die Besudelung des Reinen. Wahn &amp; Vision.<\/h4>\r\n\r\n\r\n\r\n<h4 class=\"wp-block-heading\">Die aktuelle Inszenierung von Krist\u00f3f Szab\u00f3 und dem F.A.C.E. Visual Performing Arts Ensemble bewegt sich an der Schnittstelle von Theater, Tanz, Installation, Mapping- und Projection Art.<\/h4>\r\n\r\n\r\n\r\n<figure class=\"wp-block-image\"><img data-recalc-dims=\"1\" loading=\"lazy\" decoding=\"async\" width=\"748\" height=\"1330\" class=\"wp-image-413\" src=\"https:\/\/i0.wp.com\/faceensemble.com\/wp-content\/uploads\/2017\/11\/s1150220.jpg?resize=748%2C1330&#038;ssl=1\" alt=\"S1150220\" \/><\/figure>\r\n\r\n\r\n\r\n<figure class=\"wp-block-image\"><img data-recalc-dims=\"1\" loading=\"lazy\" decoding=\"async\" width=\"748\" height=\"997\" class=\"wp-image-406\" src=\"https:\/\/i0.wp.com\/faceensemble.com\/wp-content\/uploads\/2017\/11\/schiller-die-jungfrau-von-orleans-by-f-a-c-e-szabc3b3-mixed-media-ensemble-photo-claudia-diaz-marquez_jvo01web.jpg?resize=748%2C997&#038;ssl=1\" alt=\"Schiller Die Jungfrau von Orleans by F.A.C.E. Szab\u00f3 Mixed Media Ensemble photo Claudia Diaz Marquez_JVO01web\" \/><\/figure>\r\n\r\n\r\n\r\n<h6 class=\"wp-block-heading\">Foto <a href=\"http:\/\/www.kristof-szabo.com\/\" target=\"_blank\" rel=\"noopener\">Krist\u00f3f Szab\u00f3<\/a>\u00a0\u00a0\u00a0\u00a0\u00a0\u00a0\u00a0\u00a0\u00a0\u00a0\u00a0\u00a0\u00a0\u00a0\u00a0\u00a0\u00a0\u00a0\u00a0\u00a0\u00a0\u00a0\u00a0\u00a0\u00a0\u00a0\u00a0\u00a0\u00a0\u00a0\u00a0\u00a0\u00a0\u00a0\u00a0\u00a0\u00a0\u00a0\u00a0\u00a0\u00a0\u00a0\u00a0\u00a0\u00a0\u00a0\u00a0\u00a0\u00a0\u00a0\u00a0\u00a0\u00a0\u00a0\u00a0\u00a0\u00a0\u00a0\u00a0\u00a0\u00a0\u00a0\u00a0\u00a0\u00a0\u00a0\u00a0\u00a0 Foto <a href=\"http:\/\/www.claudiadiaz.de\/\" target=\"_blank\" rel=\"noopener\">Claudia Diaz Marquez<\/a><\/h6>\r\n\r\n\r\n\r\n<h4 class=\"wp-block-heading\">Wer war die Heldin JOHANNA von ORLEANS &#8211; und was wollte ihr Vater von ihr? Er zerst\u00f6rte Ihre Zukunft und brachte ihr den Feuertod.<\/h4>\r\n\r\n\r\n\r\n<figure class=\"wp-block-image\"><img data-recalc-dims=\"1\" loading=\"lazy\" decoding=\"async\" width=\"748\" height=\"548\" class=\"wp-image-469\" src=\"https:\/\/i0.wp.com\/faceensemble.com\/wp-content\/uploads\/2018\/05\/010_diejungfrauvonorleans_cmeyer_originals.jpg?resize=748%2C548&#038;ssl=1\" alt=\"DIE JUNGFRAU VON ORLEANS\" \/><\/figure>\r\n\r\n\r\n\r\n<h4 class=\"wp-block-heading\">K\u00f6nig Karl VII. dr\u00e4gte Johanna zu heiraten, die Besten wollten mit der Gotteskriegerin vor den Altar.<\/h4>\r\n\r\n\r\n\r\n<h6 class=\"wp-block-heading\"><img data-recalc-dims=\"1\" loading=\"lazy\" decoding=\"async\" class=\"alignnone size-full wp-image-486\" src=\"https:\/\/i0.wp.com\/faceensemble.com\/wp-content\/uploads\/2018\/05\/265_diejungfrauvonorleans_cmeyer_originals.jpg?resize=748%2C1197&#038;ssl=1\" alt=\"DIE JUNGFRAU VON ORLEANS\" width=\"748\" height=\"1197\" \/><\/h6>\r\n\r\n\r\n\r\n<h4 class=\"wp-block-heading\">Die Geschichte der blutr\u00fcnstigsten Vision\u00e4rin der XXL History neu erz\u00e4hlt:<\/h4>\r\n\r\n\r\n\r\n\r\n<strong>PRESSE:<\/strong>\r\n\r\n\r\n\r\n\r\n\r\n\u201eDas Text-Material von Schiller zu Splittern zerschlagen\u201c war das Ziel von Regisseur Krist\u00f3f Szab\u00f3. Eine frivole und mit starker Bildsprache ausgestattete Interpretation ist das Ergebnis. \u201eDie Jungfrau von Orleans\u201c kann man schwerlich zu den zeitlosen Dramen von Friedrich Schiller z\u00e4hlen. Eine vom heiligen Geist beseelte Gotteskriegerin zieht f\u00fcr K\u00f6nig und Vaterland gegen die Engl\u00e4nder in die Schlacht, um sich kurz darauf der v\u00e4terlichen Autorit\u00e4t unterzuordnen und schlussendlich als M\u00e4rtyrerin f\u00fcr Frankreich zu sterben. Sicherlich: Ein Pl\u00e4doyer f\u00fcr den (damals noch fortschrittlich und liberal geltenden) Nationalstaat. Die g\u00f6ttliche Kriegslust und das dualistische Korsett von Gut und B\u00f6se sorgen aber doch f\u00fcr Irritationen. Krist\u00f3f Szab\u00f3 hat das erkannt und liefert mit seiner dreist\u00fcndigen Inszenierung eine sehr freie Interpretation des Dramas, in der teilweise ganze Akte und Hauptfiguren links liegen gelassen werden, um einer Johanna (<a href=\"https:\/\/faceensemble.com\/theresia-erfort-cv\/\">Theresia Erfort<\/a>) Platz zu machen, die in den Wirren des Krieges um ein St\u00fcck Autonomie k\u00e4mpft. Die wei\u00dfe B\u00fchne dient dabei als Projektionsfl\u00e4che f\u00fcr Installationen und Spielwiese des tanzw\u00fctigen Ensembles. Zum Schl\u00fcsselelement des Kampfes um Macht werden eine Reihe roter B\u00e4nder, die sich mal schlingpflanzenartig um den K\u00f6rper der Hauptfigur zuziehen und sich mal in den H\u00e4nden der nunmehr f\u00e4denziehenden Johanna wiederfinden.&#8220;\u00a0\u00a0\u00a0\u00a0\u00a0\u00a0\u00a0\u00a0\u00a0\u00a0\u00a0\u00a0\u00a0\u00a0\u00a0\u00a0\u00a0\u00a0\u00a0\u00a0\u00a0 Florian Holler in Choices online 29.03.2018\r\n\r\n\r\n\r\n\r\n<figure class=\"wp-block-image\"><img data-recalc-dims=\"1\" loading=\"lazy\" decoding=\"async\" width=\"748\" height=\"548\" class=\"wp-image-482\" src=\"https:\/\/i0.wp.com\/faceensemble.com\/wp-content\/uploads\/2018\/05\/213_diejungfrauvonorleans_cmeyer_originals.jpg?resize=748%2C548&#038;ssl=1\" alt=\"DIE JUNGFRAU VON ORLEANS\" \/><\/figure>\r\n\r\n\r\n\r\n<h4 class=\"wp-block-heading\">Kann es in einem schlechten System eine gute Regierung geben? Wer daran glaubt, vergie\u00dft das Blut des Feindes mit strahlenden Augen.<\/h4>\r\n\r\n\r\n\r\n<h6 class=\"wp-block-heading\"><img data-recalc-dims=\"1\" loading=\"lazy\" decoding=\"async\" class=\"alignnone size-full wp-image-494\" src=\"https:\/\/i0.wp.com\/faceensemble.com\/wp-content\/uploads\/2018\/05\/409_diejungfrauvonorleans_cmeyer_originals.jpg?resize=748%2C548&#038;ssl=1\" alt=\"DIE JUNGFRAU VON ORLEANS\" width=\"748\" height=\"548\" \/><\/h6>\r\n\r\n\r\n\r\n<h4 class=\"wp-block-heading\">In der Schlacht schreien schwarze Lippen den Namen Gottes an den Himmel.<\/h4>\r\n\r\n\r\n\r\n<figure class=\"wp-block-image\"><img data-recalc-dims=\"1\" loading=\"lazy\" decoding=\"async\" width=\"748\" height=\"1197\" class=\"wp-image-478\" src=\"https:\/\/i0.wp.com\/faceensemble.com\/wp-content\/uploads\/2018\/05\/165_diejungfrauvonorleans_cmeyer_originals.jpg?resize=748%2C1197&#038;ssl=1\" alt=\"DIE JUNGFRAU VON ORLEANS\" \/><\/figure>\r\n\r\n\r\n\r\n<h4 class=\"wp-block-heading\"><strong>Mit:<\/strong>\u00a0\u00a0\u00a0\u00a0 <a href=\"https:\/\/faceensemble.com\/theresia-erfort-cv\/\">Theresia Erfort<\/a>, <a href=\"https:\/\/faceensemble.com\/team\/thomas-krutmann-cv\/\">Thomas Krutmann<\/a>, <a href=\"https:\/\/faceensemble.com\/team\/ursula-wusthof-cv\/\">Ursula W\u00fcsthof<\/a>, <a href=\"https:\/\/faceensemble.com\/maximilian-von-muhlen-cv\/\">Maximilian von M\u00fchlen<\/a>, <a href=\"https:\/\/faceensemble.com\/cornelius-engemann-cv\/\">Cornelius Engemann<\/a>, <a href=\"https:\/\/faceensemble.com\/celine-oberloher-cv\/\">C\u00e9line Oberloher<\/a>, <a href=\"https:\/\/faceensemble.com\/boschinawacv\/\">BoshiNawa<\/a>, <a href=\"https:\/\/faceensemble.com\/ivan-zilli-cv\/\">Ivan Zilli<\/a><\/h4>\r\n\r\n\r\n\r\n<h4 class=\"wp-block-heading\">Off-Simmen: <a href=\"https:\/\/faceensemble.com\/team\/mike-kleinen-cv\/\">Mike Kleinen<\/a>, Nadine Mooren<\/h4>\r\n\r\n\r\n\r\n<figure class=\"wp-block-image\"><img data-recalc-dims=\"1\" loading=\"lazy\" decoding=\"async\" width=\"748\" height=\"548\" class=\"wp-image-480\" src=\"https:\/\/i0.wp.com\/faceensemble.com\/wp-content\/uploads\/2018\/05\/191_diejungfrauvonorleans_cmeyer_originals.jpg?resize=748%2C548&#038;ssl=1\" alt=\"DIE JUNGFRAU VON ORLEANS\" \/><\/figure>\r\n\r\n\r\n\r\n<h3 class=\"wp-block-heading\">Presse-Fotografie: <a href=\"http:\/\/www.claudiadiaz.de\/\" target=\"_blank\" rel=\"noopener\"><span style=\"color: #0000ff;\">Claudia Diaz Marquez<\/span><\/a> | <span style=\"color: #99cc00;\"><a style=\"color: #99cc00;\" href=\"https:\/\/www.meyeroriginals.com\/\" target=\"_blank\" rel=\"noopener\">MEYERORIGINALS<\/a><\/span> <a href=\"https:\/\/faceensemble.com\/team\/mike-kleinen-cv\/\">| <span style=\"color: #ff6600;\">Mike Kleinen<\/span><\/a><\/h3>\r\n\r\n\r\n\r\n<h3 class=\"wp-block-heading\">Layout: Klaus A. Burth<\/h3>\r\n\r\n\r\n\r\n<h3 class=\"wp-block-heading\">PR: Mechtild Tellmann Management<\/h3>\r\n\r\n\r\n\r\n<h3 class=\"wp-block-heading\">Licht: <a href=\"https:\/\/faceensemble.com\/team\/garlef-kesler-cv\/\">Garlef Ke\u00dfler<\/a><\/h3>\r\n\r\n\r\n\r\n<h2 class=\"wp-block-heading\"><\/h2>\r\n\r\n\r\n\r\n<h2 class=\"wp-block-heading\">Projection-Art &amp; Mapping: <a href=\"https:\/\/3dvideomapping.net\/\" target=\"_blank\" rel=\"noopener\"><span style=\"color: #ff0000;\">Iv\u00f3 Kov\u00e1cs<\/span><\/a><\/h2>\r\n\r\n\r\n\r\n<figure class=\"wp-block-image\"><img data-recalc-dims=\"1\" loading=\"lazy\" decoding=\"async\" width=\"748\" height=\"549\" class=\"wp-image-481\" src=\"https:\/\/i0.wp.com\/faceensemble.com\/wp-content\/uploads\/2018\/05\/206_diejungfrauvonorleans_cmeyer_originals.jpg?resize=748%2C549&#038;ssl=1\" alt=\"DIE JUNGFRAU VON ORLEANS\" \/><\/figure>\r\n\r\n\r\n\r\n<h2 class=\"wp-block-heading\">Texte:<\/h2>\r\n\r\n\r\n\r\n<h4 class=\"wp-block-heading\"><a href=\"https:\/\/en.wikipedia.org\/wiki\/Friedrich_Schiller\" target=\"_blank\" rel=\"noopener\"><span style=\"color: #000000;\">Friedrich Schiller<\/span><\/a><span style=\"color: #000000;\">,<\/span> <a href=\"https:\/\/en.wikipedia.org\/wiki\/Paul_Celan\" target=\"_blank\" rel=\"noopener\"><span style=\"color: #000000;\">Paul Celan<\/span><\/a>, <span style=\"color: #000000;\"><a style=\"color: #000000;\" href=\"https:\/\/en.wikipedia.org\/wiki\/Giuseppe_Ungaretti\" target=\"_blank\" rel=\"noopener\">Giuseppe Ungaretti<\/a><\/span> sowie Krist\u00f3f Szab\u00f3 (Szene Talbot 1 Krist\u00f3f Szab\u00f3 &#8211; <a href=\"https:\/\/faceensemble.com\/team\/thomas-krutmann-cv\/\">Thomas Krutmann<\/a>)<\/h4>\r\n\r\n\r\n\r\n<h4 class=\"wp-block-heading\">Regieassistenz: <a href=\"https:\/\/faceensemble.com\/celine-oberloher-cv\/\">C\u00e9line Oberloher<\/a><\/h4>\r\n\r\n\r\n\r\n<h4 class=\"wp-block-heading\">Kost\u00fcm B\u00fchnenbild Dramaturgie Regie: <a href=\"https:\/\/faceensemble.com\/team\/kristof-szabo-cv\/\">Krist\u00f3f Szab\u00f3<\/a><\/h4>\r\n\r\n\r\n\r\n<h6 class=\"wp-block-heading\"><img data-recalc-dims=\"1\" loading=\"lazy\" decoding=\"async\" class=\"alignnone size-full wp-image-569\" src=\"https:\/\/i0.wp.com\/faceensemble.com\/wp-content\/uploads\/2018\/07\/img_3797_1500.jpg?resize=748%2C499&#038;ssl=1\" alt=\"IMG_3797_1500\" width=\"748\" height=\"499\" \/><\/h6>\r\n\r\n\r\n\r\n<h6 class=\"wp-block-heading\">Foto <a href=\"https:\/\/faceensemble.com\/team\/mike-kleinen-cv\/\">Mike Kleinen<\/a><\/h6>\r\n\r\n\r\n\r\n<h6 class=\"wp-block-heading\"><img data-recalc-dims=\"1\" loading=\"lazy\" decoding=\"async\" class=\"alignnone size-full wp-image-493\" src=\"https:\/\/i0.wp.com\/faceensemble.com\/wp-content\/uploads\/2018\/05\/402_diejungfrauvonorleans_cmeyer_originals.jpg?resize=748%2C1197&#038;ssl=1\" alt=\"DIE JUNGFRAU VON ORLEANS\" width=\"748\" height=\"1197\" \/><\/h6>\r\n\r\n\r\n\r\n<h6 class=\"wp-block-heading\">\u00a0Foto <a href=\"https:\/\/www.meyeroriginals.com\/\" target=\"_blank\" rel=\"noopener\">MEYERORIGINALS<\/a><\/h6>\r\n\r\n\r\n\r\n<figure class=\"wp-block-image\"><img data-recalc-dims=\"1\" loading=\"lazy\" decoding=\"async\" width=\"748\" height=\"561\" class=\"wp-image-407\" src=\"https:\/\/i0.wp.com\/faceensemble.com\/wp-content\/uploads\/2017\/11\/schiller-die-jungfrau-von-orleans-by-f-a-c-e-szabc3b3-mixed-media-ensemble-photo-claudia-diaz-marquez_jvo04web.jpg?resize=748%2C561&#038;ssl=1\" alt=\"Schiller Die Jungfrau von Orleans by F.A.C.E. Szab\u00f3 Mixed Media Ensemble photo Claudia Diaz Marquez_JVO04web\" \/><\/figure>\r\n\r\n\r\n\r\n<h6 class=\"wp-block-heading\">Foto <a href=\"http:\/\/www.claudiadiaz.de\/\" target=\"_blank\" rel=\"noopener\">Claudia Diaz Marquez<\/a><\/h6>\r\n","protected":false},"excerpt":{"rendered":"<p>The English version is not finished yet. HIMMEL H\u00d6LLE UFERMASCHINE\u00a0 # 2 F. Schiller &#8211; K. Szab\u00f3 &#8211; F.A.C.E.-Ensemble Dauer: 170 Min mit einer Pause | Premiere: M\u00e4rz 2018 | Sprache: Deutsch Dauer der Version f\u00fcr Festivals: 90 Minuten mit einer Pause nominiert f\u00fcr den K\u00f6lner Theaterpreis 2018 Video summary (47 minutes, language and subtitles: &hellip; <a class=\"more-link\" href=\"https:\/\/faceensemble.com\/de\/die-jungfrau-von-orleans\/\">Mehr <span class=\"screen-reader-text\">DIE JUNGFRAU VON ORLEANS<\/span><\/a><\/p>\n","protected":false},"author":12093239,"featured_media":0,"parent":0,"menu_order":0,"comment_status":"closed","ping_status":"closed","template":"","meta":{"_coblocks_attr":"","_coblocks_dimensions":"","_coblocks_responsive_height":"","_coblocks_accordion_ie_support":"","advanced_seo_description":"","jetpack_seo_html_title":"","jetpack_seo_noindex":false,"jetpack_seo_schema_type":"","_wpcom_ai_launchpad_about_page":false,"_wpcom_ai_launchpad_gallery_page":false,"_wpcom_ai_launchpad_contact_page":false,"_wpcom_ai_launchpad_events_page":false,"_wpcom_ai_launchpad_video_page":false,"_wpcom_ai_launchpad_portfolio_piece":false,"footnotes":""},"tags":[],"class_list":["post-5307","page","type-page","status-publish","hentry"],"jetpack_likes_enabled":true,"jetpack_sharing_enabled":true,"jetpack_shortlink":"https:\/\/wp.me\/P7OOTK-1nB","jetpack-related-posts":[{"id":356,"url":"https:\/\/faceensemble.com\/die-jungfrau-von-orleans\/","url_meta":{"origin":5307,"position":0},"title":"DIE JUNGFRAU VON ORLEANS","author":"ivo3d","date":"14. Oktober 2017","format":false,"excerpt":"The English version is not finished yet. HIMMEL H\u00d6LLE UFERMASCHINE\u00a0 # 2 F. Schiller - K. Szab\u00f3 - F.A.C.E.-Ensemble Dauer: 170 Min mit einer Pause | Premiere: M\u00e4rz 2018 | Sprache: Deutsch Dauer der Version f\u00fcr Festivals: 90 Minuten mit einer Pause nominiert f\u00fcr den K\u00f6lner Theaterpreis 2018 Video summary\u2026","rel":"","context":"In \"DIE JUNGFRAU VON ORLEANS\"","block_context":{"text":"DIE JUNGFRAU VON ORLEANS","link":"https:\/\/faceensemble.com\/tag\/die-jungfrau-von-orleans\/"},"img":{"alt_text":"","src":"https:\/\/i0.wp.com\/faceensemble.com\/wp-content\/uploads\/2018\/05\/f-a-c-e-die-jungfrau-von-orleans-photo-by-mike-kleinen_img_3953_1500.jpg?resize=350%2C200&ssl=1","width":350,"height":200,"srcset":"https:\/\/i0.wp.com\/faceensemble.com\/wp-content\/uploads\/2018\/05\/f-a-c-e-die-jungfrau-von-orleans-photo-by-mike-kleinen_img_3953_1500.jpg?resize=350%2C200&ssl=1 1x, https:\/\/i0.wp.com\/faceensemble.com\/wp-content\/uploads\/2018\/05\/f-a-c-e-die-jungfrau-von-orleans-photo-by-mike-kleinen_img_3953_1500.jpg?resize=525%2C300&ssl=1 1.5x, https:\/\/i0.wp.com\/faceensemble.com\/wp-content\/uploads\/2018\/05\/f-a-c-e-die-jungfrau-von-orleans-photo-by-mike-kleinen_img_3953_1500.jpg?resize=700%2C400&ssl=1 2x, https:\/\/i0.wp.com\/faceensemble.com\/wp-content\/uploads\/2018\/05\/f-a-c-e-die-jungfrau-von-orleans-photo-by-mike-kleinen_img_3953_1500.jpg?resize=1050%2C600&ssl=1 3x, https:\/\/i0.wp.com\/faceensemble.com\/wp-content\/uploads\/2018\/05\/f-a-c-e-die-jungfrau-von-orleans-photo-by-mike-kleinen_img_3953_1500.jpg?resize=1400%2C800&ssl=1 4x"},"classes":[]},{"id":5369,"url":"https:\/\/faceensemble.com\/de\/hairy-der-maskierte-friseur\/","url_meta":{"origin":5307,"position":1},"title":"HAIRY &#8211; Der maskierte Friseur","author":"567cool","date":"29. August 2020","format":false,"excerpt":"Tanztheater mit Adri\u00e1n Castell\u00f3 CV und Laura Leora Witzleben Video-Projection Art by Iv\u00f3 Kov\u00e1cs CV | Electronic Sound-Landscapes by Xes\u00fas Valle und @c Video-Dokumentation (30 Minuten) https:\/\/vimeo.com\/485084889 Foto Mike Kleinen \/ Stagemoments PRESSE von Thomas Linden \/ K\u00f6lnische Rundschau \u201cDer Gang zum Friseur glich in diesem Fr\u00fchjahr einer Mutprobe der\u2026","rel":"","context":"\u00c4hnlicher Beitrag","block_context":{"text":"\u00c4hnlicher Beitrag","link":""},"img":{"alt_text":"","src":"https:\/\/i0.wp.com\/faceensemble.com\/wp-content\/uploads\/2020\/06\/k.-szabc3b3-f.a.c.e.-hairy-foto-mike-kleinen-dsc_1845_2100.jpg?resize=350%2C200&ssl=1","width":350,"height":200,"srcset":"https:\/\/i0.wp.com\/faceensemble.com\/wp-content\/uploads\/2020\/06\/k.-szabc3b3-f.a.c.e.-hairy-foto-mike-kleinen-dsc_1845_2100.jpg?resize=350%2C200&ssl=1 1x, https:\/\/i0.wp.com\/faceensemble.com\/wp-content\/uploads\/2020\/06\/k.-szabc3b3-f.a.c.e.-hairy-foto-mike-kleinen-dsc_1845_2100.jpg?resize=525%2C300&ssl=1 1.5x, https:\/\/i0.wp.com\/faceensemble.com\/wp-content\/uploads\/2020\/06\/k.-szabc3b3-f.a.c.e.-hairy-foto-mike-kleinen-dsc_1845_2100.jpg?resize=700%2C400&ssl=1 2x, https:\/\/i0.wp.com\/faceensemble.com\/wp-content\/uploads\/2020\/06\/k.-szabc3b3-f.a.c.e.-hairy-foto-mike-kleinen-dsc_1845_2100.jpg?resize=1050%2C600&ssl=1 3x, https:\/\/i0.wp.com\/faceensemble.com\/wp-content\/uploads\/2020\/06\/k.-szabc3b3-f.a.c.e.-hairy-foto-mike-kleinen-dsc_1845_2100.jpg?resize=1400%2C800&ssl=1 4x"},"classes":[]},{"id":2207,"url":"https:\/\/faceensemble.com\/hairy-der-maskierte-friseur\/","url_meta":{"origin":5307,"position":2},"title":"HAIRY &#8211; Der maskierte Friseur","author":"567cool","date":"29. August 2020","format":false,"excerpt":"Tanztheater mit Adri\u00e1n Castell\u00f3 CV und Laura Leora Witzleben Video-Projection Art by Iv\u00f3 Kov\u00e1cs CV | Electronic Sound-Landscapes by Xes\u00fas Valle und @c Video-Dokumentation (30 Minuten) https:\/\/vimeo.com\/485084889 Foto Mike Kleinen \/ Stagemoments PRESSE von Thomas Linden \/ K\u00f6lnische Rundschau \u201cDer Gang zum Friseur glich in diesem Fr\u00fchjahr einer Mutprobe der\u2026","rel":"","context":"\u00c4hnlicher Beitrag","block_context":{"text":"\u00c4hnlicher Beitrag","link":""},"img":{"alt_text":"","src":"https:\/\/i0.wp.com\/faceensemble.com\/wp-content\/uploads\/2020\/06\/k.-szabc3b3-f.a.c.e.-hairy-foto-mike-kleinen-dsc_1845_2100.jpg?resize=350%2C200&ssl=1","width":350,"height":200,"srcset":"https:\/\/i0.wp.com\/faceensemble.com\/wp-content\/uploads\/2020\/06\/k.-szabc3b3-f.a.c.e.-hairy-foto-mike-kleinen-dsc_1845_2100.jpg?resize=350%2C200&ssl=1 1x, https:\/\/i0.wp.com\/faceensemble.com\/wp-content\/uploads\/2020\/06\/k.-szabc3b3-f.a.c.e.-hairy-foto-mike-kleinen-dsc_1845_2100.jpg?resize=525%2C300&ssl=1 1.5x, https:\/\/i0.wp.com\/faceensemble.com\/wp-content\/uploads\/2020\/06\/k.-szabc3b3-f.a.c.e.-hairy-foto-mike-kleinen-dsc_1845_2100.jpg?resize=700%2C400&ssl=1 2x, https:\/\/i0.wp.com\/faceensemble.com\/wp-content\/uploads\/2020\/06\/k.-szabc3b3-f.a.c.e.-hairy-foto-mike-kleinen-dsc_1845_2100.jpg?resize=1050%2C600&ssl=1 3x, https:\/\/i0.wp.com\/faceensemble.com\/wp-content\/uploads\/2020\/06\/k.-szabc3b3-f.a.c.e.-hairy-foto-mike-kleinen-dsc_1845_2100.jpg?resize=1400%2C800&ssl=1 4x"},"classes":[]},{"id":5341,"url":"https:\/\/faceensemble.com\/de\/medea\/","url_meta":{"origin":5307,"position":3},"title":"MEDEA","author":"567cool","date":"12. Juli 2019","format":false,"excerpt":"https:\/\/vimeo.com\/363406070 Die Geschichte einer Scheidung Text Euripides | MEDEA Johanna May | Projection-Video-Art\u00a0Iv\u00f3 Kov\u00e1cs Dauer\/duration: 55 minutes showreel of the ensemble: \u00a0F.A.C.E. Ensemble 2019 showreel (3 Min.)\u00a0 https:\/\/vimeo.com\/337740936 Medea verr\u00e4t ihren Vater, t\u00f6tet ihren Bruder und flieht mit Jason, ihrem zuk\u00fcnftigen Ehemann nach Europa. Sie bekommen zwei Kinder. Jason verl\u00e4sst\u2026","rel":"","context":"\u00c4hnlicher Beitrag","block_context":{"text":"\u00c4hnlicher Beitrag","link":""},"img":{"alt_text":"","src":"https:\/\/i0.wp.com\/faceensemble.com\/wp-content\/uploads\/2019\/09\/145_medea_cmeyer_originals.jpg?resize=350%2C200&ssl=1","width":350,"height":200,"srcset":"https:\/\/i0.wp.com\/faceensemble.com\/wp-content\/uploads\/2019\/09\/145_medea_cmeyer_originals.jpg?resize=350%2C200&ssl=1 1x, https:\/\/i0.wp.com\/faceensemble.com\/wp-content\/uploads\/2019\/09\/145_medea_cmeyer_originals.jpg?resize=525%2C300&ssl=1 1.5x, https:\/\/i0.wp.com\/faceensemble.com\/wp-content\/uploads\/2019\/09\/145_medea_cmeyer_originals.jpg?resize=700%2C400&ssl=1 2x, https:\/\/i0.wp.com\/faceensemble.com\/wp-content\/uploads\/2019\/09\/145_medea_cmeyer_originals.jpg?resize=1050%2C600&ssl=1 3x, https:\/\/i0.wp.com\/faceensemble.com\/wp-content\/uploads\/2019\/09\/145_medea_cmeyer_originals.jpg?resize=1400%2C800&ssl=1 4x"},"classes":[]},{"id":1336,"url":"https:\/\/faceensemble.com\/medea-2\/","url_meta":{"origin":5307,"position":4},"title":"MEDEA","author":"567cool","date":"12. Juli 2019","format":false,"excerpt":"https:\/\/vimeo.com\/363406070 Die Geschichte einer Scheidung Text Euripides | MEDEA Johanna May | Projection-Video-Art\u00a0Iv\u00f3 Kov\u00e1cs Dauer\/duration: 55 minutes showreel of the ensemble: \u00a0F.A.C.E. Ensemble 2019 showreel (3 Min.)\u00a0 https:\/\/vimeo.com\/337740936 Medea verr\u00e4t ihren Vater, t\u00f6tet ihren Bruder und flieht mit Jason, ihrem zuk\u00fcnftigen Ehemann nach Europa. Sie bekommen zwei Kinder. Jason verl\u00e4sst\u2026","rel":"","context":"\u00c4hnlicher Beitrag","block_context":{"text":"\u00c4hnlicher Beitrag","link":""},"img":{"alt_text":"","src":"https:\/\/i0.wp.com\/faceensemble.com\/wp-content\/uploads\/2019\/09\/115_medea_cmeyer_originals.jpg?resize=350%2C200&ssl=1","width":350,"height":200,"srcset":"https:\/\/i0.wp.com\/faceensemble.com\/wp-content\/uploads\/2019\/09\/115_medea_cmeyer_originals.jpg?resize=350%2C200&ssl=1 1x, https:\/\/i0.wp.com\/faceensemble.com\/wp-content\/uploads\/2019\/09\/115_medea_cmeyer_originals.jpg?resize=525%2C300&ssl=1 1.5x, https:\/\/i0.wp.com\/faceensemble.com\/wp-content\/uploads\/2019\/09\/115_medea_cmeyer_originals.jpg?resize=700%2C400&ssl=1 2x, https:\/\/i0.wp.com\/faceensemble.com\/wp-content\/uploads\/2019\/09\/115_medea_cmeyer_originals.jpg?resize=1050%2C600&ssl=1 3x, https:\/\/i0.wp.com\/faceensemble.com\/wp-content\/uploads\/2019\/09\/115_medea_cmeyer_originals.jpg?resize=1400%2C800&ssl=1 4x"},"classes":[]},{"id":5258,"url":"https:\/\/faceensemble.com\/actual\/","url_meta":{"origin":5307,"position":5},"title":"What&#8217;s NEW","author":"ivo3d","date":"19. August 2016","format":false,"excerpt":"actual dates of f.a.c.e. ensemble plays or shows","rel":"","context":"\u00c4hnlicher Beitrag","block_context":{"text":"\u00c4hnlicher Beitrag","link":""},"img":{"alt_text":"","src":"https:\/\/i0.wp.com\/faceensemble.com\/wp-content\/uploads\/2023\/10\/dscf0379_territorium_1.jpg?resize=350%2C200&ssl=1","width":350,"height":200,"srcset":"https:\/\/i0.wp.com\/faceensemble.com\/wp-content\/uploads\/2023\/10\/dscf0379_territorium_1.jpg?resize=350%2C200&ssl=1 1x, https:\/\/i0.wp.com\/faceensemble.com\/wp-content\/uploads\/2023\/10\/dscf0379_territorium_1.jpg?resize=525%2C300&ssl=1 1.5x, https:\/\/i0.wp.com\/faceensemble.com\/wp-content\/uploads\/2023\/10\/dscf0379_territorium_1.jpg?resize=700%2C400&ssl=1 2x, https:\/\/i0.wp.com\/faceensemble.com\/wp-content\/uploads\/2023\/10\/dscf0379_territorium_1.jpg?resize=1050%2C600&ssl=1 3x, https:\/\/i0.wp.com\/faceensemble.com\/wp-content\/uploads\/2023\/10\/dscf0379_territorium_1.jpg?resize=1400%2C800&ssl=1 4x"},"classes":[]}],"_links":{"self":[{"href":"https:\/\/faceensemble.com\/de\/wp-json\/wp\/v2\/pages\/5307","targetHints":{"allow":["GET"]}}],"collection":[{"href":"https:\/\/faceensemble.com\/de\/wp-json\/wp\/v2\/pages"}],"about":[{"href":"https:\/\/faceensemble.com\/de\/wp-json\/wp\/v2\/types\/page"}],"author":[{"embeddable":true,"href":"https:\/\/faceensemble.com\/de\/wp-json\/wp\/v2\/users\/12093239"}],"replies":[{"embeddable":true,"href":"https:\/\/faceensemble.com\/de\/wp-json\/wp\/v2\/comments?post=5307"}],"version-history":[{"count":1,"href":"https:\/\/faceensemble.com\/de\/wp-json\/wp\/v2\/pages\/5307\/revisions"}],"predecessor-version":[{"id":5308,"href":"https:\/\/faceensemble.com\/de\/wp-json\/wp\/v2\/pages\/5307\/revisions\/5308"}],"wp:attachment":[{"href":"https:\/\/faceensemble.com\/de\/wp-json\/wp\/v2\/media?parent=5307"}],"wp:term":[{"taxonomy":"post_tag","embeddable":true,"href":"https:\/\/faceensemble.com\/de\/wp-json\/wp\/v2\/tags?post=5307"}],"curies":[{"name":"wp","href":"https:\/\/api.w.org\/{rel}","templated":true}]}}