{"id":5329,"date":"2019-01-03T18:01:45","date_gmt":"2019-01-03T18:01:45","guid":{"rendered":"https:\/\/faceensemble.com\/?page_id=5329"},"modified":"2024-11-15T15:29:03","modified_gmt":"2024-11-15T15:29:03","slug":"julia-karl-cv","status":"publish","type":"page","link":"https:\/\/faceensemble.com\/de\/julia-karl-cv\/","title":{"rendered":"Julia Karl CV"},"content":{"rendered":"<div><img data-recalc-dims=\"1\" loading=\"lazy\" decoding=\"async\" class=\"alignnone  wp-image-1130\" src=\"https:\/\/i0.wp.com\/faceensemble.com\/wp-content\/uploads\/2019\/01\/julia_karl_0319_1359219155_3383.jpg?resize=237%2C158&#038;ssl=1\" alt=\"julia_karl_0319_1359219155_3383\" width=\"237\" height=\"158\" \/><\/div>\n<div>\n<div><\/div>\n<div><b>seit September 2018 \u200b<\/b><\/div>\n<div><b>Management \/ \u00d6ffentlichkeitsarbeit \/ Social Media \u200b<\/b><\/div>\n<div><b>f\u00fcr Krist\u00f3f Szab\u00f3 \/ F.A.C.E. &#8211; Visual Performing Arts\u200b<\/b><\/div>\n<div><b>\u200b<\/b><\/div>\n<div><b>2012 &#8211; 2017<\/b>\u200b<\/div>\n<div>Assistenz der k\u00fcntlerischen Leitung des THEATER TIEFROT K\u00d6LN\u200b<\/div>\n<div>\u200b<\/div>\n<div>2009 &#8211; heute<\/div>\n<div><b>THEATER \/ SCHAUSPIEL\u200b (Auszug)<br \/>\n<\/b><\/div>\n<div>\u200b<\/div>\n<div>2018 &#8222;Torquato Tasso&#8220; \/ J. W. von Goethe\u200b<\/div>\n<div>Rolle: Eleonore Sanvitale\u200b<\/div>\n<div>Regie: Volker Lippmann THEATER TIEFROT K\u00d6LN\u200b<\/div>\n<div>\u200b<\/div>\n<div>2018 &#8222;Die Geschichte von den Pandab\u00e4ren&#8220; \/ Matei Visniec\u200b<\/div>\n<div>Rolle: SIE\u200b<\/div>\n<div>Regie: Ali Jalaly THEATER TIEFROT K\u00d6LN\u200b<\/div>\n<div>\u00a0\u200b<\/div>\n<div>2017 &#8222;Der Salsak\u00f6nig&#8220; &#8211; Eine Genderkom\u00f6die \/ Klaus Wirbitzky\u200b<\/div>\n<div>Rolle: Yvonne \u00d6zt\u00fcrk Blume\u200b<\/div>\n<div>Regie: Klaus Wirbitzky THEATER TIEFROT K\u00d6LN\u200b<\/div>\n<div>\u00a0\u200b<\/div>\n<div>2017 &#8222;Romeo &amp; Julia&#8220; \/ William Shakespeare\u200b<\/div>\n<div>Rolle: Mercutio\u200b<\/div>\n<div>Regie: Volker Lippmann THEATER TIEFROT K\u00d6LN\u200b<\/div>\n<div>\u00a0\u200b<\/div>\n<div>2016 \/ 2017 &#8222;Don Camillo &amp; Peppone&#8220; \/ Gerold Theobalt, nach G.Guareschi\u200b<\/div>\n<div>Rollen: Ariana &amp; Signorina Christina\u200b<\/div>\n<div>Regie: Volker Lippmann THEATER TIEFROT K\u00d6LN \/ KLEINES THEATER BONN \/\u200b<\/div>\n<div>\u00a0BAD GOEDESBERG\u200b<\/div>\n<div>\u200b<\/div>\n<div>2016 \/ 2017 &#8222;FAUST I&#8220; \/ Johann Wolfgang von Goethe\u200b<\/div>\n<div>Rolle: Mephisto\u200b<\/div>\n<div>Regie: Volker Lippmann THEATER TIEFROT K\u00d6LN\u200b<\/div>\n<div>\u200b<\/div>\n<div>2015 &#8222;Der Letzte der feurigen Liebhaber&#8220; \/ Neil Simon\u200b<\/div>\n<div>Rolle: Elaine Navazzio\u200b<\/div>\n<div>Regie: Joseph Vicaire\u200b<\/div>\n<div>\u200b<\/div>\n<div>2014-2015 &#8222;Macbeth&#8220; \/ William Shakespeare \u00a0 \u00a0 \u00a0 \u00a0 \u00a0\u200b<\/div>\n<div>Rolle: Lady Macbeth \u00a0 \u00a0 \u00a0 \u00a0 \u00a0 \u00a0 \u00a0 \u00a0 \u00a0 \u00a0 \u00a0 \u00a0 \u00a0 \u00a0 \u00a0 \u00a0 \u200b<\/div>\n<div>Regie: Volker Lippmann THEATER TIEFROT K\u00d6LN\u200b<\/div>\n<div>\u200b<\/div>\n<div>2014 &#8222;SEESCHLACHT&#8220; \/ Reinhard G\u00f6ring \u00a0 \u00a0 \u00a0 \u00a0 \u00a0 \u00a0 \u00a0 \u00a0 \u00a0 \u00a0 \u00a0 \u00a0 \u00a0 \u00a0 \u00a0 \u00a0 \u00a0 \u00a0 \u00a0 \u00a0 \u00a0 \u00a0 \u00a0 \u00a0 \u00a0 \u00a0 \u00a0 \u00a0 \u00a0 \u00a0 \u200b<\/div>\n<div>Rolle: \u00a0F\u00fcnfter Matrose (HR) \u00a0 \u00a0 \u00a0 \u00a0 \u00a0 \u00a0 \u00a0 \u00a0 \u00a0 \u00a0 \u00a0 \u00a0 \u00a0 \u00a0 \u00a0 \u00a0 \u00a0 \u00a0 \u00a0 \u00a0 \u00a0 \u00a0 \u00a0 \u00a0 \u00a0 \u00a0 \u00a0 \u00a0 \u00a0 \u00a0 \u00a0 \u00a0 \u00a0 \u00a0 \u00a0 \u200b<\/div>\n<div>(nominiert f\u00fcr den K\u00f6lner Theaterpreis 2014 \u00a0&amp; \u00a0Kurt Hackenberg Preis 2014) \u00a0 \u00a0 \u00a0 \u00a0\u200b<\/div>\n<div>\u00a0Regie: Volker Lippmann THEATER TIEFROT K\u00d6LN\u200b<\/div>\n<div>\u00a0\u200b<\/div>\n<div>2013 &#8222;Jedermann&#8220; \/ Hugo v. Hoffmansthal \u00a0 \u00a0 \u00a0 \u00a0 \u00a0 \u00a0 \u00a0 \u00a0 \u00a0 \u00a0 \u00a0 \u00a0 \u00a0 \u00a0 \u00a0 \u00a0 \u00a0 \u00a0 \u00a0 \u00a0 \u00a0 \u00a0 \u00a0 \u00a0 \u00a0 \u00a0 \u00a0 \u00a0 \u00a0 \u00a0\u200b<\/div>\n<div>Rolle: Buhlschaft (zweite Besetzung) &amp; Gesangskombo \u00a0 \u00a0 \u00a0 \u00a0 \u00a0 \u00a0 \u00a0 \u00a0 \u00a0 \u00a0 \u00a0 \u00a0 \u00a0 \u00a0 \u00a0 \u00a0 \u00a0 \u00a0 \u00a0 \u00a0 \u00a0 \u00a0\u200b<\/div>\n<div>Regie: Stefan Krause NEUESSCHAUSPIELK\u00d6LN\u200b<\/div>\n<div>Sommertheater 2013 \u00a0im Hotel Hopper St. Antonius (OPEN AIR)\u200b<\/div>\n<div>\u200b<\/div>\n<div>2011 &#8222;Room Service 12\u201c \u00a0 \u00a0 \u00a0 \u00a0 \u00a0 \u00a0 \u00a0 \u00a0 \u00a0 \u00a0 \u00a0 \u00a0 \u00a0 \u00a0 \u00a0 \u00a0 \u00a0 \u00a0 \u00a0 \u00a0 \u00a0 \u00a0 \u00a0 \u00a0 \u00a0 \u00a0 \u00a0 \u00a0 \u00a0 \u00a0 \u00a0 \u00a0 \u00a0 \u00a0 \u00a0 \u00a0 \u00a0 \u00a0 \u00a0 \u00a0 \u00a0 \u00a0 \u00a0 \u00a0 \u00a0 \u00a0 \u200b<\/div>\n<div>Rolle: Klofrau Christel aus Hessen \u00a0 \u00a0 \u00a0 \u00a0 \u00a0 \u00a0 \u00a0 \u00a0 \u00a0 \u00a0 \u00a0 \u00a0 \u00a0 \u00a0 \u00a0 \u00a0 \u00a0 \u00a0 \u00a0 \u00a0 \u00a0 \u00a0 \u00a0 \u00a0 \u00a0 \u00a0 \u00a0 \u00a0 \u00a0 \u00a0 \u00a0 \u00a0 \u00a0 \u00a0 \u00a0 \u00a0 \u00a0 \u00a0 \u00a0 \u00a0 \u00a0 \u00a0\u200b<\/div>\n<div>Regie: Gregor Weber \/ KUNSTHAUS RHENANIA K\u00d6LN \u00a0 \u00a0 \u00a0 \u00a0 \u00a0 \u00a0 \u00a0 \u00a0 \u00a0 \u00a0\u200b<\/div>\n<div>\u200b<\/div>\n<div>2010 &#8222;Room Service 11\u201c \u00a0 \u00a0 \u00a0 \u00a0 \u00a0 \u00a0 \u00a0 \u00a0 \u00a0 \u00a0 \u00a0 \u00a0 \u00a0 \u00a0 \u00a0 \u00a0 \u00a0 \u00a0 \u00a0 \u00a0 \u00a0 \u00a0 \u00a0 \u00a0 \u00a0 \u00a0 \u00a0 \u00a0 \u00a0 \u00a0 \u00a0 \u00a0 \u00a0 \u00a0 \u00a0 \u00a0 \u00a0 \u00a0 \u00a0 \u00a0 \u00a0 \u00a0 \u00a0\u200b<\/div>\n<div>Rolle: Erz\u00e4hlerin \u00a0 \u00a0 \u00a0 \u00a0 \u00a0 \u00a0 \u00a0 \u00a0 \u00a0 \u00a0 \u00a0 \u00a0 \u00a0 \u00a0 \u00a0 \u00a0 \u00a0 \u00a0 \u00a0 \u00a0 \u00a0 \u00a0 \u00a0 \u00a0 \u00a0 \u00a0 \u00a0 \u00a0 \u00a0 \u00a0 \u00a0 \u00a0 \u00a0 \u00a0 \u00a0 \u00a0 \u00a0 \u00a0 \u00a0 \u00a0 \u00a0 \u00a0 \u00a0 \u00a0 \u00a0 \u00a0 \u00a0 \u00a0 \u00a0 \u00a0 \u00a0 \u00a0 \u00a0 \u00a0\u200b<\/div>\n<div>Regie: Gregor Weber \/ KUNSTHAUS RHENANIA K\u00d6LN\u200b<\/div>\n<div>\u00a0 \u00a0 \u00a0 \u00a0 \u00a0 \u00a0 \u00a0 \u00a0 \u00a0 \u00a0 \u00a0 \u00a0 \u00a0 \u00a0 \u00a0 \u00a0 \u00a0 \u00a0 \u00a0 \u00a0 \u200b<\/div>\n<div>2009 &#8222;Room Service 10\u201c \u00a0 \u00a0 \u00a0 \u00a0 \u00a0 \u00a0 \u00a0 \u00a0 \u00a0 \u00a0 \u00a0 \u00a0 \u00a0 \u00a0 \u00a0 \u00a0 \u00a0 \u00a0 \u00a0 \u00a0 \u00a0 \u00a0 \u00a0 \u00a0 \u00a0 \u00a0 \u00a0 \u00a0 \u00a0 \u00a0 \u00a0 \u00a0 \u00a0 \u00a0 \u00a0 \u00a0 \u00a0 \u00a0 \u00a0 \u00a0 \u00a0 \u00a0 \u00a0 \u00a0 \u00a0 \u200b<\/div>\n<div>Rolle: Erz\u00e4hlerin \u00a0 \u00a0 \u00a0 \u00a0 \u00a0 \u00a0 \u00a0 \u00a0 \u00a0 \u00a0 \u00a0 \u00a0 \u00a0 \u00a0 \u00a0 \u00a0 \u00a0 \u00a0 \u00a0 \u00a0 \u00a0 \u00a0 \u00a0 \u00a0 \u00a0 \u00a0 \u00a0 \u00a0 \u00a0 \u00a0 \u00a0 \u00a0 \u00a0 \u200b<\/div>\n<div>Regie: Gregor Weber \/ KUNSTHAUS RHENANIA K\u00d6LN\u200b<\/div>\n<div>\u00a0\u200b<\/div>\n<div><b>GESANG \u200b<\/b><\/div>\n<div>\u00a0\u200b<\/div>\n<div>2018 &#8222;Die Dreigroschenoper&#8220; \/ Bertolt Brecht &amp; Kurt Weill\u200b<\/div>\n<div>Rolle: Polly Peachum\u200b<\/div>\n<div>\u00a0\u200b<\/div>\n<div>2016 &#8222;Im wei\u00dfen R\u00f6ssl am Wolfgangsee&#8220; \/ Benatzky, Charell\u200b<\/div>\n<div>Rolle: R\u00f6ssl-Wirtin \u00a0Josepha Vogelhuber \u00a0 \u00a0 \u00a0 \u00a0 \u00a0 \u00a0 \u00a0 \u00a0 \u00a0 \u00a0 \u00a0 \u00a0 \u00a0 \u00a0 \u00a0 \u00a0 \u00a0 \u00a0 \u00a0 \u00a0 \u00a0 \u00a0\u200b \u00a0 \u00a0 \u200b<\/div>\n<div>\u00a0\u200b<\/div>\n<div>\u00a0 \u00a0 \u00a0 \u00a0 \u00a0 \u00a0 \u00a0 \u00a0 \u00a0 \u00a0 \u00a0 \u00a0 \u00a0 \u00a0 \u00a0 \u00a0 \u00a0 \u00a0 \u00a0 \u00a0 \u00a0 \u00a0 \u00a0 \u00a0 \u00a0 \u00a0 \u00a0 \u00a0 \u00a0 \u00a0 \u00a0 \u00a0 \u00a0 \u00a0 \u00a0 \u00a0 \u00a0 \u00a0 \u00a0 \u00a0 \u00a0 \u00a0 \u00a0 \u00a0 \u00a0 \u00a0 \u00a0 \u00a0 \u00a0 \u00a0 \u00a0 \u00a0 \u00a0 \u00a0 \u00a0 \u00a0 \u00a0 \u00a0 \u00a0 \u00a0 \u00a0 \u00a0 \u00a0 \u00a0 \u00a0 \u00a0 \u00a0 \u00a0 \u00a0 \u00a0 \u00a0 \u00a0 \u00a0 \u00a0\u200b<\/div>\n<div><b>THEATER \/ REGIE \/ DRAMATURGIE\u200b<\/b><\/div>\n<div>\u00a0\u200b<\/div>\n<div>\u00a0 \u00a0 2018 &#8222;ROMEO &amp; JULIA&#8220; \/ William Shakespeare\u200b<\/div>\n<div>TEXTFASSUNG f\u00fcr das WDR Orchester\u200b<\/div>\n<div>\u00a0\u200b<\/div>\n<div>\u00a0 \u00a0 2015 &#8222;ENDLICH SCHLUSS&#8220; \/ Peter Turrini\u200b<\/div>\n<div>REGIE Julia Karl\u200b<\/div>\n<div>\u200b<\/div>\n<div>\u00a0 \u00a0 2015 &#8222;WARTEN AUF GODOT&#8220; \/ Samuel Beckett\u200b<\/div>\n<div>ASSISTENZ BEI WOLFRAM ZIMMERMANN\u200b<\/div>\n<div>\u200b<\/div>\n<div>\u00a0 \u00a0 2015 &#8222;PHILOKTET&#8220; \/ Heiner M\u00fcller\u200b<\/div>\n<div>ASSISTENZ BEI HANSG\u00dcNTHER HEYME\u200b<\/div>\n<div>\u200b<\/div>\n<div>\u00a0 \u00a0 2014 &#8222;SEESCHLACHT&#8220; \/ Reinhard G\u00f6ring\u200b<\/div>\n<div>\u00a0 \u00a0 \u00a0 \u00a0 \u00a0 \u00a0 \u00a0 \u00a0&#8222;MACBETH&#8220; \/ William Shakespeare\u200b<\/div>\n<div>ASSISTENZ BEI VOLKER LIPPMANN\u200b<\/div>\n<div>\u200b<\/div>\n<div>\u00a0\u200b<\/div>\n<div><b>Sprechen \/ H\u00f6rspiel \/ Live\u200b<\/b><\/div>\n<div>\u200b<\/div>\n<div>2018 &#8222;Tod auf dem Nil&#8220; \u00a0 Live &#8211; H\u00f6rspiel mit Musik nach Agatha Christie\u200b<\/div>\n<div>Text &amp; Regie: J\u00f6rg Kernbach\u200b<\/div>\n<div>Rollen: Mr Fergusson, Jackie, Louise\u200b<\/div>\n<div>\u200b<\/div>\n<div>2017 &#8222;Mord im Orientexpress&#8220; \u00a0 Live &#8211; H\u00f6rspiel mit Musik nach Agatha Christie\u200b<\/div>\n<div>Text &amp; Regie: J\u00f6rg Kernbach\u200b<\/div>\n<div>Rollen: Mr Mc Queen, Zofe Hildegard, Ms Debenham\u200b<\/div>\n<div>\u200b<\/div>\n<div>seit 2018 diverse Nachvertonungen f\u00fcr den TV Sender VOX \u200b<\/div>\n<div>\u200b<\/div>\n<div><b>\u200b<\/b><\/div>\n<div><b>Ausbildungen\/Weiterbildungen:\u200b<\/b><\/div>\n<div>2012 B\u00fchnenreife-Diplom\u200b<\/div>\n<div>2008 &#8211; 2012 Schauspielausbildung \u200ban der Theaterakademie K\u00f6ln\u200b<\/div>\n<div>2008 &#8211; 2012 Gesang bei Anne Wiemer, Sybille Hummel\u200b<\/div>\n<p>2007 Abitur<\/p>\n<\/div>\n<div><\/div>\n","protected":false},"excerpt":{"rendered":"<p>seit September 2018 \u200b Management \/ \u00d6ffentlichkeitsarbeit \/ Social Media \u200b f\u00fcr Krist\u00f3f Szab\u00f3 \/ F.A.C.E. &#8211; Visual Performing Arts\u200b \u200b 2012 &#8211; 2017\u200b Assistenz der k\u00fcntlerischen Leitung des THEATER TIEFROT K\u00d6LN\u200b \u200b 2009 &#8211; heute THEATER \/ SCHAUSPIEL\u200b (Auszug) \u200b 2018 &#8222;Torquato Tasso&#8220; \/ J. W. von Goethe\u200b Rolle: Eleonore Sanvitale\u200b Regie: Volker Lippmann &hellip; <a class=\"more-link\" href=\"https:\/\/faceensemble.com\/de\/julia-karl-cv\/\">Mehr <span class=\"screen-reader-text\">Julia Karl CV<\/span><\/a><\/p>\n","protected":false},"author":12093239,"featured_media":0,"parent":0,"menu_order":0,"comment_status":"closed","ping_status":"closed","template":"","meta":{"_coblocks_attr":"","_coblocks_dimensions":"","_coblocks_responsive_height":"","_coblocks_accordion_ie_support":"","advanced_seo_description":"","jetpack_seo_html_title":"","jetpack_seo_noindex":false,"jetpack_seo_schema_type":"","_wpcom_ai_launchpad_about_page":false,"_wpcom_ai_launchpad_gallery_page":false,"_wpcom_ai_launchpad_contact_page":false,"_wpcom_ai_launchpad_events_page":false,"_wpcom_ai_launchpad_video_page":false,"_wpcom_ai_launchpad_portfolio_piece":false,"footnotes":""},"tags":[],"class_list":["post-5329","page","type-page","status-publish","hentry"],"jetpack_likes_enabled":true,"jetpack_sharing_enabled":true,"jetpack_shortlink":"https:\/\/wp.me\/P7OOTK-1nX","jetpack-related-posts":[{"id":1024,"url":"https:\/\/faceensemble.com\/julia-karl-cv\/","url_meta":{"origin":5329,"position":0},"title":"Julia Karl CV","author":"567cool","date":"3. Januar 2019","format":false,"excerpt":"seit September 2018 \u200b Management \/ \u00d6ffentlichkeitsarbeit \/ Social Media \u200b f\u00fcr Krist\u00f3f Szab\u00f3 \/ F.A.C.E. - Visual Performing Arts\u200b \u200b 2012 - 2017\u200b Assistenz der k\u00fcntlerischen Leitung des THEATER TIEFROT K\u00d6LN\u200b \u200b 2009 - heute THEATER \/ SCHAUSPIEL\u200b (Auszug) \u200b 2018 \"Torquato Tasso\" \/ J. W. von Goethe\u200b Rolle:\u2026","rel":"","context":"\u00c4hnlicher Beitrag","block_context":{"text":"\u00c4hnlicher Beitrag","link":""},"img":{"alt_text":"julia_karl_0319_1359219155_3383","src":"https:\/\/i0.wp.com\/faceensemble.com\/wp-content\/uploads\/2019\/01\/julia_karl_0319_1359219155_3383.jpg?resize=350%2C200&ssl=1","width":350,"height":200},"classes":[]},{"id":881,"url":"https:\/\/faceensemble.com\/dimitri-tellis-cv\/","url_meta":{"origin":5329,"position":1},"title":"Dimitri Tellis CV","author":"567cool","date":"2. Januar 2019","format":false,"excerpt":"\u00a0 Dimitri Tellis studierte Schauspiel an der Hochschule f\u00fcr Musik und Theater in Hannover. Nach dem Studium arbeitete er am Schauspiel Bonn u.a. mit\u00a0 Ruth Berghaus und Andr\u00e1s Fricsay zusammen. Seit 2002 ist er in der freien Theaterszene aktiv, war er bis 2016 regelm\u00e4\u00dfig im Theater Tiefrot K\u00f6ln zu sehen.\u2026","rel":"","context":"\u00c4hnlicher Beitrag","block_context":{"text":"\u00c4hnlicher Beitrag","link":""},"img":{"alt_text":"dimitri tellis myfile","src":"https:\/\/i0.wp.com\/faceensemble.com\/wp-content\/uploads\/2019\/01\/dimitri-tellis-myfile.jpg?resize=350%2C200&ssl=1","width":350,"height":200,"srcset":"https:\/\/i0.wp.com\/faceensemble.com\/wp-content\/uploads\/2019\/01\/dimitri-tellis-myfile.jpg?resize=350%2C200&ssl=1 1x, https:\/\/i0.wp.com\/faceensemble.com\/wp-content\/uploads\/2019\/01\/dimitri-tellis-myfile.jpg?resize=525%2C300&ssl=1 1.5x, https:\/\/i0.wp.com\/faceensemble.com\/wp-content\/uploads\/2019\/01\/dimitri-tellis-myfile.jpg?resize=700%2C400&ssl=1 2x, https:\/\/i0.wp.com\/faceensemble.com\/wp-content\/uploads\/2019\/01\/dimitri-tellis-myfile.jpg?resize=1050%2C600&ssl=1 3x, https:\/\/i0.wp.com\/faceensemble.com\/wp-content\/uploads\/2019\/01\/dimitri-tellis-myfile.jpg?resize=1400%2C800&ssl=1 4x"},"classes":[]},{"id":128,"url":"https:\/\/faceensemble.com\/team\/ursula-wusthof-cv\/","url_meta":{"origin":5329,"position":2},"title":"Ursula W\u00fcsthof CV","author":"ivo3d","date":"19. September 2016","format":false,"excerpt":"Ausbildung an der Folkwang-Hochschule zur Schauspielerin. Engagement am Stadttheater Aachen, sp\u00e4ter in Bielefeld, Krefeld, Feuchtwangen. Ausstieg aus dem Beruf. Wiedereinstieg 2008. Seit 2008 regelm\u00e4\u00dfige Zusammenarbeit mit u.a. Volker Lippmann (Theater Tiefrot K\u00f6ln). Sprecherin f\u00fcr den WDR, Filme f\u00fcr 3Sat, ZDF, Pro7, WDR.","rel":"","context":"\u00c4hnlicher Beitrag","block_context":{"text":"\u00c4hnlicher Beitrag","link":""},"img":{"alt_text":"ursula-wusthof-in-v-havel-protest-photo-mike-kleinen_web","src":"https:\/\/i0.wp.com\/faceensemble.com\/wp-content\/uploads\/2016\/09\/ursula-wc3bcsthof-in-v-havel-protest-photo-mike-kleinen_web.jpg?resize=350%2C200&ssl=1","width":350,"height":200},"classes":[]},{"id":797,"url":"https:\/\/faceensemble.com\/antigone\/","url_meta":{"origin":5329,"position":3},"title":"ANTIGONE","author":"567cool","date":"1. Januar 2019","format":false,"excerpt":"Bitte scrollen Sie nach unten f\u00fcr die deutschsprachige Fassung by Walter Hasenclever Performance in German with subtitles in English \u00a0 To watch the documentation of the performance 2017 - please click: ANTIGONE Review by (BS) - published in K\u00f6lnische Rundschau: \"Appeal for Humanity Krist\u00f3f Szab\u00f3 stages Walter Hasenclevers \u201eAntigone\u201c in\u2026","rel":"","context":"\u00c4hnlicher Beitrag","block_context":{"text":"\u00c4hnlicher Beitrag","link":""},"img":{"alt_text":"ANTIGONE","src":"https:\/\/i0.wp.com\/faceensemble.com\/wp-content\/uploads\/2016\/09\/056_antigone_face_cmeyer_originals.jpg?resize=350%2C200&ssl=1","width":350,"height":200,"srcset":"https:\/\/i0.wp.com\/faceensemble.com\/wp-content\/uploads\/2016\/09\/056_antigone_face_cmeyer_originals.jpg?resize=350%2C200&ssl=1 1x, https:\/\/i0.wp.com\/faceensemble.com\/wp-content\/uploads\/2016\/09\/056_antigone_face_cmeyer_originals.jpg?resize=525%2C300&ssl=1 1.5x, https:\/\/i0.wp.com\/faceensemble.com\/wp-content\/uploads\/2016\/09\/056_antigone_face_cmeyer_originals.jpg?resize=700%2C400&ssl=1 2x, https:\/\/i0.wp.com\/faceensemble.com\/wp-content\/uploads\/2016\/09\/056_antigone_face_cmeyer_originals.jpg?resize=1050%2C600&ssl=1 3x, https:\/\/i0.wp.com\/faceensemble.com\/wp-content\/uploads\/2016\/09\/056_antigone_face_cmeyer_originals.jpg?resize=1400%2C800&ssl=1 4x"},"classes":[]},{"id":5285,"url":"https:\/\/faceensemble.com\/de\/antigone\/","url_meta":{"origin":5329,"position":4},"title":"ANTIGONE","author":"567cool","date":"1. Januar 2019","format":false,"excerpt":"Bitte scrollen Sie nach unten f\u00fcr die deutschsprachige Fassung by Walter Hasenclever Performance in German with subtitles in English \u00a0 To watch the documentation of the performance 2017 - please click: ANTIGONE Review by (BS) - published in K\u00f6lnische Rundschau: \"Appeal for Humanity Krist\u00f3f Szab\u00f3 stages Walter Hasenclevers \u201eAntigone\u201c in\u2026","rel":"","context":"\u00c4hnlicher Beitrag","block_context":{"text":"\u00c4hnlicher Beitrag","link":""},"img":{"alt_text":"ANTIGONE","src":"https:\/\/i0.wp.com\/faceensemble.com\/wp-content\/uploads\/2016\/09\/056_antigone_face_cmeyer_originals.jpg?resize=350%2C200&ssl=1","width":350,"height":200,"srcset":"https:\/\/i0.wp.com\/faceensemble.com\/wp-content\/uploads\/2016\/09\/056_antigone_face_cmeyer_originals.jpg?resize=350%2C200&ssl=1 1x, https:\/\/i0.wp.com\/faceensemble.com\/wp-content\/uploads\/2016\/09\/056_antigone_face_cmeyer_originals.jpg?resize=525%2C300&ssl=1 1.5x, https:\/\/i0.wp.com\/faceensemble.com\/wp-content\/uploads\/2016\/09\/056_antigone_face_cmeyer_originals.jpg?resize=700%2C400&ssl=1 2x, https:\/\/i0.wp.com\/faceensemble.com\/wp-content\/uploads\/2016\/09\/056_antigone_face_cmeyer_originals.jpg?resize=1050%2C600&ssl=1 3x, https:\/\/i0.wp.com\/faceensemble.com\/wp-content\/uploads\/2016\/09\/056_antigone_face_cmeyer_originals.jpg?resize=1400%2C800&ssl=1 4x"},"classes":[]},{"id":1273,"url":"https:\/\/faceensemble.com\/johanna-may-cv\/","url_meta":{"origin":5329,"position":5},"title":"Johanna May CV","author":"567cool","date":"4. Juli 2019","format":false,"excerpt":"Johanna May \u00a0 ist Schauspielerin und Theatermacherin aus K\u00f6ln. In Hamburg hat sie ihren Abschluss zur B\u00fchnenreife erhalten und arbeitet seitdem in allen m\u00f6glichen Sparten der Schauspielerei. Sie drehte unter anderem einen ZDF Spielfilm unter der Regie von Professor Peter Weck, spielte auf der Probeb\u00fchne des Thalia Theaters in Hamburg,\u2026","rel":"","context":"\u00c4hnlicher Beitrag","block_context":{"text":"\u00c4hnlicher Beitrag","link":""},"img":{"alt_text":"","src":"","width":0,"height":0},"classes":[]}],"_links":{"self":[{"href":"https:\/\/faceensemble.com\/de\/wp-json\/wp\/v2\/pages\/5329","targetHints":{"allow":["GET"]}}],"collection":[{"href":"https:\/\/faceensemble.com\/de\/wp-json\/wp\/v2\/pages"}],"about":[{"href":"https:\/\/faceensemble.com\/de\/wp-json\/wp\/v2\/types\/page"}],"author":[{"embeddable":true,"href":"https:\/\/faceensemble.com\/de\/wp-json\/wp\/v2\/users\/12093239"}],"replies":[{"embeddable":true,"href":"https:\/\/faceensemble.com\/de\/wp-json\/wp\/v2\/comments?post=5329"}],"version-history":[{"count":1,"href":"https:\/\/faceensemble.com\/de\/wp-json\/wp\/v2\/pages\/5329\/revisions"}],"predecessor-version":[{"id":5330,"href":"https:\/\/faceensemble.com\/de\/wp-json\/wp\/v2\/pages\/5329\/revisions\/5330"}],"wp:attachment":[{"href":"https:\/\/faceensemble.com\/de\/wp-json\/wp\/v2\/media?parent=5329"}],"wp:term":[{"taxonomy":"post_tag","embeddable":true,"href":"https:\/\/faceensemble.com\/de\/wp-json\/wp\/v2\/tags?post=5329"}],"curies":[{"name":"wp","href":"https:\/\/api.w.org\/{rel}","templated":true}]}}