{"id":5337,"date":"2020-05-18T05:37:01","date_gmt":"2020-05-18T05:37:01","guid":{"rendered":"https:\/\/faceensemble.com\/?page_id=5337"},"modified":"2024-11-15T15:31:56","modified_gmt":"2024-11-15T15:31:56","slug":"klaus-a-burth-cv","status":"publish","type":"page","link":"https:\/\/faceensemble.com\/de\/klaus-a-burth-cv\/","title":{"rendered":"Klaus A. Burth CV"},"content":{"rendered":"\r\n\r\n<strong>Klaus A. Burth\r\n<\/strong> KAB Atelier und Produzentengalerie\r\n\r\n\r\n\r\n\r\n<figure class=\"wp-block-image size-large\"><img data-recalc-dims=\"1\" loading=\"lazy\" decoding=\"async\" width=\"748\" height=\"418\" class=\"wp-image-2130\" src=\"https:\/\/i0.wp.com\/faceensemble.com\/wp-content\/uploads\/2020\/06\/img_2020_kab.jpg?resize=748%2C418&#038;ssl=1\" alt=\"\" \/><\/figure>\r\n\r\n\r\n\r\n\r\nKlaus A. Burth studierte \u00a0Malerei und Grafik an der Staatlichen Akademie f\u00fcr Bildende K\u00fcnste Karlsruhe bei Professor Gross<s><\/s>.\r\n\r\n\r\n\r\n\r\n\r\nNach dem Studium Freischaffender K\u00fcnstler in Karlsruhe, sp\u00e4ter im Schwarzwald nahe Freiburg t\u00e4tig.\r\n\r\n\r\n\r\n\r\n\r\nBis 2001 Kunstmanagement Renate B\u00e4ckel, Karlsruhe. Danach Selbstmanagement.\r\n\r\n\r\n\r\n\r\n\r\nU.a. Monumentalmalerei \/ Fassadenmalerei, Stilgerechte Innen- und Au\u00dfenentw\u00fcrfe und Ausf\u00fchrung (historische Bauten) in Zusammenarbeit mit einem Malerbetrieb.\r\n\r\n\r\n\r\n\r\n\r\nLaudator, Kunstvortr\u00e4ge (z.T. in Zusammenarbeit mit M.A. Susanne Schnell), Ausstellungsorganisation. Vorstandsarbeit in einem regionalen Kunstverein. Juryt\u00e4tigkeit.\r\n\r\n\r\n\r\n\r\n\r\nGruppenausstellungen zum Beispiel:\r\n\r\n\r\n\r\n\r\n\r\n17.11.2017 bis 18.01.2018\u00a0 Kunsthalle Basel, OOO Object Oriented Ontology, Gastkurator Andreas Angelidakis\r\n\r\n\r\n\r\n\r\n\r\n19. Juni bis 29. August 2020 (18. Nacht der Kunst Marburg) Galerie JPG (coronabedingt abgesagt)\r\n\r\n\r\n\r\n\r\n\r\nSeit 2018 Kursleiter Lehrerfortbildungen, Zentrum f\u00fcr Schulqualit\u00e4t und Lehrerbildung (ZSL) Baden-W\u00fcrttemberg, Fachbereich Kunst.\r\n\r\n\r\n\r\n\r\n\r\n<a href=\"https:\/\/deref-gmx.net\/mail\/client\/PKCwDxl26yI\/dereferrer\/?redirectUrl=https%3A%2F%2Fderef-gmx.net%2Fmail%2Fclient%2Futm_NLqxjKE%2Fdereferrer%2F%3FredirectUrl%3Dhttp%253A%252F%252Fwww.kab-art.de\" target=\"_blank\" rel=\"noreferrer noopener\">www.kab-art.de<\/a> \u00a0\/\u00a0 <a href=\"mailto:atelier@kab-art.de\" target=\"_blank\" rel=\"noreferrer noopener\">atelier@kab-art.de<\/a>\r\n\r\n","protected":false},"excerpt":{"rendered":"<p>Klaus A. Burth KAB Atelier und Produzentengalerie Klaus A. Burth studierte \u00a0Malerei und Grafik an der Staatlichen Akademie f\u00fcr Bildende K\u00fcnste Karlsruhe bei Professor Gross. Nach dem Studium Freischaffender K\u00fcnstler in Karlsruhe, sp\u00e4ter im Schwarzwald nahe Freiburg t\u00e4tig. Bis 2001 Kunstmanagement Renate B\u00e4ckel, Karlsruhe. Danach Selbstmanagement. U.a. Monumentalmalerei \/ Fassadenmalerei, Stilgerechte Innen- und Au\u00dfenentw\u00fcrfe und &hellip; <a class=\"more-link\" href=\"https:\/\/faceensemble.com\/de\/klaus-a-burth-cv\/\">Mehr <span class=\"screen-reader-text\">Klaus A. Burth CV<\/span><\/a><\/p>\n","protected":false},"author":12093239,"featured_media":0,"parent":0,"menu_order":0,"comment_status":"closed","ping_status":"closed","template":"","meta":{"_coblocks_attr":"","_coblocks_dimensions":"","_coblocks_responsive_height":"","_coblocks_accordion_ie_support":"","advanced_seo_description":"","jetpack_seo_html_title":"","jetpack_seo_noindex":false,"jetpack_seo_schema_type":"","_wpcom_ai_launchpad_about_page":false,"_wpcom_ai_launchpad_gallery_page":false,"_wpcom_ai_launchpad_contact_page":false,"_wpcom_ai_launchpad_events_page":false,"_wpcom_ai_launchpad_video_page":false,"_wpcom_ai_launchpad_portfolio_piece":false,"footnotes":""},"tags":[],"class_list":["post-5337","page","type-page","status-publish","hentry"],"jetpack_likes_enabled":true,"jetpack_sharing_enabled":true,"jetpack_shortlink":"https:\/\/wp.me\/P7OOTK-1o5","jetpack-related-posts":[{"id":2089,"url":"https:\/\/faceensemble.com\/klaus-a-burth\/","url_meta":{"origin":5337,"position":0},"title":"Klaus A. Burth CV","author":"567cool","date":"18. Mai 2020","format":false,"excerpt":"Klaus A. Burth KAB Atelier und Produzentengalerie Klaus A. Burth studierte \u00a0Malerei und Grafik an der Staatlichen Akademie f\u00fcr Bildende K\u00fcnste Karlsruhe bei Professor Gross. Nach dem Studium Freischaffender K\u00fcnstler in Karlsruhe, sp\u00e4ter im Schwarzwald nahe Freiburg t\u00e4tig. Bis 2001 Kunstmanagement Renate B\u00e4ckel, Karlsruhe. Danach Selbstmanagement. U.a. Monumentalmalerei \/ Fassadenmalerei,\u2026","rel":"","context":"\u00c4hnlicher Beitrag","block_context":{"text":"\u00c4hnlicher Beitrag","link":""},"img":{"alt_text":"","src":"https:\/\/i0.wp.com\/faceensemble.com\/wp-content\/uploads\/2020\/06\/img_2020_kab.jpg?resize=350%2C200&ssl=1","width":350,"height":200,"srcset":"https:\/\/i0.wp.com\/faceensemble.com\/wp-content\/uploads\/2020\/06\/img_2020_kab.jpg?resize=350%2C200&ssl=1 1x, https:\/\/i0.wp.com\/faceensemble.com\/wp-content\/uploads\/2020\/06\/img_2020_kab.jpg?resize=525%2C300&ssl=1 1.5x, https:\/\/i0.wp.com\/faceensemble.com\/wp-content\/uploads\/2020\/06\/img_2020_kab.jpg?resize=700%2C400&ssl=1 2x, https:\/\/i0.wp.com\/faceensemble.com\/wp-content\/uploads\/2020\/06\/img_2020_kab.jpg?resize=1050%2C600&ssl=1 3x"},"classes":[]},{"id":548,"url":"https:\/\/faceensemble.com\/new-production\/","url_meta":{"origin":5337,"position":1},"title":"BORDERS.BIRDS","author":"567cool","date":"17. Juni 2018","format":false,"excerpt":"https:\/\/vimeo.com\/348696507 please scroll down for the English version BORDERS.BIRDS - Homage to the bipolarity of the human being in K\u00f6ln, Orangerie - Theater im Volksgarten Der K\u00f6lner Grenzg\u00e4nger Krist\u00f3f Szab\u00f3 inszeniert Genre \u00fcbergreifend und wurde f\u00fcr den K\u00f6lner Tanz- wie f\u00fcr den K\u00f6lner Theaterpreis nominiert. Clash der Gehirne - Tanztheater\u2026","rel":"","context":"\u00c4hnlicher Beitrag","block_context":{"text":"\u00c4hnlicher Beitrag","link":""},"img":{"alt_text":"","src":"https:\/\/i0.wp.com\/faceensemble.com\/wp-content\/uploads\/2019\/03\/041_borders_cmeyer_originals.jpg?resize=350%2C200&ssl=1","width":350,"height":200,"srcset":"https:\/\/i0.wp.com\/faceensemble.com\/wp-content\/uploads\/2019\/03\/041_borders_cmeyer_originals.jpg?resize=350%2C200&ssl=1 1x, https:\/\/i0.wp.com\/faceensemble.com\/wp-content\/uploads\/2019\/03\/041_borders_cmeyer_originals.jpg?resize=525%2C300&ssl=1 1.5x, https:\/\/i0.wp.com\/faceensemble.com\/wp-content\/uploads\/2019\/03\/041_borders_cmeyer_originals.jpg?resize=700%2C400&ssl=1 2x, https:\/\/i0.wp.com\/faceensemble.com\/wp-content\/uploads\/2019\/03\/041_borders_cmeyer_originals.jpg?resize=1050%2C600&ssl=1 3x, https:\/\/i0.wp.com\/faceensemble.com\/wp-content\/uploads\/2019\/03\/041_borders_cmeyer_originals.jpg?resize=1400%2C800&ssl=1 4x"},"classes":[]},{"id":354,"url":"https:\/\/faceensemble.com\/ismene-dancing\/","url_meta":{"origin":5337,"position":2},"title":"ISMENE DANCING","author":"ivo3d","date":"14. Oktober 2017","format":false,"excerpt":"Please scroll down for the English version H\u00d6LLE HOFFNUNG UFERMASCHINE # 1 Eine Hommage an Hundertwasser und das Verschimmelungs-Manifest - TheaterTanz | Projection-Art - special guest Schibari-Performer BoschiNawa Premiere Dez. 2017 | Dauer: 55 Minuten | Sprache Deutsch oder English CRU, J\u00e4ger und Punk, baut und zerlegt die k\u00fcnstliche Landschaft\u2026","rel":"","context":"In \"ISMENE DANCING\"","block_context":{"text":"ISMENE DANCING","link":"https:\/\/faceensemble.com\/tag\/ismene-dancing\/"},"img":{"alt_text":"ISMENE DANCING","src":"https:\/\/i0.wp.com\/faceensemble.com\/wp-content\/uploads\/2018\/05\/076_ismenedancingp_cmeyer_originals.jpg?resize=350%2C200&ssl=1","width":350,"height":200,"srcset":"https:\/\/i0.wp.com\/faceensemble.com\/wp-content\/uploads\/2018\/05\/076_ismenedancingp_cmeyer_originals.jpg?resize=350%2C200&ssl=1 1x, https:\/\/i0.wp.com\/faceensemble.com\/wp-content\/uploads\/2018\/05\/076_ismenedancingp_cmeyer_originals.jpg?resize=525%2C300&ssl=1 1.5x, https:\/\/i0.wp.com\/faceensemble.com\/wp-content\/uploads\/2018\/05\/076_ismenedancingp_cmeyer_originals.jpg?resize=700%2C400&ssl=1 2x, https:\/\/i0.wp.com\/faceensemble.com\/wp-content\/uploads\/2018\/05\/076_ismenedancingp_cmeyer_originals.jpg?resize=1050%2C600&ssl=1 3x, https:\/\/i0.wp.com\/faceensemble.com\/wp-content\/uploads\/2018\/05\/076_ismenedancingp_cmeyer_originals.jpg?resize=1400%2C800&ssl=1 4x"},"classes":[]},{"id":5369,"url":"https:\/\/faceensemble.com\/de\/hairy-der-maskierte-friseur\/","url_meta":{"origin":5337,"position":3},"title":"HAIRY &#8211; Der maskierte Friseur","author":"567cool","date":"29. August 2020","format":false,"excerpt":"Tanztheater mit Adri\u00e1n Castell\u00f3 CV und Laura Leora Witzleben Video-Projection Art by Iv\u00f3 Kov\u00e1cs CV | Electronic Sound-Landscapes by Xes\u00fas Valle und @c Video-Dokumentation (30 Minuten) https:\/\/vimeo.com\/485084889 Foto Mike Kleinen \/ Stagemoments PRESSE von Thomas Linden \/ K\u00f6lnische Rundschau \u201cDer Gang zum Friseur glich in diesem Fr\u00fchjahr einer Mutprobe der\u2026","rel":"","context":"\u00c4hnlicher Beitrag","block_context":{"text":"\u00c4hnlicher Beitrag","link":""},"img":{"alt_text":"","src":"https:\/\/i0.wp.com\/faceensemble.com\/wp-content\/uploads\/2020\/06\/k.-szabc3b3-f.a.c.e.-hairy-foto-mike-kleinen-dsc_1845_2100.jpg?resize=350%2C200&ssl=1","width":350,"height":200,"srcset":"https:\/\/i0.wp.com\/faceensemble.com\/wp-content\/uploads\/2020\/06\/k.-szabc3b3-f.a.c.e.-hairy-foto-mike-kleinen-dsc_1845_2100.jpg?resize=350%2C200&ssl=1 1x, https:\/\/i0.wp.com\/faceensemble.com\/wp-content\/uploads\/2020\/06\/k.-szabc3b3-f.a.c.e.-hairy-foto-mike-kleinen-dsc_1845_2100.jpg?resize=525%2C300&ssl=1 1.5x, https:\/\/i0.wp.com\/faceensemble.com\/wp-content\/uploads\/2020\/06\/k.-szabc3b3-f.a.c.e.-hairy-foto-mike-kleinen-dsc_1845_2100.jpg?resize=700%2C400&ssl=1 2x, https:\/\/i0.wp.com\/faceensemble.com\/wp-content\/uploads\/2020\/06\/k.-szabc3b3-f.a.c.e.-hairy-foto-mike-kleinen-dsc_1845_2100.jpg?resize=1050%2C600&ssl=1 3x, https:\/\/i0.wp.com\/faceensemble.com\/wp-content\/uploads\/2020\/06\/k.-szabc3b3-f.a.c.e.-hairy-foto-mike-kleinen-dsc_1845_2100.jpg?resize=1400%2C800&ssl=1 4x"},"classes":[]},{"id":2207,"url":"https:\/\/faceensemble.com\/hairy-der-maskierte-friseur\/","url_meta":{"origin":5337,"position":4},"title":"HAIRY &#8211; Der maskierte Friseur","author":"567cool","date":"29. August 2020","format":false,"excerpt":"Tanztheater mit Adri\u00e1n Castell\u00f3 CV und Laura Leora Witzleben Video-Projection Art by Iv\u00f3 Kov\u00e1cs CV | Electronic Sound-Landscapes by Xes\u00fas Valle und @c Video-Dokumentation (30 Minuten) https:\/\/vimeo.com\/485084889 Foto Mike Kleinen \/ Stagemoments PRESSE von Thomas Linden \/ K\u00f6lnische Rundschau \u201cDer Gang zum Friseur glich in diesem Fr\u00fchjahr einer Mutprobe der\u2026","rel":"","context":"\u00c4hnlicher Beitrag","block_context":{"text":"\u00c4hnlicher Beitrag","link":""},"img":{"alt_text":"","src":"https:\/\/i0.wp.com\/faceensemble.com\/wp-content\/uploads\/2020\/06\/k.-szabc3b3-f.a.c.e.-hairy-foto-mike-kleinen-dsc_1845_2100.jpg?resize=350%2C200&ssl=1","width":350,"height":200,"srcset":"https:\/\/i0.wp.com\/faceensemble.com\/wp-content\/uploads\/2020\/06\/k.-szabc3b3-f.a.c.e.-hairy-foto-mike-kleinen-dsc_1845_2100.jpg?resize=350%2C200&ssl=1 1x, https:\/\/i0.wp.com\/faceensemble.com\/wp-content\/uploads\/2020\/06\/k.-szabc3b3-f.a.c.e.-hairy-foto-mike-kleinen-dsc_1845_2100.jpg?resize=525%2C300&ssl=1 1.5x, https:\/\/i0.wp.com\/faceensemble.com\/wp-content\/uploads\/2020\/06\/k.-szabc3b3-f.a.c.e.-hairy-foto-mike-kleinen-dsc_1845_2100.jpg?resize=700%2C400&ssl=1 2x, https:\/\/i0.wp.com\/faceensemble.com\/wp-content\/uploads\/2020\/06\/k.-szabc3b3-f.a.c.e.-hairy-foto-mike-kleinen-dsc_1845_2100.jpg?resize=1050%2C600&ssl=1 3x, https:\/\/i0.wp.com\/faceensemble.com\/wp-content\/uploads\/2020\/06\/k.-szabc3b3-f.a.c.e.-hairy-foto-mike-kleinen-dsc_1845_2100.jpg?resize=1400%2C800&ssl=1 4x"},"classes":[]},{"id":356,"url":"https:\/\/faceensemble.com\/die-jungfrau-von-orleans\/","url_meta":{"origin":5337,"position":5},"title":"DIE JUNGFRAU VON ORLEANS","author":"ivo3d","date":"14. Oktober 2017","format":false,"excerpt":"The English version is not finished yet. HIMMEL H\u00d6LLE UFERMASCHINE\u00a0 # 2 F. Schiller - K. Szab\u00f3 - F.A.C.E.-Ensemble Dauer: 170 Min mit einer Pause | Premiere: M\u00e4rz 2018 | Sprache: Deutsch Dauer der Version f\u00fcr Festivals: 90 Minuten mit einer Pause nominiert f\u00fcr den K\u00f6lner Theaterpreis 2018 Video summary\u2026","rel":"","context":"In \"DIE JUNGFRAU VON ORLEANS\"","block_context":{"text":"DIE JUNGFRAU VON ORLEANS","link":"https:\/\/faceensemble.com\/tag\/die-jungfrau-von-orleans\/"},"img":{"alt_text":"","src":"https:\/\/i0.wp.com\/faceensemble.com\/wp-content\/uploads\/2018\/05\/f-a-c-e-die-jungfrau-von-orleans-photo-by-mike-kleinen_img_3953_1500.jpg?resize=350%2C200&ssl=1","width":350,"height":200,"srcset":"https:\/\/i0.wp.com\/faceensemble.com\/wp-content\/uploads\/2018\/05\/f-a-c-e-die-jungfrau-von-orleans-photo-by-mike-kleinen_img_3953_1500.jpg?resize=350%2C200&ssl=1 1x, https:\/\/i0.wp.com\/faceensemble.com\/wp-content\/uploads\/2018\/05\/f-a-c-e-die-jungfrau-von-orleans-photo-by-mike-kleinen_img_3953_1500.jpg?resize=525%2C300&ssl=1 1.5x, https:\/\/i0.wp.com\/faceensemble.com\/wp-content\/uploads\/2018\/05\/f-a-c-e-die-jungfrau-von-orleans-photo-by-mike-kleinen_img_3953_1500.jpg?resize=700%2C400&ssl=1 2x, https:\/\/i0.wp.com\/faceensemble.com\/wp-content\/uploads\/2018\/05\/f-a-c-e-die-jungfrau-von-orleans-photo-by-mike-kleinen_img_3953_1500.jpg?resize=1050%2C600&ssl=1 3x, https:\/\/i0.wp.com\/faceensemble.com\/wp-content\/uploads\/2018\/05\/f-a-c-e-die-jungfrau-von-orleans-photo-by-mike-kleinen_img_3953_1500.jpg?resize=1400%2C800&ssl=1 4x"},"classes":[]}],"_links":{"self":[{"href":"https:\/\/faceensemble.com\/de\/wp-json\/wp\/v2\/pages\/5337","targetHints":{"allow":["GET"]}}],"collection":[{"href":"https:\/\/faceensemble.com\/de\/wp-json\/wp\/v2\/pages"}],"about":[{"href":"https:\/\/faceensemble.com\/de\/wp-json\/wp\/v2\/types\/page"}],"author":[{"embeddable":true,"href":"https:\/\/faceensemble.com\/de\/wp-json\/wp\/v2\/users\/12093239"}],"replies":[{"embeddable":true,"href":"https:\/\/faceensemble.com\/de\/wp-json\/wp\/v2\/comments?post=5337"}],"version-history":[{"count":1,"href":"https:\/\/faceensemble.com\/de\/wp-json\/wp\/v2\/pages\/5337\/revisions"}],"predecessor-version":[{"id":5338,"href":"https:\/\/faceensemble.com\/de\/wp-json\/wp\/v2\/pages\/5337\/revisions\/5338"}],"wp:attachment":[{"href":"https:\/\/faceensemble.com\/de\/wp-json\/wp\/v2\/media?parent=5337"}],"wp:term":[{"taxonomy":"post_tag","embeddable":true,"href":"https:\/\/faceensemble.com\/de\/wp-json\/wp\/v2\/tags?post=5337"}],"curies":[{"name":"wp","href":"https:\/\/api.w.org\/{rel}","templated":true}]}}