{"id":5343,"date":"2019-01-02T12:45:31","date_gmt":"2019-01-02T12:45:31","guid":{"rendered":"https:\/\/faceensemble.com\/?page_id=5343"},"modified":"2024-11-15T15:33:57","modified_gmt":"2024-11-15T15:33:57","slug":"musiktheater","status":"publish","type":"page","link":"https:\/\/faceensemble.com\/de\/musiktheater\/","title":{"rendered":"Musiktheater"},"content":{"rendered":"<h2><span lang=\"en-US\">GRAVITYLove<br \/>\n<\/span><\/h2>\n<h5><span style=\"color: #993300;\"><em>Please scroll down for the English version<\/em><\/span><\/h5>\n<p><strong>Eine Witwe beginnt ein neues Leben. Inspiriert von den Memoiren <a href=\"https:\/\/en.wikipedia.org\/wiki\/Claire_Goll\" target=\"_blank\" rel=\"noopener\">Claire Golls<\/a> <\/strong><\/p>\n<p>Premiere in K\u00f6ln, <a href=\"http:\/\/www.barnescrossing.de\/news.html\" target=\"_blank\" rel=\"noopener\">Barnes Crossing,<\/a> 2014<\/p>\n<p><img data-recalc-dims=\"1\" loading=\"lazy\" decoding=\"async\" class=\"alignnone  wp-image-333\" src=\"https:\/\/i0.wp.com\/faceensemble.com\/wp-content\/uploads\/2016\/09\/face-szabc3b3-mixedmediaensemble_gravitylove_photo_by-alvaro-maldonado_32.jpg?resize=337%2C222&#038;ssl=1\" alt=\"FACE Szab\u00f3 MixedMediaEnsemble_GRAVITYLove_photo_by Alvaro Maldonado_32\" width=\"337\" height=\"222\" \/><img data-recalc-dims=\"1\" loading=\"lazy\" decoding=\"async\" class=\"alignnone  wp-image-332\" src=\"https:\/\/i0.wp.com\/faceensemble.com\/wp-content\/uploads\/2016\/09\/face-szabc3b3-mixedmediaensemble_gravitylove_photo-by-alvaro-maldonado_27.jpg?resize=314%2C222&#038;ssl=1\" alt=\"FACE Szab\u00f3 MixedmediaEnsemble_GRAVITYLove_photo by Alvaro Maldonado_27\" width=\"314\" height=\"222\" \/><\/p>\n<h6>Photos \u00c1lvaro Maldonado<\/h6>\n<p>Komponist: <a href=\"https:\/\/faceensemble.com\/jules-desgoutte-cv\/\">Jules Desgoutte<\/a> | Applied electronic music: Dur\u00e1n V\u00e1zquez &amp; Victor Joaquim | Sound-Art (live) &amp; Performance: Jules Desgoutte | Tanz &amp; Performance <a href=\"https:\/\/faceensemble.com\/catalina-carrasco-cv\/\">Catalina Carrasco<\/a> | Licht (K\u00f6ln):\u00a0<a href=\"https:\/\/faceensemble.com\/team\/garlef-kesler-cv\/\">Garlef Ke\u00dfler<\/a> | Projection-art: <a href=\"https:\/\/3dvideomapping.net\/\" target=\"_blank\" rel=\"noopener\">Iv\u00f3 Kov\u00e1cs<\/a>| Choreografie-Regie: <a href=\"https:\/\/faceensemble.com\/team\/kristof-szabo-cv\/\">Krist\u00f3f Szab\u00f3<\/a><\/p>\n<p>\u201cICH DENKE DAS IST ZU GEF\u00c4HRLICH<span lang=\"en-US\"> | DIESE INTIMIT\u00c4T | ICH DENKE | ICH DENKE | ICH DENKE DU KOMMST ZU NAH | ICH DENKE WIR SOLLTEN AUFH\u00d6REN BEVOR WIR UNS N\u00c4HER KOMMEN | ICH DENKE | ICH BIN NAH | ICH DENKE ICH WILL NICHT NICHT NAH SEIN\u201d <\/span><\/p>\n<blockquote><p>Gastspiele in Budapest (2015), Palma de Mallorca (2015), Toulouse (2016)<\/p><\/blockquote>\n<p>Den Trailer sehen Sie hier: <a href=\"https:\/\/www.youtube.com\/watch?v=XKYgUWSRxcA\">GRAVITYLove &#8211; Trailer <\/a><\/p>\n<p align=\"JUSTIFY\"><span lang=\"en-US\">Die Dokumentation der Auff\u00fchrung in Budapest 2015 sehen sie\u00a0 hier: <a href=\"https:\/\/www.youtube.com\/watch?v=RRcjkOsLZLs&amp;t=456s\" target=\"_blank\" rel=\"noopener\">GRAVITYLove &#8211; Dokumentation<\/a><br \/>\n<\/span><\/p>\n<p align=\"JUSTIFY\"><img data-recalc-dims=\"1\" loading=\"lazy\" decoding=\"async\" class=\"alignnone  wp-image-968\" src=\"https:\/\/i0.wp.com\/faceensemble.com\/wp-content\/uploads\/2019\/01\/226_GRAVITYLove_cMEYER_ORIGINALS.jpg?resize=212%2C339&#038;ssl=1\" alt=\"GRAVITYLove von Krist\u00f3f Szab\u00f3\" width=\"212\" height=\"339\" \/><img data-recalc-dims=\"1\" loading=\"lazy\" decoding=\"async\" class=\"alignnone  wp-image-965\" src=\"https:\/\/i0.wp.com\/faceensemble.com\/wp-content\/uploads\/2019\/01\/168_GRAVITYLove_cMEYER_ORIGINALS.jpg?resize=462%2C339&#038;ssl=1\" alt=\"GRAVITYLove von Krist\u00f3f Szab\u00f3\" width=\"462\" height=\"339\" \/><\/p>\n<h6>Foto: <a href=\"https:\/\/www.meyeroriginals.com\/\" target=\"_blank\" rel=\"noopener\">MEYERORIGINALS<\/a><\/h6>\n<h3>Die \u00dcberwindung der Lebensangst nach dem Tod des Partners. Der Mut zur neuen Liebe!<\/h3>\n<p align=\"JUSTIFY\"><img data-recalc-dims=\"1\" loading=\"lazy\" decoding=\"async\" class=\"alignnone  wp-image-322\" src=\"https:\/\/i0.wp.com\/faceensemble.com\/wp-content\/uploads\/2016\/09\/face-szabc3b3-ensemble-gravitylove-photo-by-imre-kc3b6vc3a1gc3b3-nagy-1.jpg?resize=334%2C221&#038;ssl=1\" alt=\"FACE Szab\u00f3 Ensemble GRAVITYLove photo by Imre K\u00f6v\u00e1g\u00f3 Nagy 1\" width=\"334\" height=\"221\" \/><img data-recalc-dims=\"1\" loading=\"lazy\" decoding=\"async\" class=\"alignnone  wp-image-327\" src=\"https:\/\/i0.wp.com\/faceensemble.com\/wp-content\/uploads\/2016\/09\/face-szabc3b3-ensemble-gravitylove-photo-by-imre-kc3b6vc3a1gc3b3-nagy-10.jpg?resize=333%2C221&#038;ssl=1\" alt=\"FACE Szab\u00f3 Ensemble GRAVITYLove photo by Imre K\u00f6v\u00e1g\u00f3 Nagy 10\" width=\"333\" height=\"221\" \/><\/p>\n<h6 align=\"JUSTIFY\">Photos Imre K\u00f6v\u00e1g\u00f3 Nagy<\/h6>\n<p>Der Dichter <a href=\"https:\/\/en.wikipedia.org\/wiki\/Yvan_Goll\" target=\"_blank\" rel=\"noopener\">Yvan Goll<\/a>, auf seinem Krankenbett der Zersetzung und dem Tod ausgeliefert, nahm in Gedichten voller surrealer Sch\u00f6nheit von seiner Frau, der Schriftstellerin Claire Goll, abschied. Die Witwe befreit sich in dutzenden von Ritualen aus dem Sarg der Erinnerungen. Eine Metamorphose, inspiriert von Claire Golls Leben und den sch\u00f6nsten Gedichten Yvan Golls (1891 &#8211; 1950), eines deutsch-franz\u00f6sischen Klassikers der Moderne.<\/p>\n<h6><img data-recalc-dims=\"1\" loading=\"lazy\" decoding=\"async\" class=\"alignnone  wp-image-323\" src=\"https:\/\/i0.wp.com\/faceensemble.com\/wp-content\/uploads\/2016\/09\/face-szabc3b3-ensemble-gravitylove-photo-by-imre-kc3b6vc3a1gc3b3-nagy-3.jpg?resize=653%2C435&#038;ssl=1\" alt=\"FACE Szab\u00f3 Ensemble GRAVITYLove photo by imre K\u00f6v\u00e1g\u00f3 Nagy 3\" width=\"653\" height=\"435\" \/><\/h6>\n<h6>Photo Imre K\u00f6v\u00e1g\u00f3-Nagy<\/h6>\n<p>Die Inszenierung nimmt die Perspektive der um den Gef\u00e4hrten, Liebhaber, Schriftstellerkollegen trauernden Witwe Claire Goll ein. Wir verbinden zeitgen\u00f6ssische Musik, zeitgen\u00f6ssischen Tanz, Projection-Art und formen so eine bildstarke Welt, die auf der elektronischen Musik des Komponisten Jules Desgoutte schwebend von den sch\u00f6nsten Gedichten Yvan Golls und den Memoiren Claire Golls inspiriert ist.<\/p>\n<p><img data-recalc-dims=\"1\" loading=\"lazy\" decoding=\"async\" class=\"alignnone  wp-image-325\" src=\"https:\/\/i0.wp.com\/faceensemble.com\/wp-content\/uploads\/2016\/09\/face-szabc3b3-ensemble-gravitylove-photo-by-imre-kc3b6vc3a1gc3b3-nagy-6.jpg?resize=660%2C426&#038;ssl=1\" alt=\"FACE Szab\u00f3 Ensemble GRAVITYLove photo by Imre K\u00f6v\u00e1g\u00f3 Nagy 6\" width=\"660\" height=\"426\" \/><\/p>\n<h6>Photo Imre K\u00f6v\u00e1g\u00f3-Nagy<\/h6>\n<p><img data-recalc-dims=\"1\" loading=\"lazy\" decoding=\"async\" class=\"alignnone  wp-image-956\" src=\"https:\/\/i0.wp.com\/faceensemble.com\/wp-content\/uploads\/2019\/01\/030_GRAVITYLove_cMEYER_ORIGINALS.jpg?resize=657%2C481&#038;ssl=1\" alt=\"GRAVITYLove von Krist\u00f3f Szab\u00f3\" width=\"657\" height=\"481\" \/><\/p>\n<h6>Photo <a href=\"https:\/\/www.meyeroriginals.com\/\" target=\"_blank\" rel=\"noopener\">MEYERORIGINALS<\/a><\/h6>\n<h5><\/h5>\n<p>&nbsp;<\/p>\n<h5><span style=\"color: #993300;\"><em>English version:<\/em><\/span><\/h5>\n<h2>GRAVITYLove<\/h2>\n<p><strong>A widow starts a new live. &#8211; Inspired by the memories of <a href=\"https:\/\/en.wikipedia.org\/wiki\/Claire_Goll\" target=\"_blank\" rel=\"noopener\">Claire Goll<\/a><\/strong><\/p>\n<p>Premiere in Cologne at <a href=\"http:\/\/www.barnescrossing.de\/news.html\" target=\"_blank\" rel=\"noopener\">Barnes Crossing<\/a> 2014<\/p>\n<p>composer: <a href=\"https:\/\/faceensemble.com\/jules-desgoutte-cv\/\">Jules Desgoutte<\/a> | sound-art (live) &amp; performance: Jules Desgoutte | dance and performance <a href=\"https:\/\/faceensemble.com\/catalina-carrasco-cv\/\">Catalina Carrasco<\/a> | projection-art: <a href=\"https:\/\/3dvideomapping.net\/\" target=\"_blank\" rel=\"noopener\">Iv\u00f3 Kov\u00e1cs<\/a>| directed by <a href=\"https:\/\/faceensemble.com\/team\/kristof-szabo-cv\/\">Krist\u00f3f Szab\u00f3<\/a><\/p>\n<p>\u201c<span lang=\"en-US\">I THINK THIS IS SO DANGEROUS | THIS INTIMACY | I THINK | I THINK | I THINK YOU ARE GETTING SO CLOSE | I THINK WE ARE GONNA HAVE TO STOP BEFORE GETTING CLOSER | I THINK | I AM CLOSE | I THINK I DON\u00b4T WANT NOT TO BE CLOSE\u201d <\/span><\/p>\n<blockquote><p>Guest-performances in Budapest (2015), Palma de Mallorca (2015), Toulouse (2016)<\/p><\/blockquote>\n<p>please click here to see the trailer: <a href=\"https:\/\/www.youtube.com\/watch?v=XKYgUWSRxcA\"><span style=\"color: #ff0000;\">GRAVITYLove &#8211; trailer<\/span> <\/a><\/p>\n<p align=\"JUSTIFY\"><span lang=\"en-US\">please click here to see the documentation recorded in Budapest 2015: <a href=\"https:\/\/www.youtube.com\/watch?v=RRcjkOsLZLs&amp;t=456s\" target=\"_blank\" rel=\"noopener\"><span style=\"color: #ff0000;\">GRAVITYLove &#8211; documentation<\/span><\/a><\/span><\/p>\n<p><img data-recalc-dims=\"1\" loading=\"lazy\" decoding=\"async\" class=\"alignnone size-full wp-image-982\" src=\"https:\/\/i0.wp.com\/faceensemble.com\/wp-content\/uploads\/2019\/01\/39.jpg?resize=748%2C514&#038;ssl=1\" alt=\"39\" width=\"748\" height=\"514\" \/><\/p>\n<h6>Photo \u00c1lvaro Maldonado<\/h6>\n<p><strong>About to have courage for a new love after the partner died.<\/strong><\/p>\n<p>GRAVITYLove is inspired by the memories of <strong>n <a href=\"https:\/\/en.wikipedia.org\/wiki\/Claire_Goll\" target=\"_blank\" rel=\"noopener\">Claire Goll<\/a><\/strong>. Born 1891, her husband, the French-German poet <a href=\"https:\/\/en.wikipedia.org\/wiki\/Yvan_Goll\" target=\"_blank\" rel=\"noopener\">Yvan Goll<\/a> died 1950. Yvan spent his last months in a hospital surrounded by flowers and the animals of the park. He addressed his last poems to his wife &#8211; the widow Claire.<\/p>\n<p>\u201c<em>You are a dancer of fear | in the circle of red warriors the music of bones is elating you | But you never blow up the circle and never you float to me<\/em>.\u201d \u00a0\u00a0\u00a0\u00a0\u00a0\u00a0\u00a0\u00a0\u00a0\u00a0\u00a0\u00a0\u00a0\u00a0\u00a0\u00a0 (<a href=\"https:\/\/en.wikipedia.org\/wiki\/Yvan_Goll\" target=\"_blank\" rel=\"noopener\">Yvan Goll<\/a>)<\/p>\n<p>&nbsp;<\/p>\n<p>&nbsp;<\/p>\n<p>From the point of view of the widow Claire, GRAVITYLove is about the breakup into a new life, a mythical journey about reconciliation with the idea of the partner being dead and the first &#8211; second &#8211; third and final steps in a new relationship while the presence of death seems to be everywhere.<\/p>\n<p><img data-recalc-dims=\"1\" loading=\"lazy\" decoding=\"async\" class=\"alignnone size-full wp-image-962\" src=\"https:\/\/i0.wp.com\/faceensemble.com\/wp-content\/uploads\/2019\/01\/133_A_GRAVITYLove_cMEYER_ORIGINALS.jpg?resize=748%2C548&#038;ssl=1\" alt=\"GRAVITYLove von Krist\u00f3f Szab\u00f3\" width=\"748\" height=\"548\" \/><\/p>\n<h6>Photo: <a href=\"https:\/\/www.meyeroriginals.com\/\" target=\"_blank\" rel=\"noopener\">MEYERORIGINALS<\/a><\/h6>\n<p>Fear of life! &#8211; Love of life! In GRAVITYLove principles of life and of death are fighting.<\/p>\n<p>Claire outlived Yvan for 30 years and she had an excessive life. Taking (also much younger) lovers even in high age she wrote several novels.<\/p>\n<p>The choreography is inspired by butoh dance.<\/p>\n<p><strong>About <a href=\"https:\/\/en.wikipedia.org\/wiki\/Yvan_Goll\" target=\"_blank\" rel=\"noopener\">Yvan Goll<\/a><br \/>\n<\/strong><\/p>\n<p>\u201eYvan Goll, poet of German- and French tongue, according to Kurt Pinthus &gt;&gt;Jewish by faith, born in France by accident, called German because of a stamped paper&lt;&lt;, was little-known in Germany and in France, and if he was, so one-sided. The main reasons are based \u2013 in the truest sense of the word \u2013 on the heavy accessibility of his work with problems of editing and of the language. For a start a new engagement of perception of the works and theoretical reflections of this important writer of the European avant-garde can be recognized, after the literary remains of the poet and his wife Claire Goll are now publicly available.\u201d\u00a0 \u00a0\u00a0\u00a0\u00a0\u00a0\u00a0\u00a0\u00a0\u00a0 (Ute Altanis-Protzer \u00a9 2013)<\/p>\n<p>Cited from: Ute Altanis-Protzer: <em>Fiktive Avant-Garden \u2013 Yvan Goll und die \u00e4sthetische Moderne<\/em> published in: Lablis \u2013 Jahrbuch f\u00fcr Europ\u00e4ische Prozesse Jg. 2013, published by the Institut f\u00fcr Neuere deutsche und europ\u00e4ische Literatur, Fernuniversit\u00e4t Hagen.<\/p>\n<p>For further information (in English) <a href=\"http:\/\/www.brooklynrail.org\/2013\/06\/books\/the-wet-flame-of-your-tongue-translating-yvan-gollnan-watkins-with-tony-leuzzi\">http:\/\/www.brooklynrail.org\/2013\/06\/books\/the-wet-flame-of-your-tongue-translating-yvan-gollnan-watkins-with-tony-leuzzi<\/a><\/p>\n<p>(in German): <a href=\"http:\/\/www.iablis.de\/iablis_t\/2013\/altanis-protzer13.html\">http:\/\/www.iablis.de\/iablis_t\/2013\/altanis-protzer13.html<\/a><\/p>\n<p>&nbsp;<\/p>\n<p><img data-recalc-dims=\"1\" loading=\"lazy\" decoding=\"async\" class=\"alignnone size-full wp-image-976\" src=\"https:\/\/i0.wp.com\/faceensemble.com\/wp-content\/uploads\/2019\/01\/Jules-Desgoutte-in_GRAVITYLove_Photo-MEYER_ORIGINALS.jpg?resize=748%2C548&#038;ssl=1\" alt=\"GRAVITYLove von Krist\u00f3f Szab\u00f3\" width=\"748\" height=\"548\" \/><\/p>\n<p>Photo <a href=\"https:\/\/www.meyeroriginals.com\/\" target=\"_blank\" rel=\"noopener\">MEYERORIGINALS<\/a><\/p>\n<p>&nbsp;<\/p>\n","protected":false},"excerpt":{"rendered":"<p>GRAVITYLove Please scroll down for the English version Eine Witwe beginnt ein neues Leben. Inspiriert von den Memoiren Claire Golls Premiere in K\u00f6ln, Barnes Crossing, 2014 Photos \u00c1lvaro Maldonado Komponist: Jules Desgoutte | Applied electronic music: Dur\u00e1n V\u00e1zquez &amp; Victor Joaquim | Sound-Art (live) &amp; Performance: Jules Desgoutte | Tanz &amp; Performance Catalina Carrasco | &hellip; <a class=\"more-link\" href=\"https:\/\/faceensemble.com\/de\/musiktheater\/\">Mehr <span class=\"screen-reader-text\">Musiktheater<\/span><\/a><\/p>\n","protected":false},"author":12093239,"featured_media":0,"parent":0,"menu_order":0,"comment_status":"closed","ping_status":"closed","template":"","meta":{"_coblocks_attr":"","_coblocks_dimensions":"","_coblocks_responsive_height":"","_coblocks_accordion_ie_support":"","advanced_seo_description":"","jetpack_seo_html_title":"","jetpack_seo_noindex":false,"jetpack_seo_schema_type":"","_wpcom_ai_launchpad_about_page":false,"_wpcom_ai_launchpad_gallery_page":false,"_wpcom_ai_launchpad_contact_page":false,"_wpcom_ai_launchpad_events_page":false,"_wpcom_ai_launchpad_video_page":false,"_wpcom_ai_launchpad_portfolio_piece":false,"footnotes":""},"tags":[],"class_list":["post-5343","page","type-page","status-publish","hentry"],"jetpack_likes_enabled":true,"jetpack_sharing_enabled":true,"jetpack_shortlink":"https:\/\/wp.me\/P7OOTK-1ob","jetpack-related-posts":[{"id":5341,"url":"https:\/\/faceensemble.com\/de\/medea\/","url_meta":{"origin":5343,"position":0},"title":"MEDEA","author":"567cool","date":"12. Juli 2019","format":false,"excerpt":"https:\/\/vimeo.com\/363406070 Die Geschichte einer Scheidung Text Euripides | MEDEA Johanna May | Projection-Video-Art\u00a0Iv\u00f3 Kov\u00e1cs Dauer\/duration: 55 minutes showreel of the ensemble: \u00a0F.A.C.E. Ensemble 2019 showreel (3 Min.)\u00a0 https:\/\/vimeo.com\/337740936 Medea verr\u00e4t ihren Vater, t\u00f6tet ihren Bruder und flieht mit Jason, ihrem zuk\u00fcnftigen Ehemann nach Europa. Sie bekommen zwei Kinder. Jason verl\u00e4sst\u2026","rel":"","context":"\u00c4hnlicher Beitrag","block_context":{"text":"\u00c4hnlicher Beitrag","link":""},"img":{"alt_text":"","src":"https:\/\/i0.wp.com\/faceensemble.com\/wp-content\/uploads\/2019\/09\/145_medea_cmeyer_originals.jpg?resize=350%2C200&ssl=1","width":350,"height":200,"srcset":"https:\/\/i0.wp.com\/faceensemble.com\/wp-content\/uploads\/2019\/09\/145_medea_cmeyer_originals.jpg?resize=350%2C200&ssl=1 1x, https:\/\/i0.wp.com\/faceensemble.com\/wp-content\/uploads\/2019\/09\/145_medea_cmeyer_originals.jpg?resize=525%2C300&ssl=1 1.5x, https:\/\/i0.wp.com\/faceensemble.com\/wp-content\/uploads\/2019\/09\/145_medea_cmeyer_originals.jpg?resize=700%2C400&ssl=1 2x, https:\/\/i0.wp.com\/faceensemble.com\/wp-content\/uploads\/2019\/09\/145_medea_cmeyer_originals.jpg?resize=1050%2C600&ssl=1 3x, https:\/\/i0.wp.com\/faceensemble.com\/wp-content\/uploads\/2019\/09\/145_medea_cmeyer_originals.jpg?resize=1400%2C800&ssl=1 4x"},"classes":[]},{"id":1336,"url":"https:\/\/faceensemble.com\/medea-2\/","url_meta":{"origin":5343,"position":1},"title":"MEDEA","author":"567cool","date":"12. Juli 2019","format":false,"excerpt":"https:\/\/vimeo.com\/363406070 Die Geschichte einer Scheidung Text Euripides | MEDEA Johanna May | Projection-Video-Art\u00a0Iv\u00f3 Kov\u00e1cs Dauer\/duration: 55 minutes showreel of the ensemble: \u00a0F.A.C.E. Ensemble 2019 showreel (3 Min.)\u00a0 https:\/\/vimeo.com\/337740936 Medea verr\u00e4t ihren Vater, t\u00f6tet ihren Bruder und flieht mit Jason, ihrem zuk\u00fcnftigen Ehemann nach Europa. Sie bekommen zwei Kinder. Jason verl\u00e4sst\u2026","rel":"","context":"\u00c4hnlicher Beitrag","block_context":{"text":"\u00c4hnlicher Beitrag","link":""},"img":{"alt_text":"","src":"https:\/\/i0.wp.com\/faceensemble.com\/wp-content\/uploads\/2019\/09\/115_medea_cmeyer_originals.jpg?resize=350%2C200&ssl=1","width":350,"height":200,"srcset":"https:\/\/i0.wp.com\/faceensemble.com\/wp-content\/uploads\/2019\/09\/115_medea_cmeyer_originals.jpg?resize=350%2C200&ssl=1 1x, https:\/\/i0.wp.com\/faceensemble.com\/wp-content\/uploads\/2019\/09\/115_medea_cmeyer_originals.jpg?resize=525%2C300&ssl=1 1.5x, https:\/\/i0.wp.com\/faceensemble.com\/wp-content\/uploads\/2019\/09\/115_medea_cmeyer_originals.jpg?resize=700%2C400&ssl=1 2x, https:\/\/i0.wp.com\/faceensemble.com\/wp-content\/uploads\/2019\/09\/115_medea_cmeyer_originals.jpg?resize=1050%2C600&ssl=1 3x, https:\/\/i0.wp.com\/faceensemble.com\/wp-content\/uploads\/2019\/09\/115_medea_cmeyer_originals.jpg?resize=1400%2C800&ssl=1 4x"},"classes":[]},{"id":1020,"url":"https:\/\/faceensemble.com\/brigitte-kupper\/","url_meta":{"origin":5343,"position":2},"title":"Brigitte K\u00fcpper CV","author":"567cool","date":"3. Januar 2019","format":false,"excerpt":"Anderweitig an der Posaune, konzentriert sich Brigitte K\u00fcpper aus K\u00f6ln haupts\u00e4chlich auf den experimentellen Umgang mit der Stimme. Ihr Repertoire, verwurzelt in dem Bewusstsein des improvisatorischen Elements urspr\u00fcnglicher Gesangstradition, bewegt sich vom Atem ausgehend zwischen der Verbindung von Klang und Ger\u00e4usch und dem Experimentell-Lautmalerischen bis zur Poesie im improvisierten Text.\u2026","rel":"","context":"\u00c4hnlicher Beitrag","block_context":{"text":"\u00c4hnlicher Beitrag","link":""},"img":{"alt_text":"brigitte","src":"https:\/\/i0.wp.com\/faceensemble.com\/wp-content\/uploads\/2019\/01\/brigitte.png?resize=350%2C200&ssl=1","width":350,"height":200},"classes":[]},{"id":2,"url":"https:\/\/faceensemble.com\/de\/actual\/","url_meta":{"origin":5343,"position":3},"title":"What&#8217;s NEW","author":"ivo3d","date":"19. August 2016","format":false,"excerpt":"actual dates of f.a.c.e. ensemble plays or shows","rel":"","context":"In \"3Dmapping\"","block_context":{"text":"3Dmapping","link":"https:\/\/faceensemble.com\/tag\/3dmapping\/"},"img":{"alt_text":"","src":"https:\/\/i0.wp.com\/faceensemble.com\/wp-content\/uploads\/2023\/10\/dscf0379_territorium_1.jpg?resize=350%2C200&ssl=1","width":350,"height":200,"srcset":"https:\/\/i0.wp.com\/faceensemble.com\/wp-content\/uploads\/2023\/10\/dscf0379_territorium_1.jpg?resize=350%2C200&ssl=1 1x, https:\/\/i0.wp.com\/faceensemble.com\/wp-content\/uploads\/2023\/10\/dscf0379_territorium_1.jpg?resize=525%2C300&ssl=1 1.5x, https:\/\/i0.wp.com\/faceensemble.com\/wp-content\/uploads\/2023\/10\/dscf0379_territorium_1.jpg?resize=700%2C400&ssl=1 2x, https:\/\/i0.wp.com\/faceensemble.com\/wp-content\/uploads\/2023\/10\/dscf0379_territorium_1.jpg?resize=1050%2C600&ssl=1 3x, https:\/\/i0.wp.com\/faceensemble.com\/wp-content\/uploads\/2023\/10\/dscf0379_territorium_1.jpg?resize=1400%2C800&ssl=1 4x"},"classes":[]},{"id":5258,"url":"https:\/\/faceensemble.com\/actual\/","url_meta":{"origin":5343,"position":4},"title":"What&#8217;s NEW","author":"ivo3d","date":"19. August 2016","format":false,"excerpt":"actual dates of f.a.c.e. ensemble plays or shows","rel":"","context":"\u00c4hnlicher Beitrag","block_context":{"text":"\u00c4hnlicher Beitrag","link":""},"img":{"alt_text":"","src":"https:\/\/i0.wp.com\/faceensemble.com\/wp-content\/uploads\/2023\/10\/dscf0379_territorium_1.jpg?resize=350%2C200&ssl=1","width":350,"height":200,"srcset":"https:\/\/i0.wp.com\/faceensemble.com\/wp-content\/uploads\/2023\/10\/dscf0379_territorium_1.jpg?resize=350%2C200&ssl=1 1x, https:\/\/i0.wp.com\/faceensemble.com\/wp-content\/uploads\/2023\/10\/dscf0379_territorium_1.jpg?resize=525%2C300&ssl=1 1.5x, https:\/\/i0.wp.com\/faceensemble.com\/wp-content\/uploads\/2023\/10\/dscf0379_territorium_1.jpg?resize=700%2C400&ssl=1 2x, https:\/\/i0.wp.com\/faceensemble.com\/wp-content\/uploads\/2023\/10\/dscf0379_territorium_1.jpg?resize=1050%2C600&ssl=1 3x, https:\/\/i0.wp.com\/faceensemble.com\/wp-content\/uploads\/2023\/10\/dscf0379_territorium_1.jpg?resize=1400%2C800&ssl=1 4x"},"classes":[]},{"id":5369,"url":"https:\/\/faceensemble.com\/de\/hairy-der-maskierte-friseur\/","url_meta":{"origin":5343,"position":5},"title":"HAIRY &#8211; Der maskierte Friseur","author":"567cool","date":"29. August 2020","format":false,"excerpt":"Tanztheater mit Adri\u00e1n Castell\u00f3 CV und Laura Leora Witzleben Video-Projection Art by Iv\u00f3 Kov\u00e1cs CV | Electronic Sound-Landscapes by Xes\u00fas Valle und @c Video-Dokumentation (30 Minuten) https:\/\/vimeo.com\/485084889 Foto Mike Kleinen \/ Stagemoments PRESSE von Thomas Linden \/ K\u00f6lnische Rundschau \u201cDer Gang zum Friseur glich in diesem Fr\u00fchjahr einer Mutprobe der\u2026","rel":"","context":"\u00c4hnlicher Beitrag","block_context":{"text":"\u00c4hnlicher Beitrag","link":""},"img":{"alt_text":"","src":"https:\/\/i0.wp.com\/faceensemble.com\/wp-content\/uploads\/2020\/06\/k.-szabc3b3-f.a.c.e.-hairy-foto-mike-kleinen-dsc_1845_2100.jpg?resize=350%2C200&ssl=1","width":350,"height":200,"srcset":"https:\/\/i0.wp.com\/faceensemble.com\/wp-content\/uploads\/2020\/06\/k.-szabc3b3-f.a.c.e.-hairy-foto-mike-kleinen-dsc_1845_2100.jpg?resize=350%2C200&ssl=1 1x, https:\/\/i0.wp.com\/faceensemble.com\/wp-content\/uploads\/2020\/06\/k.-szabc3b3-f.a.c.e.-hairy-foto-mike-kleinen-dsc_1845_2100.jpg?resize=525%2C300&ssl=1 1.5x, https:\/\/i0.wp.com\/faceensemble.com\/wp-content\/uploads\/2020\/06\/k.-szabc3b3-f.a.c.e.-hairy-foto-mike-kleinen-dsc_1845_2100.jpg?resize=700%2C400&ssl=1 2x, https:\/\/i0.wp.com\/faceensemble.com\/wp-content\/uploads\/2020\/06\/k.-szabc3b3-f.a.c.e.-hairy-foto-mike-kleinen-dsc_1845_2100.jpg?resize=1050%2C600&ssl=1 3x, https:\/\/i0.wp.com\/faceensemble.com\/wp-content\/uploads\/2020\/06\/k.-szabc3b3-f.a.c.e.-hairy-foto-mike-kleinen-dsc_1845_2100.jpg?resize=1400%2C800&ssl=1 4x"},"classes":[]}],"_links":{"self":[{"href":"https:\/\/faceensemble.com\/de\/wp-json\/wp\/v2\/pages\/5343","targetHints":{"allow":["GET"]}}],"collection":[{"href":"https:\/\/faceensemble.com\/de\/wp-json\/wp\/v2\/pages"}],"about":[{"href":"https:\/\/faceensemble.com\/de\/wp-json\/wp\/v2\/types\/page"}],"author":[{"embeddable":true,"href":"https:\/\/faceensemble.com\/de\/wp-json\/wp\/v2\/users\/12093239"}],"replies":[{"embeddable":true,"href":"https:\/\/faceensemble.com\/de\/wp-json\/wp\/v2\/comments?post=5343"}],"version-history":[{"count":1,"href":"https:\/\/faceensemble.com\/de\/wp-json\/wp\/v2\/pages\/5343\/revisions"}],"predecessor-version":[{"id":5344,"href":"https:\/\/faceensemble.com\/de\/wp-json\/wp\/v2\/pages\/5343\/revisions\/5344"}],"wp:attachment":[{"href":"https:\/\/faceensemble.com\/de\/wp-json\/wp\/v2\/media?parent=5343"}],"wp:term":[{"taxonomy":"post_tag","embeddable":true,"href":"https:\/\/faceensemble.com\/de\/wp-json\/wp\/v2\/tags?post=5343"}],"curies":[{"name":"wp","href":"https:\/\/api.w.org\/{rel}","templated":true}]}}