{"id":5347,"date":"2019-01-12T16:04:47","date_gmt":"2019-01-12T16:04:47","guid":{"rendered":"https:\/\/faceensemble.com\/?page_id=5347"},"modified":"2024-11-19T18:50:15","modified_gmt":"2024-11-19T18:50:15","slug":"newsletter","status":"publish","type":"page","link":"https:\/\/faceensemble.com\/de\/newsletter\/","title":{"rendered":"Newsletter"},"content":{"rendered":"<p>Unseren Newsletter verschicken wir 3 &#8211; 4 Mal im Jahr. Bitte teilen Sie uns mit, dass Sie ihn erhalten m\u00f6chten! Schreiben Sie an: <span style=\"color: #3366ff;\">face-performingarts@hotmil.com<\/span><\/p>\n<p>&nbsp;<\/p>\n<p><img data-recalc-dims=\"1\" loading=\"lazy\" decoding=\"async\" class=\"alignnone size-full wp-image-29\" src=\"https:\/\/i0.wp.com\/faceensemble.com\/wp-content\/uploads\/2016\/08\/cropped-louisxiv-reuterscrop.jpg?resize=748%2C461&#038;ssl=1\" alt=\"cropped-louisxiv-reuterscrop.jpg\" width=\"748\" height=\"461\" \/><\/p>\n<h5>Foto Collage: <a href=\"https:\/\/faceensemble.com\/team\/ivo-kovacs-cv\/\">Iv\u00f3 Kov\u00e1cs<\/a><\/h5>\n","protected":false},"excerpt":{"rendered":"<p>Unseren Newsletter verschicken wir 3 &#8211; 4 Mal im Jahr. Bitte teilen Sie uns mit, dass Sie ihn erhalten m\u00f6chten! Schreiben Sie an: face-performingarts@hotmil.com &nbsp; Foto Collage: Iv\u00f3 Kov\u00e1cs<\/p>\n","protected":false},"author":12093239,"featured_media":0,"parent":0,"menu_order":0,"comment_status":"closed","ping_status":"closed","template":"","meta":{"_coblocks_attr":"","_coblocks_dimensions":"","_coblocks_responsive_height":"","_coblocks_accordion_ie_support":"","advanced_seo_description":"","jetpack_seo_html_title":"","jetpack_seo_noindex":false,"jetpack_seo_schema_type":"","_wpcom_ai_launchpad_about_page":false,"_wpcom_ai_launchpad_gallery_page":false,"_wpcom_ai_launchpad_contact_page":false,"_wpcom_ai_launchpad_events_page":false,"_wpcom_ai_launchpad_video_page":false,"_wpcom_ai_launchpad_portfolio_piece":false,"footnotes":""},"tags":[],"class_list":["post-5347","page","type-page","status-publish","hentry"],"jetpack_likes_enabled":false,"jetpack_sharing_enabled":false,"jetpack_shortlink":"https:\/\/wp.me\/P7OOTK-1of","jetpack-related-posts":[{"id":1168,"url":"https:\/\/faceensemble.com\/newsletter\/","url_meta":{"origin":5347,"position":0},"title":"Newsletter","author":"567cool","date":"12. Januar 2019","format":false,"excerpt":"Unseren Newsletter verschicken wir 3 - 4 Mal im Jahr. Bitte teilen Sie uns mit, dass Sie ihn erhalten m\u00f6chten! Schreiben Sie an: face-performingarts@hotmil.com We send a newsletter 3 - 4 times a year. Please let us know, that you would like to receive it! Write to: face-performingarts@hotmail.com Foto Collage:\u2026","rel":"","context":"\u00c4hnlicher Beitrag","block_context":{"text":"\u00c4hnlicher Beitrag","link":""},"img":{"alt_text":"cropped-louisxiv-reuterscrop.jpg","src":"https:\/\/i0.wp.com\/faceensemble.com\/wp-content\/uploads\/2016\/08\/cropped-louisxiv-reuterscrop.jpg?resize=350%2C200&ssl=1","width":350,"height":200,"srcset":"https:\/\/i0.wp.com\/faceensemble.com\/wp-content\/uploads\/2016\/08\/cropped-louisxiv-reuterscrop.jpg?resize=350%2C200&ssl=1 1x, https:\/\/i0.wp.com\/faceensemble.com\/wp-content\/uploads\/2016\/08\/cropped-louisxiv-reuterscrop.jpg?resize=525%2C300&ssl=1 1.5x, https:\/\/i0.wp.com\/faceensemble.com\/wp-content\/uploads\/2016\/08\/cropped-louisxiv-reuterscrop.jpg?resize=700%2C400&ssl=1 2x, https:\/\/i0.wp.com\/faceensemble.com\/wp-content\/uploads\/2016\/08\/cropped-louisxiv-reuterscrop.jpg?resize=1050%2C600&ssl=1 3x, https:\/\/i0.wp.com\/faceensemble.com\/wp-content\/uploads\/2016\/08\/cropped-louisxiv-reuterscrop.jpg?resize=1400%2C800&ssl=1 4x"},"classes":[]},{"id":860,"url":"https:\/\/faceensemble.com\/photini-meletiadis-cv\/","url_meta":{"origin":5347,"position":1},"title":"Photini Meletiadis CV","author":"567cool","date":"2. Januar 2019","format":false,"excerpt":"Photini Meletiadis \u2013 T\u00e4nzerin, Choreographin 2009 schloss sie ihr Diplom in B\u00fchnentanz ab und 2013 ihren \u201aMaster of Arts\u2018 in \u201eTanzvermittlung im zeitgen\u00f6ssischen Kontext\u201c am ZZT, HfMT in K\u00f6ln. Sie ist als T\u00e4nzerin, Choreographin und Tanzp\u00e4dagogin haupts\u00e4chlich im Raum NRW sowie im Ausland t\u00e4tig. Dabei liegt ihr Fokus auf Site-Specific-\u2026","rel":"","context":"\u00c4hnlicher Beitrag","block_context":{"text":"\u00c4hnlicher Beitrag","link":""},"img":{"alt_text":"Georg Kaiser: Gas II","src":"https:\/\/i0.wp.com\/faceensemble.com\/wp-content\/uploads\/2016\/09\/1_263_gazii_cmeyer_originals.jpg?resize=350%2C200&ssl=1","width":350,"height":200},"classes":[]},{"id":5361,"url":"https:\/\/faceensemble.com\/de\/support-us\/","url_meta":{"origin":5347,"position":2},"title":"Unterst\u00fctzen Sie uns!","author":"567cool","date":"4. Juli 2019","format":false,"excerpt":"Unterst\u00fctzen Sie uns mit einigen technischen Dingen oder spenden Sie (siehe untenstehenden Button). Es w\u00fcrde uns sehr helfen! Wir sind st\u00e4ndig auf der Suche nach einem LED-Beleuchtungssystem, um unsere Shows vor Ort zu beleuchten. - Wir suchen hochwertige Projektoren (8000 ANSI LUMEN oder mehr), - Medienserver (mindestens mit 6 Ausg\u00e4ngen,\u2026","rel":"","context":"\u00c4hnlicher Beitrag","block_context":{"text":"\u00c4hnlicher Beitrag","link":""},"img":{"alt_text":"Danke! The F.a.c.e. team","src":"https:\/\/i0.wp.com\/faceensemble.com\/wp-content\/uploads\/2020\/04\/charity_pic_face.png?resize=350%2C200&ssl=1","width":350,"height":200},"classes":[]},{"id":5359,"url":"https:\/\/faceensemble.com\/de\/sara-blasco-gutierrez-cv\/","url_meta":{"origin":5347,"position":3},"title":"Sara Blasco Guti\u00e9rrez CV","author":"567cool","date":"2. Januar 2019","format":false,"excerpt":"\u00a0 Die spanische T\u00e4nzerin Sara Blasco Guti\u00e9rrez\u00a0wurde in Valencia geboren. Sie studierte zeitgen\u00f6ssischen Tanz am dortigen Konservatorium f\u00fcr Musik und Tanz, gleichzeitig schloss sie ein Bachelorstudium in audiovisueller Kommunikation an der Polytechnischen Universit\u00e4t ab. In Valencia arbeitete sie zun\u00e4chst als T\u00e4nzerin, Choreographin und Produktions-Assistentin in der Company Mar\u00eda Carbonell und\u2026","rel":"","context":"\u00c4hnlicher Beitrag","block_context":{"text":"\u00c4hnlicher Beitrag","link":""},"img":{"alt_text":"WICCA (L\u00b4AMOUR FOU)","src":"https:\/\/i0.wp.com\/faceensemble.com\/wp-content\/uploads\/2016\/09\/057_wicca_cmeyer_originals.jpg?resize=350%2C200&ssl=1","width":350,"height":200,"srcset":"https:\/\/i0.wp.com\/faceensemble.com\/wp-content\/uploads\/2016\/09\/057_wicca_cmeyer_originals.jpg?resize=350%2C200&ssl=1 1x, https:\/\/i0.wp.com\/faceensemble.com\/wp-content\/uploads\/2016\/09\/057_wicca_cmeyer_originals.jpg?resize=525%2C300&ssl=1 1.5x, https:\/\/i0.wp.com\/faceensemble.com\/wp-content\/uploads\/2016\/09\/057_wicca_cmeyer_originals.jpg?resize=700%2C400&ssl=1 2x, https:\/\/i0.wp.com\/faceensemble.com\/wp-content\/uploads\/2016\/09\/057_wicca_cmeyer_originals.jpg?resize=1050%2C600&ssl=1 3x, https:\/\/i0.wp.com\/faceensemble.com\/wp-content\/uploads\/2016\/09\/057_wicca_cmeyer_originals.jpg?resize=1400%2C800&ssl=1 4x"},"classes":[]},{"id":890,"url":"https:\/\/faceensemble.com\/sara-blasco-cv\/","url_meta":{"origin":5347,"position":4},"title":"Sara Blasco Guti\u00e9rrez CV","author":"567cool","date":"2. Januar 2019","format":false,"excerpt":"\u00a0 Die spanische T\u00e4nzerin Sara Blasco Guti\u00e9rrez\u00a0wurde in Valencia geboren. Sie studierte zeitgen\u00f6ssischen Tanz am dortigen Konservatorium f\u00fcr Musik und Tanz, gleichzeitig schloss sie ein Bachelorstudium in audiovisueller Kommunikation an der Polytechnischen Universit\u00e4t ab. In Valencia arbeitete sie zun\u00e4chst als T\u00e4nzerin, Choreographin und Produktions-Assistentin in der Company Mar\u00eda Carbonell und\u2026","rel":"","context":"\u00c4hnlicher Beitrag","block_context":{"text":"\u00c4hnlicher Beitrag","link":""},"img":{"alt_text":"WICCA (L\u00b4AMOUR FOU)","src":"https:\/\/i0.wp.com\/faceensemble.com\/wp-content\/uploads\/2016\/09\/057_wicca_cmeyer_originals.jpg?resize=350%2C200&ssl=1","width":350,"height":200,"srcset":"https:\/\/i0.wp.com\/faceensemble.com\/wp-content\/uploads\/2016\/09\/057_wicca_cmeyer_originals.jpg?resize=350%2C200&ssl=1 1x, https:\/\/i0.wp.com\/faceensemble.com\/wp-content\/uploads\/2016\/09\/057_wicca_cmeyer_originals.jpg?resize=525%2C300&ssl=1 1.5x, https:\/\/i0.wp.com\/faceensemble.com\/wp-content\/uploads\/2016\/09\/057_wicca_cmeyer_originals.jpg?resize=700%2C400&ssl=1 2x, https:\/\/i0.wp.com\/faceensemble.com\/wp-content\/uploads\/2016\/09\/057_wicca_cmeyer_originals.jpg?resize=1050%2C600&ssl=1 3x, https:\/\/i0.wp.com\/faceensemble.com\/wp-content\/uploads\/2016\/09\/057_wicca_cmeyer_originals.jpg?resize=1400%2C800&ssl=1 4x"},"classes":[]},{"id":5401,"url":"https:\/\/faceensemble.com\/de\/yoko-der-falsche-tiger-und-das-glueck\/","url_meta":{"origin":5347,"position":5},"title":"YOKO &#8211; Der falsche Tiger und das Gl\u00fcck","author":"567cool","date":"12. Juli 2019","format":false,"excerpt":"Kom\u00f6die f\u00fcr Kinder und Erwchsene ab 6 Jahren Spieltermine: 8, 9, 15, 16. Oktober 2022 HORIZONT THEATER K\u00f6ln, Th\u00fcrmchenswall 25, 50668 K\u00f6ln KARTENTELEFON: 0221-131604 Zum Anschauen klicken Sie bitte hier Teaser (5 Minuten) Der falsche Tiger und das Gl\u00fcck https:\/\/vimeo.com\/374490941 Informationen s. auch: Krist\u00f3f Szab\u00f3 F.A.C.E. - KINDERTHEATER Fotos Mike\u2026","rel":"","context":"\u00c4hnlicher Beitrag","block_context":{"text":"\u00c4hnlicher Beitrag","link":""},"img":{"alt_text":"","src":"https:\/\/i0.wp.com\/faceensemble.com\/wp-content\/uploads\/2019\/11\/k-szabo-face-der-falsche-tiger-foto-mike-kleinen-7.jpg?resize=350%2C200&ssl=1","width":350,"height":200,"srcset":"https:\/\/i0.wp.com\/faceensemble.com\/wp-content\/uploads\/2019\/11\/k-szabo-face-der-falsche-tiger-foto-mike-kleinen-7.jpg?resize=350%2C200&ssl=1 1x, https:\/\/i0.wp.com\/faceensemble.com\/wp-content\/uploads\/2019\/11\/k-szabo-face-der-falsche-tiger-foto-mike-kleinen-7.jpg?resize=525%2C300&ssl=1 1.5x, https:\/\/i0.wp.com\/faceensemble.com\/wp-content\/uploads\/2019\/11\/k-szabo-face-der-falsche-tiger-foto-mike-kleinen-7.jpg?resize=700%2C400&ssl=1 2x, https:\/\/i0.wp.com\/faceensemble.com\/wp-content\/uploads\/2019\/11\/k-szabo-face-der-falsche-tiger-foto-mike-kleinen-7.jpg?resize=1050%2C600&ssl=1 3x"},"classes":[]}],"_links":{"self":[{"href":"https:\/\/faceensemble.com\/de\/wp-json\/wp\/v2\/pages\/5347","targetHints":{"allow":["GET"]}}],"collection":[{"href":"https:\/\/faceensemble.com\/de\/wp-json\/wp\/v2\/pages"}],"about":[{"href":"https:\/\/faceensemble.com\/de\/wp-json\/wp\/v2\/types\/page"}],"author":[{"embeddable":true,"href":"https:\/\/faceensemble.com\/de\/wp-json\/wp\/v2\/users\/12093239"}],"replies":[{"embeddable":true,"href":"https:\/\/faceensemble.com\/de\/wp-json\/wp\/v2\/comments?post=5347"}],"version-history":[{"count":2,"href":"https:\/\/faceensemble.com\/de\/wp-json\/wp\/v2\/pages\/5347\/revisions"}],"predecessor-version":[{"id":5559,"href":"https:\/\/faceensemble.com\/de\/wp-json\/wp\/v2\/pages\/5347\/revisions\/5559"}],"wp:attachment":[{"href":"https:\/\/faceensemble.com\/de\/wp-json\/wp\/v2\/media?parent=5347"}],"wp:term":[{"taxonomy":"post_tag","embeddable":true,"href":"https:\/\/faceensemble.com\/de\/wp-json\/wp\/v2\/tags?post=5347"}],"curies":[{"name":"wp","href":"https:\/\/api.w.org\/{rel}","templated":true}]}}