{"id":5369,"date":"2020-08-29T15:28:21","date_gmt":"2020-08-29T15:28:21","guid":{"rendered":"https:\/\/faceensemble.com\/?page_id=5369"},"modified":"2024-11-15T15:47:58","modified_gmt":"2024-11-15T15:47:58","slug":"hairy-der-maskierte-friseur","status":"publish","type":"page","link":"https:\/\/faceensemble.com\/de\/hairy-der-maskierte-friseur\/","title":{"rendered":"HAIRY &#8211; Der maskierte Friseur"},"content":{"rendered":"\r\n<h2 class=\"wp-block-heading\">Tanztheater<\/h2>\r\n\r\n\r\n\r\n<h4 class=\"wp-block-heading\">mit <a href=\"https:\/\/faceensemble.com\/adrian-castello\/\">Adri\u00e1n Castell\u00f3 CV<\/a> und Laura Leora Witzleben<\/h4>\r\n\r\n\r\n\r\n\r\nVideo-Projection Art by <a href=\"https:\/\/faceensemble.com\/team\/ivo-kovacs-cv\/\">Iv\u00f3 Kov\u00e1cs CV<\/a> | Electronic Sound-Landscapes by Xes\u00fas Valle und @c\r\n\r\n\r\n\r\n\r\n\r\n<strong>Video-Dokumentation (30 Minuten)<\/strong> <a href=\"https:\/\/vimeo.com\/485084889\" target=\"_blank\" rel=\"noreferrer noopener\"><strong>https:\/\/vimeo.com\/485084889<\/strong><\/a>\r\n\r\n\r\n\r\n\r\n<figure class=\"wp-block-image\"><img data-recalc-dims=\"1\" loading=\"lazy\" decoding=\"async\" width=\"748\" height=\"499\" class=\"wp-image-2124\" src=\"https:\/\/i0.wp.com\/faceensemble.com\/wp-content\/uploads\/2020\/06\/k.-szabc3b3-f.a.c.e.-hairy-foto-mike-kleinen-dsc_1845_2100.jpg?resize=748%2C499&#038;ssl=1\" alt=\"\" \/><figcaption>Foto Mike Kleinen \/ Stagemoments<\/figcaption><\/figure>\r\n\r\n\r\n\r\n\r\nPRESSE von Thomas Linden \/ K\u00f6lnische Rundschau\r\n\r\n\r\n\r\n\r\n\r\n\u201cDer Gang zum Friseur glich in diesem Fr\u00fchjahr einer Mutprobe der besonderen Art. Aber l\u00f6st der Gedanke an einen Friseurbesuch nicht immer ein vages Gef\u00fchl der Ungewissheit aus? Krist\u00f3f Szab\u00f3 experimentiert in seiner neuen Produktion \u201eHairy \u2013 Der maskierte Friseur\u201c mit den ambivalenten Gef\u00fchlen und Mythen, die den Umgang mit unserer Haarpracht pr\u00e4gen.\r\n\r\n\r\n\r\n\r\n\r\nDen B\u00fchnenraum der Orangerie im Volksgarten f\u00fcllt eine spektakul\u00e4re Projektion aus. Ohne mit der Wimper zu zucken, l\u00e4sst sich eine junge Frau ihr sch\u00f6nes Haar abrasieren. Selbst die Augenbrauen werden f\u00fcr das Messer eingeseift. Verst\u00f6rend anzusehen, aber \u00fcberzeugend als Geste selbstbestimmten Handelns dargeboten. Ganz anders wirkt eine Szene aus der aktuellen Serie \u201eInhumans\u201c, in der einer Frau mit langem roten Haar \u2013 das ihr Superkr\u00e4fte verlieh \u2013 mit Gewalt der Kopf geschoren wird.\r\n\r\n\r\n\r\n\r\n\r\nDas Haar als Symbol der Potenz besitzt noch ungebrochene Wirkung in unserer Realit\u00e4t. Eine lange Reihe kahler K\u00f6pfe l\u00e4dt zum Nachdenken \u00fcber die Rolle der Haare f\u00fcr Image und Selbstwertgef\u00fchl ein.\r\n\r\n\r\n\r\n\r\n\r\nSzab\u00f3 rei\u00dft solche Aspekte an, um sich dann jedoch auf sein Kerngesch\u00e4ft als Choreograph zu konzentrieren.\r\n\r\n\r\n\r\n\r\n\r\nDer in K\u00f6ln lebende Ungar neigte in der Vergangenheit zu \u00fcberladenen Produktionen, in denen Zitate und kulturhistorische Bez\u00fcge \u00fcppig aufeinander get\u00fcrmt wurden. Diesmal ist es anders: Szab\u00f3 arbeitet reduziert und konkret mit den Mitteln des Tanzes. Laura Witzleben und Adri\u00e1n Castell\u00f3 bieten perlende Tanzpassagen, die nicht erz\u00e4hlend angelegt sind, sondern assoziativen Elementen folgen. Eine ebenso kraftvolle wie elegante Tanzfantasie. (TL)\r\n\r\n\r\n\r\n\r\n\r\n<em>Dauer: 30 Minuten.<\/em>\r\n\r\n\r\n\r\n\r\n<figure class=\"wp-block-image\"><img data-recalc-dims=\"1\" loading=\"lazy\" decoding=\"async\" width=\"748\" height=\"499\" class=\"wp-image-2121\" src=\"https:\/\/i0.wp.com\/faceensemble.com\/wp-content\/uploads\/2020\/06\/k.-szabc3b3-f.a.c.e.-hairy-foto-mike-kleinen-stagemoments-dsc_1589_2100.jpg?resize=748%2C499&#038;ssl=1\" alt=\"\" \/><\/figure>\r\n\r\n\r\n\r\n\r\nWir sprechen \u00fcber uns durch unsere Frisuren. Wer h\u00e4tte mehr Macht \u00fcber unsere Identit\u00e4t, als der Friseur. Uppercut? Surfercut? Bob? Bitte nur die Spitzen! Friseur und Kund*in: Ihr Duo des Wechselspiels zwischen Vertrauen und Misstrauen beginnt mit einem Lauern einander umkreisend \u2013 bis sie zwischen Realit\u00e4t und Phantasie miteinander verschmelzen.\r\n\r\n\r\n\r\n\r\n\r\n<em>Der K\u00f6rper ist nicht einfach ein St\u00fcck Natur, sondern immer auch das Ergebnis kultureller Vorstellungen und Praktiken.\u00a0<\/em>\r\n\r\n\r\n\r\n\r\n\r\n<em>Haare spielen in unserem Leben eine wichtige Rolle. Sie markieren die Zugeh\u00f6rigkeit zu einer gesellschaftlichen oder religi\u00f6sen Gruppe, demonstrieren Normen und Werte einer Gemeinschaft sowie die Individualit\u00e4t des Einzelnen. Als fester Bestandteil des K\u00f6rpers sind Haare auf vielf\u00e4ltige Weise in L\u00e4nge, Form und Farbe wandelbar; Und auf dem Kopf f\u00fcr jeden sichtbar, sind sie schnell als soziales Zeichen zu erkennen.\u00a0<\/em>\r\n\r\n\r\n\r\n\r\n<figure class=\"wp-block-image\"><img data-recalc-dims=\"1\" loading=\"lazy\" decoding=\"async\" width=\"748\" height=\"499\" class=\"wp-image-2123\" src=\"https:\/\/i0.wp.com\/faceensemble.com\/wp-content\/uploads\/2020\/06\/k.-szabc3b3-f.a.c.e.-hairy-foto-mike-kleinen-stagemoments-dsc_1756_2100.jpg?resize=748%2C499&#038;ssl=1\" alt=\"\" \/><\/figure>\r\n\r\n\r\n\r\n\r\n<em>Der Friseur ist der wahre einzige Meister*: Im Friseurstuhl geben wir unsere Identit\u00e4t in seine H\u00e4nde.<\/em>\r\n\r\n\r\n\r\n\r\n\r\nTANZ <a href=\"https:\/\/faceensemble.com\/adrian-castello\/\">Adri\u00e1n Castell\u00f3 CV<\/a>, Laura Leora Witzleben VIDEO-ART <a href=\"https:\/\/faceensemble.com\/team\/ivo-kovacs-cv\/\">Iv\u00f3 Kov\u00e1cs CV<\/a> SOCIAL MEDIA <a href=\"https:\/\/faceensemble.com\/julia-karl-cv\/\">Julia Karl CV<\/a> PR Mechtild Tellmann LAYOUT <a href=\"https:\/\/faceensemble.com\/klaus-a-burth\/\">Klaus A. Burth CV<\/a> AUDIO-ART Christian Polenzky FOTO-ART <a href=\"https:\/\/faceensemble.com\/team\/mike-kleinen-cv\/\">Mike Kleinen CV<\/a> KOST\u00dcM Adri\u00e1n Castell\u00f3 \u2013 Krist\u00f3f Szab\u00f3 \u2013 <a href=\"https:\/\/faceensemble.com\/team\/emese-kasza-cv\/\">Emese Kasza CV<\/a> LICHT Jan Wiesbrock \u2013 Krist\u00f3f Szab\u00f3 ELECTRONIC SOUND-LANDSCAPES Xes\u00fas Valle und @c CHOREOGRAFIE Krist\u00f3f Szab\u00f3 \u2013 Laura Leora Witzleben \u2013 Adri\u00e1n Castell\u00f3 KONZEPT, STAGE- SET, ZEICHNUNG (Mond) &amp; REGIE <a href=\"https:\/\/faceensemble.com\/team\/kristof-szabo-cv\/\">Krist\u00f3f Szab\u00f3 CV<\/a>\r\n\r\n\r\n\r\n\r\n\r\nGef\u00f6rdert von Stadt K\u00f6ln Kulturamt\r\n\r\n\r\n\r\n\r\n\r\nKoproduktion mit dem Orangerie Theater\r\n\r\n\r\n\r\n\r\n\r\nDas F.A.C.E.Ensemble wird 2020 von der RheinEnergieStiftung Kultur gef\u00f6rdert\r\n\r\n","protected":false},"excerpt":{"rendered":"<p>Tanztheater mit Adri\u00e1n Castell\u00f3 CV und Laura Leora Witzleben Video-Projection Art by Iv\u00f3 Kov\u00e1cs CV | Electronic Sound-Landscapes by Xes\u00fas Valle und @c Video-Dokumentation (30 Minuten) <a href=\"https:\/\/vimeo.com\/485084889\" rel=\"nofollow\">https:\/\/vimeo.com\/485084889<\/a> PRESSE von Thomas Linden \/ K\u00f6lnische Rundschau \u201cDer Gang zum Friseur glich in diesem Fr\u00fchjahr einer Mutprobe der besonderen Art. Aber l\u00f6st der Gedanke an einen Friseurbesuch nicht &hellip; <a class=\"more-link\" href=\"https:\/\/faceensemble.com\/de\/hairy-der-maskierte-friseur\/\">Mehr <span class=\"screen-reader-text\">HAIRY &#8211; Der maskierte Friseur<\/span><\/a><\/p>\n","protected":false},"author":12093239,"featured_media":0,"parent":0,"menu_order":0,"comment_status":"closed","ping_status":"closed","template":"","meta":{"_coblocks_attr":"","_coblocks_dimensions":"","_coblocks_responsive_height":"","_coblocks_accordion_ie_support":"","advanced_seo_description":"","jetpack_seo_html_title":"","jetpack_seo_noindex":false,"jetpack_seo_schema_type":"","_wpcom_ai_launchpad_about_page":false,"_wpcom_ai_launchpad_gallery_page":false,"_wpcom_ai_launchpad_contact_page":false,"_wpcom_ai_launchpad_events_page":false,"_wpcom_ai_launchpad_video_page":false,"_wpcom_ai_launchpad_portfolio_piece":false,"footnotes":""},"tags":[],"class_list":["post-5369","page","type-page","status-publish","hentry"],"jetpack_likes_enabled":true,"jetpack_sharing_enabled":true,"jetpack_shortlink":"https:\/\/wp.me\/P7OOTK-1oB","jetpack-related-posts":[{"id":2216,"url":"https:\/\/faceensemble.com\/prometheische-kultur\/","url_meta":{"origin":5369,"position":0},"title":"PROMETHEISCHE KULTUR","author":"567cool","date":"29. August 2020","format":false,"excerpt":"K.Szab\u00f3\/F.A.C.E. nach Aischylos\/Marinetti\/Shelley\/Char\/Vukanac\/K. Szab\u00f3 Intermediale Inszenierung https:\/\/vimeo.com\/503937113 Kunst, Design, Technik \u2013 Zeichen ver\u00e4ndern die Wirklichkeit. Prometheus ist das Ur-Zeichen f\u00fcr den Glauben an die Vernunft des Menschen. Hat dieser Glaube noch G\u00fcltigkeit? Foto Julia Karl CV Ein St\u00fcck \u00fcber Prometheus und seinen Glauben, der Mensch w\u00fcrde eine bessere Welt bauen\u2026","rel":"","context":"\u00c4hnlicher Beitrag","block_context":{"text":"\u00c4hnlicher Beitrag","link":""},"img":{"alt_text":"","src":"https:\/\/i0.wp.com\/faceensemble.com\/wp-content\/uploads\/2020\/11\/prometheische-kultur-fotos-juila-karl-12.jpeg?resize=350%2C200&ssl=1","width":350,"height":200,"srcset":"https:\/\/i0.wp.com\/faceensemble.com\/wp-content\/uploads\/2020\/11\/prometheische-kultur-fotos-juila-karl-12.jpeg?resize=350%2C200&ssl=1 1x, https:\/\/i0.wp.com\/faceensemble.com\/wp-content\/uploads\/2020\/11\/prometheische-kultur-fotos-juila-karl-12.jpeg?resize=525%2C300&ssl=1 1.5x, https:\/\/i0.wp.com\/faceensemble.com\/wp-content\/uploads\/2020\/11\/prometheische-kultur-fotos-juila-karl-12.jpeg?resize=700%2C400&ssl=1 2x, https:\/\/i0.wp.com\/faceensemble.com\/wp-content\/uploads\/2020\/11\/prometheische-kultur-fotos-juila-karl-12.jpeg?resize=1050%2C600&ssl=1 3x, https:\/\/i0.wp.com\/faceensemble.com\/wp-content\/uploads\/2020\/11\/prometheische-kultur-fotos-juila-karl-12.jpeg?resize=1400%2C800&ssl=1 4x"},"classes":[]},{"id":2207,"url":"https:\/\/faceensemble.com\/hairy-der-maskierte-friseur\/","url_meta":{"origin":5369,"position":1},"title":"HAIRY &#8211; Der maskierte Friseur","author":"567cool","date":"29. August 2020","format":false,"excerpt":"Tanztheater mit Adri\u00e1n Castell\u00f3 CV und Laura Leora Witzleben Video-Projection Art by Iv\u00f3 Kov\u00e1cs CV | Electronic Sound-Landscapes by Xes\u00fas Valle und @c Video-Dokumentation (30 Minuten) https:\/\/vimeo.com\/485084889 Foto Mike Kleinen \/ Stagemoments PRESSE von Thomas Linden \/ K\u00f6lnische Rundschau \u201cDer Gang zum Friseur glich in diesem Fr\u00fchjahr einer Mutprobe der\u2026","rel":"","context":"\u00c4hnlicher Beitrag","block_context":{"text":"\u00c4hnlicher Beitrag","link":""},"img":{"alt_text":"","src":"https:\/\/i0.wp.com\/faceensemble.com\/wp-content\/uploads\/2020\/06\/k.-szabc3b3-f.a.c.e.-hairy-foto-mike-kleinen-dsc_1845_2100.jpg?resize=350%2C200&ssl=1","width":350,"height":200,"srcset":"https:\/\/i0.wp.com\/faceensemble.com\/wp-content\/uploads\/2020\/06\/k.-szabc3b3-f.a.c.e.-hairy-foto-mike-kleinen-dsc_1845_2100.jpg?resize=350%2C200&ssl=1 1x, https:\/\/i0.wp.com\/faceensemble.com\/wp-content\/uploads\/2020\/06\/k.-szabc3b3-f.a.c.e.-hairy-foto-mike-kleinen-dsc_1845_2100.jpg?resize=525%2C300&ssl=1 1.5x, https:\/\/i0.wp.com\/faceensemble.com\/wp-content\/uploads\/2020\/06\/k.-szabc3b3-f.a.c.e.-hairy-foto-mike-kleinen-dsc_1845_2100.jpg?resize=700%2C400&ssl=1 2x, https:\/\/i0.wp.com\/faceensemble.com\/wp-content\/uploads\/2020\/06\/k.-szabc3b3-f.a.c.e.-hairy-foto-mike-kleinen-dsc_1845_2100.jpg?resize=1050%2C600&ssl=1 3x, https:\/\/i0.wp.com\/faceensemble.com\/wp-content\/uploads\/2020\/06\/k.-szabc3b3-f.a.c.e.-hairy-foto-mike-kleinen-dsc_1845_2100.jpg?resize=1400%2C800&ssl=1 4x"},"classes":[]},{"id":1361,"url":"https:\/\/faceensemble.com\/kain-2\/","url_meta":{"origin":5369,"position":2},"title":"KAIN meets LUZIFER","author":"567cool","date":"12. Juli 2019","format":false,"excerpt":"https:\/\/vimeo.com\/390273978 bitte anklicken: KAIN meets LUZIFER Text Lord Byron Video Dokumentation in Deutsch \u00a0 Doch ohne Ewiges Leben - wozu Erkenntnis, wozu Wissenschaft? - Mixed-Media-Inszenierung im Geiste der Romantik im Spannungsfeld der digitalen Moderne mit Gem\u00e4lden von C.D.Friedrich, Musik von F. Schubert u.a. Text von Lord Byron (1788-1824) Video-Dokumentation bitte\u2026","rel":"","context":"\u00c4hnlicher Beitrag","block_context":{"text":"\u00c4hnlicher Beitrag","link":""},"img":{"alt_text":"KAIN meets LUZIFER","src":"https:\/\/i0.wp.com\/faceensemble.com\/wp-content\/uploads\/2019\/11\/296_kainmeetsluzifer_cmeyer_originals.jpg?resize=350%2C200&ssl=1","width":350,"height":200},"classes":[]},{"id":122,"url":"https:\/\/faceensemble.com\/team\/garlef-kesler-cv\/","url_meta":{"origin":5369,"position":3},"title":"Garlef Ke\u00dfler CV","author":"ivo3d","date":"19. September 2016","format":false,"excerpt":"Garlef Ke\u00dfler (Lichtdesign) Garlef Ke\u00dfler studierte Angewandte Kulturwissenschaften und \u00e4sthetische Praxis an der Uni Hildesheim mit Diplomabschluss und war danach als technischer Assistent beim Kinder- und Jugendtheater Huis aan de Amstel (Amsterdam), bei Dansgroep Krisztina de Ch\u00e2tel (Amsterdam) und bei Sasha Waltz & Guests (Berlin) t\u00e4tig. Seit 2011 ist er\u2026","rel":"","context":"\u00c4hnlicher Beitrag","block_context":{"text":"\u00c4hnlicher Beitrag","link":""},"img":{"alt_text":"garlef-kesler","src":"https:\/\/i0.wp.com\/faceensemble.com\/wp-content\/uploads\/2016\/09\/garlef-kec39fler_web.jpg?resize=350%2C200&ssl=1","width":350,"height":200},"classes":[]},{"id":851,"url":"https:\/\/faceensemble.com\/kathrin-blume-wankelmuth-cv\/","url_meta":{"origin":5369,"position":4},"title":"Kathrin Blume-Wankelmuth CV","author":"567cool","date":"2. Januar 2019","format":false,"excerpt":"Kathrin Blume-Wankelmuth schloss 2008 ihr B\u00fchnentanzstudium an der Fontys Dansacademie (NL) ab. Sie arbeitet seitdem freiberuflich und international als T\u00e4nzerin\/Performerin in zahlreichen Produktionen im Bereich Tanz und Theater. \u00a0 \u00a0","rel":"","context":"\u00c4hnlicher Beitrag","block_context":{"text":"\u00c4hnlicher Beitrag","link":""},"img":{"alt_text":"Kathrin Wankelmuth_foto_by_Krist\u00f3f_ Szab\u00f3_IMG_6533","src":"https:\/\/i0.wp.com\/faceensemble.com\/wp-content\/uploads\/2016\/09\/kathrin-wankelmuth_foto_by_kristc3b3f_-szabc3b3_img_6533.jpg?resize=350%2C200&ssl=1","width":350,"height":200},"classes":[]},{"id":5385,"url":"https:\/\/faceensemble.com\/de\/team-performers\/mike-kleinen-cv\/","url_meta":{"origin":5369,"position":5},"title":"Mike Kleinen CV","author":"567cool","date":"19. September 2016","format":false,"excerpt":"Mike Kleinen CV Fotografie: stagemoments Im K\u00f6lner Domchor genoss der K\u00f6lner Michael Kleinen (Jahrgang 1971) eine mehrj\u00e4hrige Gesangsausbildung und besuchte sp\u00e4ter den Musikzweig des Humboldtgymnasiums. Mit 9 Jahren lernte er den Ungarischen Bildhauer Lajos Barta kennen, der ihn zur Kunstschaffung ermutigte und \u00fcber die anhaltende Freundschaft wegbereitend inspirierte. Erste Zusammenarbeit\u2026","rel":"","context":"\u00c4hnlicher Beitrag","block_context":{"text":"\u00c4hnlicher Beitrag","link":""},"img":{"alt_text":"","src":"https:\/\/i0.wp.com\/faceensemble.com\/wp-content\/uploads\/2016\/09\/mike-kleinen_web.jpg?resize=350%2C200&ssl=1","width":350,"height":200,"srcset":"https:\/\/i0.wp.com\/faceensemble.com\/wp-content\/uploads\/2016\/09\/mike-kleinen_web.jpg?resize=350%2C200&ssl=1 1x, https:\/\/i0.wp.com\/faceensemble.com\/wp-content\/uploads\/2016\/09\/mike-kleinen_web.jpg?resize=525%2C300&ssl=1 1.5x"},"classes":[]}],"_links":{"self":[{"href":"https:\/\/faceensemble.com\/de\/wp-json\/wp\/v2\/pages\/5369","targetHints":{"allow":["GET"]}}],"collection":[{"href":"https:\/\/faceensemble.com\/de\/wp-json\/wp\/v2\/pages"}],"about":[{"href":"https:\/\/faceensemble.com\/de\/wp-json\/wp\/v2\/types\/page"}],"author":[{"embeddable":true,"href":"https:\/\/faceensemble.com\/de\/wp-json\/wp\/v2\/users\/12093239"}],"replies":[{"embeddable":true,"href":"https:\/\/faceensemble.com\/de\/wp-json\/wp\/v2\/comments?post=5369"}],"version-history":[{"count":1,"href":"https:\/\/faceensemble.com\/de\/wp-json\/wp\/v2\/pages\/5369\/revisions"}],"predecessor-version":[{"id":5370,"href":"https:\/\/faceensemble.com\/de\/wp-json\/wp\/v2\/pages\/5369\/revisions\/5370"}],"wp:attachment":[{"href":"https:\/\/faceensemble.com\/de\/wp-json\/wp\/v2\/media?parent=5369"}],"wp:term":[{"taxonomy":"post_tag","embeddable":true,"href":"https:\/\/faceensemble.com\/de\/wp-json\/wp\/v2\/tags?post=5369"}],"curies":[{"name":"wp","href":"https:\/\/api.w.org\/{rel}","templated":true}]}}