{"id":5377,"date":"2016-09-19T13:43:53","date_gmt":"2016-09-19T13:43:53","guid":{"rendered":"https:\/\/faceensemble.com\/?page_id=5377"},"modified":"2024-11-15T15:51:42","modified_gmt":"2024-11-15T15:51:42","slug":"garlef-kessler-cv","status":"publish","type":"page","link":"https:\/\/faceensemble.com\/de\/team-performers\/garlef-kessler-cv\/","title":{"rendered":"Garlef Ke\u00dfler CV"},"content":{"rendered":"<p align=\"LEFT\"><strong>Garlef Ke\u00dfler (Lichtdesign)<\/strong><\/p>\n<p align=\"LEFT\"><img data-recalc-dims=\"1\" loading=\"lazy\" decoding=\"async\" class=\"alignnone size-medium wp-image-123\" src=\"https:\/\/i0.wp.com\/faceensemble.com\/wp-content\/uploads\/2016\/09\/garlef-kec39fler_web.jpg?resize=300%2C252&#038;ssl=1\" alt=\"garlef-kesler\" width=\"300\" height=\"252\" \/><\/p>\n<p>Garlef Ke\u00dfler studierte Angewandte Kulturwissenschaften und \u00e4sthetische Praxis an der Uni Hildesheim mit Diplomabschluss und war danach als technischer Assistent beim Kinder- und Jugendtheater Huis aan de Amstel (Amsterdam), bei <span lang=\"nl-NL\">Dansgroep Krisztina de Ch\u00e2tel<\/span><span lang=\"nl-NL\"> (Amsterdam) und bei <\/span>Sasha Waltz &amp; Guests (Berlin) t\u00e4tig.<\/p>\n<p>Seit 2011 ist er Technischer Leiter der TPZAK (Zirkus- und Theaterschule K\u00f6ln) Als freier Lichtdesigner und Beleuchter arbeitet er f\u00fcr verschiedene freie Tanz- und Theaterkompanien u.a. mouvoir\/Stephanie Thiersch, IP tanz, Britta Lieberknecht, F.A.C.E.\/Krist\u00f3f Szab\u00f3, overhead project, bodytalk\/ Yoshiko Waki und Un-Label.<\/p>\n","protected":false},"excerpt":{"rendered":"<p>Garlef Ke\u00dfler (Lichtdesign) Garlef Ke\u00dfler studierte Angewandte Kulturwissenschaften und \u00e4sthetische Praxis an der Uni Hildesheim mit Diplomabschluss und war danach als technischer Assistent beim Kinder- und Jugendtheater Huis aan de Amstel (Amsterdam), bei Dansgroep Krisztina de Ch\u00e2tel (Amsterdam) und bei Sasha Waltz &amp; Guests (Berlin) t\u00e4tig. Seit 2011 ist er Technischer Leiter der TPZAK (Zirkus- &hellip; <a class=\"more-link\" href=\"https:\/\/faceensemble.com\/de\/team-performers\/garlef-kessler-cv\/\">Mehr <span class=\"screen-reader-text\">Garlef Ke\u00dfler CV<\/span><\/a><\/p>\n","protected":false},"author":12093239,"featured_media":0,"parent":5365,"menu_order":0,"comment_status":"closed","ping_status":"closed","template":"","meta":{"_coblocks_attr":"","_coblocks_dimensions":"","_coblocks_responsive_height":"","_coblocks_accordion_ie_support":"","advanced_seo_description":"","jetpack_seo_html_title":"","jetpack_seo_noindex":false,"jetpack_seo_schema_type":"","_wpcom_ai_launchpad_about_page":false,"_wpcom_ai_launchpad_gallery_page":false,"_wpcom_ai_launchpad_contact_page":false,"_wpcom_ai_launchpad_events_page":false,"_wpcom_ai_launchpad_video_page":false,"_wpcom_ai_launchpad_portfolio_piece":false,"footnotes":""},"tags":[],"class_list":["post-5377","page","type-page","status-publish","hentry"],"jetpack_likes_enabled":true,"jetpack_sharing_enabled":true,"jetpack_shortlink":"https:\/\/wp.me\/P7OOTK-1oJ","jetpack-related-posts":[{"id":122,"url":"https:\/\/faceensemble.com\/team\/garlef-kesler-cv\/","url_meta":{"origin":5377,"position":0},"title":"Garlef Ke\u00dfler CV","author":"ivo3d","date":"19. September 2016","format":false,"excerpt":"Garlef Ke\u00dfler (Lichtdesign) Garlef Ke\u00dfler studierte Angewandte Kulturwissenschaften und \u00e4sthetische Praxis an der Uni Hildesheim mit Diplomabschluss und war danach als technischer Assistent beim Kinder- und Jugendtheater Huis aan de Amstel (Amsterdam), bei Dansgroep Krisztina de Ch\u00e2tel (Amsterdam) und bei Sasha Waltz & Guests (Berlin) t\u00e4tig. Seit 2011 ist er\u2026","rel":"","context":"\u00c4hnlicher Beitrag","block_context":{"text":"\u00c4hnlicher Beitrag","link":""},"img":{"alt_text":"garlef-kesler","src":"https:\/\/i0.wp.com\/faceensemble.com\/wp-content\/uploads\/2016\/09\/garlef-kec39fler_web.jpg?resize=350%2C200&ssl=1","width":350,"height":200},"classes":[]},{"id":356,"url":"https:\/\/faceensemble.com\/die-jungfrau-von-orleans\/","url_meta":{"origin":5377,"position":1},"title":"DIE JUNGFRAU VON ORLEANS","author":"ivo3d","date":"14. Oktober 2017","format":false,"excerpt":"The English version is not finished yet. HIMMEL H\u00d6LLE UFERMASCHINE\u00a0 # 2 F. Schiller - K. Szab\u00f3 - F.A.C.E.-Ensemble Dauer: 170 Min mit einer Pause | Premiere: M\u00e4rz 2018 | Sprache: Deutsch Dauer der Version f\u00fcr Festivals: 90 Minuten mit einer Pause nominiert f\u00fcr den K\u00f6lner Theaterpreis 2018 Video summary\u2026","rel":"","context":"In \"DIE JUNGFRAU VON ORLEANS\"","block_context":{"text":"DIE JUNGFRAU VON ORLEANS","link":"https:\/\/faceensemble.com\/tag\/die-jungfrau-von-orleans\/"},"img":{"alt_text":"","src":"https:\/\/i0.wp.com\/faceensemble.com\/wp-content\/uploads\/2018\/05\/f-a-c-e-die-jungfrau-von-orleans-photo-by-mike-kleinen_img_3953_1500.jpg?resize=350%2C200&ssl=1","width":350,"height":200,"srcset":"https:\/\/i0.wp.com\/faceensemble.com\/wp-content\/uploads\/2018\/05\/f-a-c-e-die-jungfrau-von-orleans-photo-by-mike-kleinen_img_3953_1500.jpg?resize=350%2C200&ssl=1 1x, https:\/\/i0.wp.com\/faceensemble.com\/wp-content\/uploads\/2018\/05\/f-a-c-e-die-jungfrau-von-orleans-photo-by-mike-kleinen_img_3953_1500.jpg?resize=525%2C300&ssl=1 1.5x, https:\/\/i0.wp.com\/faceensemble.com\/wp-content\/uploads\/2018\/05\/f-a-c-e-die-jungfrau-von-orleans-photo-by-mike-kleinen_img_3953_1500.jpg?resize=700%2C400&ssl=1 2x, https:\/\/i0.wp.com\/faceensemble.com\/wp-content\/uploads\/2018\/05\/f-a-c-e-die-jungfrau-von-orleans-photo-by-mike-kleinen_img_3953_1500.jpg?resize=1050%2C600&ssl=1 3x, https:\/\/i0.wp.com\/faceensemble.com\/wp-content\/uploads\/2018\/05\/f-a-c-e-die-jungfrau-von-orleans-photo-by-mike-kleinen_img_3953_1500.jpg?resize=1400%2C800&ssl=1 4x"},"classes":[]},{"id":5393,"url":"https:\/\/faceensemble.com\/de\/theatertanz\/","url_meta":{"origin":5377,"position":2},"title":"TheaterTanz","author":"567cool","date":"2. Januar 2019","format":false,"excerpt":"L\u00b4AMOUR FOU II \/ WICCA by Krist\u00f3f Szab\u00f3 With the poem Deer of the Night by Pierre-Jean Jouve Premiere in Cologne at tANZfAKtUR 2015 Photo \u00c1lvaro Maldonado Dancers: Jos\u00e9 S\u00e1nchez, Photini Meletiadis, Kathrin Blume-Wankelmuth, Sara Blasco Guti\u00e9rrez,\u00a0Theresia Erfort | Light:\u00a0Garlef Ke\u00dfler | Projection-Art: Iv\u00f3 Kov\u00e1cs | Poetry: Andr\u00e9 Breton, Pierre-Jean\u2026","rel":"","context":"\u00c4hnlicher Beitrag","block_context":{"text":"\u00c4hnlicher Beitrag","link":""},"img":{"alt_text":"","src":"https:\/\/i0.wp.com\/faceensemble.com\/wp-content\/uploads\/2019\/01\/219_WICCA_cMEYER_ORIGINALS.jpg?resize=350%2C200","width":350,"height":200,"srcset":"https:\/\/i0.wp.com\/faceensemble.com\/wp-content\/uploads\/2019\/01\/219_WICCA_cMEYER_ORIGINALS.jpg?resize=350%2C200 1x, https:\/\/i0.wp.com\/faceensemble.com\/wp-content\/uploads\/2019\/01\/219_WICCA_cMEYER_ORIGINALS.jpg?resize=525%2C300 1.5x, https:\/\/i0.wp.com\/faceensemble.com\/wp-content\/uploads\/2019\/01\/219_WICCA_cMEYER_ORIGINALS.jpg?resize=700%2C400 2x, https:\/\/i0.wp.com\/faceensemble.com\/wp-content\/uploads\/2019\/01\/219_WICCA_cMEYER_ORIGINALS.jpg?resize=1050%2C600 3x, https:\/\/i0.wp.com\/faceensemble.com\/wp-content\/uploads\/2019\/01\/219_WICCA_cMEYER_ORIGINALS.jpg?resize=1400%2C800 4x"},"classes":[]},{"id":907,"url":"https:\/\/faceensemble.com\/theatertanz\/","url_meta":{"origin":5377,"position":3},"title":"TheaterTanz","author":"567cool","date":"2. Januar 2019","format":false,"excerpt":"L\u00b4AMOUR FOU II \/ WICCA by Krist\u00f3f Szab\u00f3 With the poem Deer of the Night by Pierre-Jean Jouve Premiere in Cologne at tANZfAKtUR 2015 Photo \u00c1lvaro Maldonado Dancers: Jos\u00e9 S\u00e1nchez, Photini Meletiadis, Kathrin Blume-Wankelmuth, Sara Blasco Guti\u00e9rrez,\u00a0Theresia Erfort | Light:\u00a0Garlef Ke\u00dfler | Projection-Art: Iv\u00f3 Kov\u00e1cs | Poetry: Andr\u00e9 Breton, Pierre-Jean\u2026","rel":"","context":"\u00c4hnlicher Beitrag","block_context":{"text":"\u00c4hnlicher Beitrag","link":""},"img":{"alt_text":"","src":"https:\/\/i0.wp.com\/faceensemble.com\/wp-content\/uploads\/2019\/01\/219_WICCA_cMEYER_ORIGINALS.jpg?resize=350%2C200","width":350,"height":200,"srcset":"https:\/\/i0.wp.com\/faceensemble.com\/wp-content\/uploads\/2019\/01\/219_WICCA_cMEYER_ORIGINALS.jpg?resize=350%2C200 1x, https:\/\/i0.wp.com\/faceensemble.com\/wp-content\/uploads\/2019\/01\/219_WICCA_cMEYER_ORIGINALS.jpg?resize=525%2C300 1.5x, https:\/\/i0.wp.com\/faceensemble.com\/wp-content\/uploads\/2019\/01\/219_WICCA_cMEYER_ORIGINALS.jpg?resize=700%2C400 2x, https:\/\/i0.wp.com\/faceensemble.com\/wp-content\/uploads\/2019\/01\/219_WICCA_cMEYER_ORIGINALS.jpg?resize=1050%2C600 3x, https:\/\/i0.wp.com\/faceensemble.com\/wp-content\/uploads\/2019\/01\/219_WICCA_cMEYER_ORIGINALS.jpg?resize=1400%2C800 4x"},"classes":[]},{"id":863,"url":"https:\/\/faceensemble.com\/adrian-castello\/","url_meta":{"origin":5377,"position":4},"title":"Adri\u00e1n Castell\u00f3 CV","author":"567cool","date":"2. Januar 2019","format":false,"excerpt":"Foto\u00a0 Mike Kleinen Adri\u00e1n Castell\u00f3 (TANZ & PERFORMANCE) wurde 1983 in Alicante (ES) geboren. AUSBILDUNG Nach Abschluss seines Studiums der Biologie als Master of Science (M.Sc.) erwarb er 2009 seinen Abschluss in Tanz (T\u00eftulo Profesional de Danza Contempor\u00e1nea) am staatlichen Konservatorium f\u00fcr Tanz in Valencia (ES). Dozenten: Anton Lachky (BE),\u2026","rel":"","context":"\u00c4hnlicher Beitrag","block_context":{"text":"\u00c4hnlicher Beitrag","link":""},"img":{"alt_text":"IMG_4172_1800","src":"https:\/\/i0.wp.com\/faceensemble.com\/wp-content\/uploads\/2018\/10\/img_4172_1800.jpg?resize=350%2C200&ssl=1","width":350,"height":200,"srcset":"https:\/\/i0.wp.com\/faceensemble.com\/wp-content\/uploads\/2018\/10\/img_4172_1800.jpg?resize=350%2C200&ssl=1 1x, https:\/\/i0.wp.com\/faceensemble.com\/wp-content\/uploads\/2018\/10\/img_4172_1800.jpg?resize=525%2C300&ssl=1 1.5x, https:\/\/i0.wp.com\/faceensemble.com\/wp-content\/uploads\/2018\/10\/img_4172_1800.jpg?resize=700%2C400&ssl=1 2x, https:\/\/i0.wp.com\/faceensemble.com\/wp-content\/uploads\/2018\/10\/img_4172_1800.jpg?resize=1050%2C600&ssl=1 3x, https:\/\/i0.wp.com\/faceensemble.com\/wp-content\/uploads\/2018\/10\/img_4172_1800.jpg?resize=1400%2C800&ssl=1 4x"},"classes":[]},{"id":826,"url":"https:\/\/faceensemble.com\/musiktheater\/","url_meta":{"origin":5377,"position":5},"title":"Musiktheater","author":"567cool","date":"2. Januar 2019","format":false,"excerpt":"GRAVITYLove Please scroll down for the English version Eine Witwe beginnt ein neues Leben. Inspiriert von den Memoiren Claire Golls Premiere in K\u00f6ln, Barnes Crossing, 2014 Photos \u00c1lvaro Maldonado Komponist: Jules Desgoutte | Applied electronic music: Dur\u00e1n V\u00e1zquez & Victor Joaquim | Sound-Art (live) & Performance: Jules Desgoutte | Tanz\u2026","rel":"","context":"\u00c4hnlicher Beitrag","block_context":{"text":"\u00c4hnlicher Beitrag","link":""},"img":{"alt_text":"FACE Szab\u00f3 MixedMediaEnsemble_GRAVITYLove_photo_by Alvaro Maldonado_32","src":"https:\/\/i0.wp.com\/faceensemble.com\/wp-content\/uploads\/2016\/09\/face-szabc3b3-mixedmediaensemble_gravitylove_photo_by-alvaro-maldonado_32.jpg?resize=350%2C200&ssl=1","width":350,"height":200},"classes":[]}],"_links":{"self":[{"href":"https:\/\/faceensemble.com\/de\/wp-json\/wp\/v2\/pages\/5377","targetHints":{"allow":["GET"]}}],"collection":[{"href":"https:\/\/faceensemble.com\/de\/wp-json\/wp\/v2\/pages"}],"about":[{"href":"https:\/\/faceensemble.com\/de\/wp-json\/wp\/v2\/types\/page"}],"author":[{"embeddable":true,"href":"https:\/\/faceensemble.com\/de\/wp-json\/wp\/v2\/users\/12093239"}],"replies":[{"embeddable":true,"href":"https:\/\/faceensemble.com\/de\/wp-json\/wp\/v2\/comments?post=5377"}],"version-history":[{"count":1,"href":"https:\/\/faceensemble.com\/de\/wp-json\/wp\/v2\/pages\/5377\/revisions"}],"predecessor-version":[{"id":5378,"href":"https:\/\/faceensemble.com\/de\/wp-json\/wp\/v2\/pages\/5377\/revisions\/5378"}],"up":[{"embeddable":true,"href":"https:\/\/faceensemble.com\/de\/wp-json\/wp\/v2\/pages\/5365"}],"wp:attachment":[{"href":"https:\/\/faceensemble.com\/de\/wp-json\/wp\/v2\/media?parent=5377"}],"wp:term":[{"taxonomy":"post_tag","embeddable":true,"href":"https:\/\/faceensemble.com\/de\/wp-json\/wp\/v2\/tags?post=5377"}],"curies":[{"name":"wp","href":"https:\/\/api.w.org\/{rel}","templated":true}]}}