{"id":5387,"date":"2016-09-19T13:48:27","date_gmt":"2016-09-19T13:48:27","guid":{"rendered":"https:\/\/faceensemble.com\/?page_id=5387"},"modified":"2024-11-15T15:55:47","modified_gmt":"2024-11-15T15:55:47","slug":"thomas-krutmann-cv","status":"publish","type":"page","link":"https:\/\/faceensemble.com\/de\/team-performers\/thomas-krutmann-cv\/","title":{"rendered":"Thomas Krutmann CV"},"content":{"rendered":"<p><em>Nominiert f\u00fcr den K\u00f6lner Darstellerpreis 2018 f\u00fcr die Hauptrolle Dr.Pameelen in K. Szab\u00f3 F.A.C.E.: <a href=\"https:\/\/faceensemble.com\/gehirne-avatar\/\">GEHIRNE.AVATAR\u00a0<\/a>nach Gottfried Benn<\/em><\/p>\n<p><img data-recalc-dims=\"1\" loading=\"lazy\" decoding=\"async\" class=\"alignnone  wp-image-126\" src=\"https:\/\/i0.wp.com\/faceensemble.com\/wp-content\/uploads\/2016\/09\/v-havel-protest-thomas-krutmann-als-vanek-foto-mike-kleinen-web.jpg?resize=335%2C223&#038;ssl=1\" alt=\"v-havel-protest-thomas-krutmann-als-vanek-foto-mike-kleinen-web\" width=\"335\" height=\"223\" \/><img data-recalc-dims=\"1\" loading=\"lazy\" decoding=\"async\" class=\"alignnone  wp-image-537\" src=\"https:\/\/i0.wp.com\/faceensemble.com\/wp-content\/uploads\/2018\/06\/f-a-c-e-visual-performing-arts-gehirne-foto-mike-kleinen_img_4823_1800.jpg?resize=335%2C223&#038;ssl=1\" alt=\"F.A.C.E. Visual Performing Arts GEHIRNE Foto Mike Kleinen_IMG_4823_1800\" width=\"335\" height=\"223\" \/><\/p>\n<h6>Photo by Mike Kleinen<\/h6>\n<p lang=\"en-US\">Thomas Krutmann, geb. 1965 in Westfalen, trampte quer durch Europa, studierte Geisteswissenschaftten und arbeitete als Ger\u00fcstbauer.<br \/>\nPrivate Schauspielausbildung in K\u00f6ln; seit 1996 freiberuflicher Theater-, Film- und Fernsehschauspieler.<br \/>\nGr\u00fcnder und bis 2011 Mitbetreiber des Musikclubs &gt;GEB\u00c4UDE 9&lt; und des Schauspielclubs &gt;Raketenklub&lt;, beide K\u00f6ln.<\/p>\n<p>Den Schauspieler und Performer interessieren unmittelbares, energetisches Schauspiel oder Abstraktion.<br \/>\nEigenproduktionen mit unterschiedlichen Ensembles und Entwicklung ungew\u00f6hnlicher Spielformen wie dem Erz\u00e4hl-Tanz-Mix \u201espoken dance\u201c oder dem unmittelbaren Erz\u00e4hlertheater \u201eAct\u00b4n Roll\u201c.<br \/>\nTheaterengagements in K\u00f6ln, Basel, Bonn und Hannover sowie bundesweit auf Tournee incl. Walk Acts und Performances ganz abseits der B\u00fchne.<br \/>\nSeit 2011 auch wieder verst\u00e4rkt Film\/TV; vornehmlich im Bereich Drama\/Krimi.<\/p>\n<p>Lebt mit Frau und Tochter im selbst ausgebauten Altbau in K\u00f6ln-M\u00fclheim; direkt in Flu\u00dfn\u00e4he \u2013 gut f\u00fcr\u00b4s Fernweh.<\/p>\n","protected":false},"excerpt":{"rendered":"<p>Nominiert f\u00fcr den K\u00f6lner Darstellerpreis 2018 f\u00fcr die Hauptrolle Dr.Pameelen in K. Szab\u00f3 F.A.C.E.: GEHIRNE.AVATAR\u00a0nach Gottfried Benn Photo by Mike Kleinen Thomas Krutmann, geb. 1965 in Westfalen, trampte quer durch Europa, studierte Geisteswissenschaftten und arbeitete als Ger\u00fcstbauer. Private Schauspielausbildung in K\u00f6ln; seit 1996 freiberuflicher Theater-, Film- und Fernsehschauspieler. Gr\u00fcnder und bis 2011 Mitbetreiber des Musikclubs &hellip; <a class=\"more-link\" href=\"https:\/\/faceensemble.com\/de\/team-performers\/thomas-krutmann-cv\/\">Mehr <span class=\"screen-reader-text\">Thomas Krutmann CV<\/span><\/a><\/p>\n","protected":false},"author":12093239,"featured_media":0,"parent":5365,"menu_order":0,"comment_status":"closed","ping_status":"closed","template":"","meta":{"_coblocks_attr":"","_coblocks_dimensions":"","_coblocks_responsive_height":"","_coblocks_accordion_ie_support":"","advanced_seo_description":"","jetpack_seo_html_title":"","jetpack_seo_noindex":false,"jetpack_seo_schema_type":"","_wpcom_ai_launchpad_about_page":false,"_wpcom_ai_launchpad_gallery_page":false,"_wpcom_ai_launchpad_contact_page":false,"_wpcom_ai_launchpad_events_page":false,"_wpcom_ai_launchpad_video_page":false,"_wpcom_ai_launchpad_portfolio_piece":false,"footnotes":""},"tags":[],"class_list":["post-5387","page","type-page","status-publish","hentry"],"jetpack_likes_enabled":true,"jetpack_sharing_enabled":true,"jetpack_shortlink":"https:\/\/wp.me\/P7OOTK-1oT","jetpack-related-posts":[{"id":125,"url":"https:\/\/faceensemble.com\/team\/thomas-krutmann-cv\/","url_meta":{"origin":5387,"position":0},"title":"Thomas Krutmann CV","author":"ivo3d","date":"19. September 2016","format":false,"excerpt":"Nominiert f\u00fcr den K\u00f6lner Darstellerpreis 2018 f\u00fcr die Hauptrolle Dr.Pameelen in K. Szab\u00f3 F.A.C.E.: GEHIRNE.AVATAR\u00a0nach Gottfried Benn Photo by Mike Kleinen Thomas Krutmann, geb. 1965 in Westfalen, trampte quer durch Europa, studierte Geisteswissenschaftten und arbeitete als Ger\u00fcstbauer. Private Schauspielausbildung in K\u00f6ln; seit 1996 freiberuflicher Theater-, Film- und Fernsehschauspieler. Gr\u00fcnder und\u2026","rel":"","context":"\u00c4hnlicher Beitrag","block_context":{"text":"\u00c4hnlicher Beitrag","link":""},"img":{"alt_text":"v-havel-protest-thomas-krutmann-als-vanek-foto-mike-kleinen-web","src":"https:\/\/i0.wp.com\/faceensemble.com\/wp-content\/uploads\/2016\/09\/v-havel-protest-thomas-krutmann-als-vanek-foto-mike-kleinen-web.jpg?resize=350%2C200&ssl=1","width":350,"height":200},"classes":[]},{"id":793,"url":"https:\/\/faceensemble.com\/gehirne-avatar\/","url_meta":{"origin":5387,"position":1},"title":"BRAINS.AVATARS &#8211; Creation dies","author":"567cool","date":"1. Januar 2019","format":false,"excerpt":"Bitte scrollen sie nach unten f\u00fcr die deutschsprachige Fassung HELL HOPE SHORE-MACHINE # 3 The brain of the future is an artificial paradise! Advised by the corporation Brain Future Unlimited selling cyber living Dr. Pameeen aborts the foetus in the belly of his beloved girlfriend, spends 20 years with her\u2026","rel":"","context":"\u00c4hnlicher Beitrag","block_context":{"text":"\u00c4hnlicher Beitrag","link":""},"img":{"alt_text":"Gehirne (nach Gottfried Benn) F.A.C.E Ensemble","src":"https:\/\/i0.wp.com\/faceensemble.com\/wp-content\/uploads\/2018\/09\/131_gehirne_cmeyer_originals.jpg?resize=350%2C200&ssl=1","width":350,"height":200,"srcset":"https:\/\/i0.wp.com\/faceensemble.com\/wp-content\/uploads\/2018\/09\/131_gehirne_cmeyer_originals.jpg?resize=350%2C200&ssl=1 1x, https:\/\/i0.wp.com\/faceensemble.com\/wp-content\/uploads\/2018\/09\/131_gehirne_cmeyer_originals.jpg?resize=525%2C300&ssl=1 1.5x, https:\/\/i0.wp.com\/faceensemble.com\/wp-content\/uploads\/2018\/09\/131_gehirne_cmeyer_originals.jpg?resize=700%2C400&ssl=1 2x, https:\/\/i0.wp.com\/faceensemble.com\/wp-content\/uploads\/2018\/09\/131_gehirne_cmeyer_originals.jpg?resize=1050%2C600&ssl=1 3x, https:\/\/i0.wp.com\/faceensemble.com\/wp-content\/uploads\/2018\/09\/131_gehirne_cmeyer_originals.jpg?resize=1400%2C800&ssl=1 4x"},"classes":[]},{"id":5293,"url":"https:\/\/faceensemble.com\/de\/brains-avatars-creation-dies\/","url_meta":{"origin":5387,"position":2},"title":"BRAINS.AVATARS &#8211; Creation dies","author":"567cool","date":"1. Januar 2019","format":false,"excerpt":"Bitte scrollen sie nach unten f\u00fcr die deutschsprachige Fassung HELL HOPE SHORE-MACHINE # 3 The brain of the future is an artificial paradise! Advised by the corporation Brain Future Unlimited selling cyber living Dr. Pameeen aborts the foetus in the belly of his beloved girlfriend, spends 20 years with her\u2026","rel":"","context":"\u00c4hnlicher Beitrag","block_context":{"text":"\u00c4hnlicher Beitrag","link":""},"img":{"alt_text":"","src":"https:\/\/i0.wp.com\/faceensemble.com\/wp-content\/uploads\/2019\/01\/311_Gehirne_cMEYER_ORIGINALS.jpg?resize=350%2C200&ssl=1","width":350,"height":200,"srcset":"https:\/\/i0.wp.com\/faceensemble.com\/wp-content\/uploads\/2019\/01\/311_Gehirne_cMEYER_ORIGINALS.jpg?resize=350%2C200&ssl=1 1x, https:\/\/i0.wp.com\/faceensemble.com\/wp-content\/uploads\/2019\/01\/311_Gehirne_cMEYER_ORIGINALS.jpg?resize=525%2C300&ssl=1 1.5x, https:\/\/i0.wp.com\/faceensemble.com\/wp-content\/uploads\/2019\/01\/311_Gehirne_cMEYER_ORIGINALS.jpg?resize=700%2C400&ssl=1 2x, https:\/\/i0.wp.com\/faceensemble.com\/wp-content\/uploads\/2019\/01\/311_Gehirne_cMEYER_ORIGINALS.jpg?resize=1050%2C600&ssl=1 3x, https:\/\/i0.wp.com\/faceensemble.com\/wp-content\/uploads\/2019\/01\/311_Gehirne_cMEYER_ORIGINALS.jpg?resize=1400%2C800&ssl=1 4x"},"classes":[]},{"id":356,"url":"https:\/\/faceensemble.com\/die-jungfrau-von-orleans\/","url_meta":{"origin":5387,"position":3},"title":"DIE JUNGFRAU VON ORLEANS","author":"ivo3d","date":"14. Oktober 2017","format":false,"excerpt":"The English version is not finished yet. HIMMEL H\u00d6LLE UFERMASCHINE\u00a0 # 2 F. Schiller - K. Szab\u00f3 - F.A.C.E.-Ensemble Dauer: 170 Min mit einer Pause | Premiere: M\u00e4rz 2018 | Sprache: Deutsch Dauer der Version f\u00fcr Festivals: 90 Minuten mit einer Pause nominiert f\u00fcr den K\u00f6lner Theaterpreis 2018 Video summary\u2026","rel":"","context":"In \"DIE JUNGFRAU VON ORLEANS\"","block_context":{"text":"DIE JUNGFRAU VON ORLEANS","link":"https:\/\/faceensemble.com\/tag\/die-jungfrau-von-orleans\/"},"img":{"alt_text":"","src":"https:\/\/i0.wp.com\/faceensemble.com\/wp-content\/uploads\/2018\/05\/f-a-c-e-die-jungfrau-von-orleans-photo-by-mike-kleinen_img_3953_1500.jpg?resize=350%2C200&ssl=1","width":350,"height":200,"srcset":"https:\/\/i0.wp.com\/faceensemble.com\/wp-content\/uploads\/2018\/05\/f-a-c-e-die-jungfrau-von-orleans-photo-by-mike-kleinen_img_3953_1500.jpg?resize=350%2C200&ssl=1 1x, https:\/\/i0.wp.com\/faceensemble.com\/wp-content\/uploads\/2018\/05\/f-a-c-e-die-jungfrau-von-orleans-photo-by-mike-kleinen_img_3953_1500.jpg?resize=525%2C300&ssl=1 1.5x, https:\/\/i0.wp.com\/faceensemble.com\/wp-content\/uploads\/2018\/05\/f-a-c-e-die-jungfrau-von-orleans-photo-by-mike-kleinen_img_3953_1500.jpg?resize=700%2C400&ssl=1 2x, https:\/\/i0.wp.com\/faceensemble.com\/wp-content\/uploads\/2018\/05\/f-a-c-e-die-jungfrau-von-orleans-photo-by-mike-kleinen_img_3953_1500.jpg?resize=1050%2C600&ssl=1 3x, https:\/\/i0.wp.com\/faceensemble.com\/wp-content\/uploads\/2018\/05\/f-a-c-e-die-jungfrau-von-orleans-photo-by-mike-kleinen_img_3953_1500.jpg?resize=1400%2C800&ssl=1 4x"},"classes":[]},{"id":354,"url":"https:\/\/faceensemble.com\/ismene-dancing\/","url_meta":{"origin":5387,"position":4},"title":"ISMENE DANCING","author":"ivo3d","date":"14. Oktober 2017","format":false,"excerpt":"Please scroll down for the English version H\u00d6LLE HOFFNUNG UFERMASCHINE # 1 Eine Hommage an Hundertwasser und das Verschimmelungs-Manifest - TheaterTanz | Projection-Art - special guest Schibari-Performer BoschiNawa Premiere Dez. 2017 | Dauer: 55 Minuten | Sprache Deutsch oder English CRU, J\u00e4ger und Punk, baut und zerlegt die k\u00fcnstliche Landschaft\u2026","rel":"","context":"In \"ISMENE DANCING\"","block_context":{"text":"ISMENE DANCING","link":"https:\/\/faceensemble.com\/tag\/ismene-dancing\/"},"img":{"alt_text":"ISMENE DANCING","src":"https:\/\/i0.wp.com\/faceensemble.com\/wp-content\/uploads\/2018\/05\/076_ismenedancingp_cmeyer_originals.jpg?resize=350%2C200&ssl=1","width":350,"height":200,"srcset":"https:\/\/i0.wp.com\/faceensemble.com\/wp-content\/uploads\/2018\/05\/076_ismenedancingp_cmeyer_originals.jpg?resize=350%2C200&ssl=1 1x, https:\/\/i0.wp.com\/faceensemble.com\/wp-content\/uploads\/2018\/05\/076_ismenedancingp_cmeyer_originals.jpg?resize=525%2C300&ssl=1 1.5x, https:\/\/i0.wp.com\/faceensemble.com\/wp-content\/uploads\/2018\/05\/076_ismenedancingp_cmeyer_originals.jpg?resize=700%2C400&ssl=1 2x, https:\/\/i0.wp.com\/faceensemble.com\/wp-content\/uploads\/2018\/05\/076_ismenedancingp_cmeyer_originals.jpg?resize=1050%2C600&ssl=1 3x, https:\/\/i0.wp.com\/faceensemble.com\/wp-content\/uploads\/2018\/05\/076_ismenedancingp_cmeyer_originals.jpg?resize=1400%2C800&ssl=1 4x"},"classes":[]},{"id":43,"url":"https:\/\/faceensemble.com\/team\/","url_meta":{"origin":5387,"position":5},"title":"Team &amp; Performers","author":"ivo3d","date":"22. August 2016","format":false,"excerpt":"Team: Krist\u00f3f Szab\u00f3 CV (stage design, choreographer, director) Iv\u00f3 Kov\u00e1cs CV (projection-art, mapping, video) Julia Karl CV (organisation, social media) Emese Kasza CV (costume design) Mike Kleinen CV (photo-art, stage sculptures) Klaus A. Burth CV (graphics) Performers: please scroll down to see the list of appearances of the performers in\u2026","rel":"","context":"\u00c4hnlicher Beitrag","block_context":{"text":"\u00c4hnlicher Beitrag","link":""},"img":{"alt_text":"STRUKTUR1V_fb","src":"https:\/\/i0.wp.com\/faceensemble.com\/wp-content\/uploads\/2016\/08\/struktur1v_fb.jpg?resize=350%2C200&ssl=1","width":350,"height":200,"srcset":"https:\/\/i0.wp.com\/faceensemble.com\/wp-content\/uploads\/2016\/08\/struktur1v_fb.jpg?resize=350%2C200&ssl=1 1x, https:\/\/i0.wp.com\/faceensemble.com\/wp-content\/uploads\/2016\/08\/struktur1v_fb.jpg?resize=525%2C300&ssl=1 1.5x, https:\/\/i0.wp.com\/faceensemble.com\/wp-content\/uploads\/2016\/08\/struktur1v_fb.jpg?resize=700%2C400&ssl=1 2x, https:\/\/i0.wp.com\/faceensemble.com\/wp-content\/uploads\/2016\/08\/struktur1v_fb.jpg?resize=1050%2C600&ssl=1 3x, https:\/\/i0.wp.com\/faceensemble.com\/wp-content\/uploads\/2016\/08\/struktur1v_fb.jpg?resize=1400%2C800&ssl=1 4x"},"classes":[]}],"_links":{"self":[{"href":"https:\/\/faceensemble.com\/de\/wp-json\/wp\/v2\/pages\/5387","targetHints":{"allow":["GET"]}}],"collection":[{"href":"https:\/\/faceensemble.com\/de\/wp-json\/wp\/v2\/pages"}],"about":[{"href":"https:\/\/faceensemble.com\/de\/wp-json\/wp\/v2\/types\/page"}],"author":[{"embeddable":true,"href":"https:\/\/faceensemble.com\/de\/wp-json\/wp\/v2\/users\/12093239"}],"replies":[{"embeddable":true,"href":"https:\/\/faceensemble.com\/de\/wp-json\/wp\/v2\/comments?post=5387"}],"version-history":[{"count":1,"href":"https:\/\/faceensemble.com\/de\/wp-json\/wp\/v2\/pages\/5387\/revisions"}],"predecessor-version":[{"id":5388,"href":"https:\/\/faceensemble.com\/de\/wp-json\/wp\/v2\/pages\/5387\/revisions\/5388"}],"up":[{"embeddable":true,"href":"https:\/\/faceensemble.com\/de\/wp-json\/wp\/v2\/pages\/5365"}],"wp:attachment":[{"href":"https:\/\/faceensemble.com\/de\/wp-json\/wp\/v2\/media?parent=5387"}],"wp:term":[{"taxonomy":"post_tag","embeddable":true,"href":"https:\/\/faceensemble.com\/de\/wp-json\/wp\/v2\/tags?post=5387"}],"curies":[{"name":"wp","href":"https:\/\/api.w.org\/{rel}","templated":true}]}}