{"id":5395,"date":"2019-01-02T13:07:55","date_gmt":"2019-01-02T13:07:55","guid":{"rendered":"https:\/\/faceensemble.com\/?page_id=5395"},"modified":"2024-11-15T15:59:05","modified_gmt":"2024-11-15T15:59:05","slug":"theresia-erfort-cv","status":"publish","type":"page","link":"https:\/\/faceensemble.com\/de\/theresia-erfort-cv\/","title":{"rendered":"Theresia Erfort CV"},"content":{"rendered":"<p><img data-recalc-dims=\"1\" loading=\"lazy\" decoding=\"async\" class=\"alignnone size-full wp-image-1184\" src=\"https:\/\/i0.wp.com\/faceensemble.com\/wp-content\/uploads\/2019\/01\/127q_theresiaerfort_cmeyer_originals.jpg?resize=748%2C499&#038;ssl=1\" alt=\"Theresia Erfort\" width=\"748\" height=\"499\" \/><\/p>\n<h6>Foto: <a href=\"https:\/\/www.meyeroriginals.com\/\" target=\"_blank\" rel=\"noopener\">MEYERORIGINALS<\/a><\/h6>\n<p><em><span style=\"color: #993300;\">Please scroll down to read the English version<\/span><\/em><\/p>\n<p>Die Schauspielerin und T\u00e4nzerin <a href=\"http:\/\/www.schauspielervideos.de\/fullprofile\/schauspielerin-theresia-erfort.html\" target=\"_blank\" rel=\"noopener\">Theresia Erfort<\/a> wurde 1994 in der kleinen Stadt Vallendar geboren. Allerdings blieb sie dort nicht lange, sondern wohnte mit ihrer Familie an vielen verschieden Orten in Deutschland. Passend zu den oft wechselnden Wohnorten hatte sie als Kind lange den Wunsch einmal Seilt\u00e4nzerin in einem Zirkus zu werden.<\/p>\n<p>Der Berufswunsch hat sich im Laufe der Zeit gewandelt, ein wenig davon hat sich aber erhalten. Denn \u201edie Bretter, die die Welt bedeuten\u201c sind der Magie und der Atmosph\u00e4re einer Manege gar nicht so weit entfernt.<\/p>\n<p>Seit 2010 lebt Theresia in K\u00f6ln und genie\u00dft die vielseitige Arbeit als Schauspielerin im Theater und Filmbereich.<\/p>\n<p>Au\u00dferdem arbeitet sie als Synchronsprecherin und verwirklicht Theaterprojekte mit Kindern und Jugendlichen.<\/p>\n<p>Auf ihrer Seite hat sie Fotos, Demobandszenen und mehr Informationen. Um Theresias Seite zu besuchen, klicken Sie bitte: <a href=\"http:\/\/www.schauspielervideos.de\/fullprofile\/schauspielerin-theresia-erfort.html\" target=\"_blank\" rel=\"noopener\">Theresia Erfort<\/a><\/p>\n<p>Zusammenarbeit mit dem Krist\u00f3f Szab\u00f3 F.A.C.E. Ensemble Visual Performing Arts seit 2015.<\/p>\n<p><span style=\"color: #993300;\"><em>English version<\/em><\/span><\/p>\n<p>The actress and dancer <a href=\"http:\/\/www.schauspielervideos.de\/fullprofile\/schauspielerin-theresia-erfort.html\" target=\"_blank\" rel=\"noopener\">Theresia Erfort<\/a> was born in the year 1994 in the small town of Vallendar. She lived with her family in many different places in Germany.<\/p>\n<p>As a child she had the desire to work in a circus and travel around the world.<\/p>\n<p>The career aspiration has changed a bit over time. But some of her dreams remained, after all the stage is not so far from the lights and the magic of the circus.<\/p>\n<p>Since 2010 Theresia lives in Cologne and enjoys the versatile work as an actress on stage, in front of the camera and behind the microphone.<\/p>\n<p>She also does her own theater projects with children and teenagers.<\/p>\n<p>Check <a href=\"http:\/\/www.schauspielervideos.de\/fullprofile\/schauspielerin-theresia-erfort.html\" target=\"_blank\" rel=\"noopener\">Theresias page<\/a> to get showreel, pictures and more information.<\/p>\n<p>Cooperation with the Krist\u00f3f Szab\u00f3 F.A.C.E. Ensemble Visual Performing Arts since 2015.<\/p>\n","protected":false},"excerpt":{"rendered":"<p>Foto: MEYERORIGINALS Please scroll down to read the English version Die Schauspielerin und T\u00e4nzerin Theresia Erfort wurde 1994 in der kleinen Stadt Vallendar geboren. Allerdings blieb sie dort nicht lange, sondern wohnte mit ihrer Familie an vielen verschieden Orten in Deutschland. Passend zu den oft wechselnden Wohnorten hatte sie als Kind lange den Wunsch einmal &hellip; <a class=\"more-link\" href=\"https:\/\/faceensemble.com\/de\/theresia-erfort-cv\/\">Mehr <span class=\"screen-reader-text\">Theresia Erfort CV<\/span><\/a><\/p>\n","protected":false},"author":12093239,"featured_media":0,"parent":0,"menu_order":0,"comment_status":"closed","ping_status":"closed","template":"","meta":{"_coblocks_attr":"","_coblocks_dimensions":"","_coblocks_responsive_height":"","_coblocks_accordion_ie_support":"","advanced_seo_description":"","jetpack_seo_html_title":"","jetpack_seo_noindex":false,"jetpack_seo_schema_type":"","_wpcom_ai_launchpad_about_page":false,"_wpcom_ai_launchpad_gallery_page":false,"_wpcom_ai_launchpad_contact_page":false,"_wpcom_ai_launchpad_events_page":false,"_wpcom_ai_launchpad_video_page":false,"_wpcom_ai_launchpad_portfolio_piece":false,"footnotes":""},"tags":[],"class_list":["post-5395","page","type-page","status-publish","hentry"],"jetpack_likes_enabled":true,"jetpack_sharing_enabled":true,"jetpack_shortlink":"https:\/\/wp.me\/P7OOTK-1p1","jetpack-related-posts":[{"id":843,"url":"https:\/\/faceensemble.com\/theresia-erfort-cv\/","url_meta":{"origin":5395,"position":0},"title":"Theresia Erfort CV","author":"567cool","date":"2. Januar 2019","format":false,"excerpt":"Foto: MEYERORIGINALS Please scroll down to read the English version Die Schauspielerin und T\u00e4nzerin Theresia Erfort wurde 1994 in der kleinen Stadt Vallendar geboren. Allerdings blieb sie dort nicht lange, sondern wohnte mit ihrer Familie an vielen verschieden Orten in Deutschland. Passend zu den oft wechselnden Wohnorten hatte sie als\u2026","rel":"","context":"\u00c4hnlicher Beitrag","block_context":{"text":"\u00c4hnlicher Beitrag","link":""},"img":{"alt_text":"Theresia Erfort","src":"https:\/\/i0.wp.com\/faceensemble.com\/wp-content\/uploads\/2019\/01\/127q_theresiaerfort_cmeyer_originals.jpg?resize=350%2C200&ssl=1","width":350,"height":200,"srcset":"https:\/\/i0.wp.com\/faceensemble.com\/wp-content\/uploads\/2019\/01\/127q_theresiaerfort_cmeyer_originals.jpg?resize=350%2C200&ssl=1 1x, https:\/\/i0.wp.com\/faceensemble.com\/wp-content\/uploads\/2019\/01\/127q_theresiaerfort_cmeyer_originals.jpg?resize=525%2C300&ssl=1 1.5x, https:\/\/i0.wp.com\/faceensemble.com\/wp-content\/uploads\/2019\/01\/127q_theresiaerfort_cmeyer_originals.jpg?resize=700%2C400&ssl=1 2x, https:\/\/i0.wp.com\/faceensemble.com\/wp-content\/uploads\/2019\/01\/127q_theresiaerfort_cmeyer_originals.jpg?resize=1050%2C600&ssl=1 3x, https:\/\/i0.wp.com\/faceensemble.com\/wp-content\/uploads\/2019\/01\/127q_theresiaerfort_cmeyer_originals.jpg?resize=1400%2C800&ssl=1 4x"},"classes":[]},{"id":356,"url":"https:\/\/faceensemble.com\/die-jungfrau-von-orleans\/","url_meta":{"origin":5395,"position":1},"title":"DIE JUNGFRAU VON ORLEANS","author":"ivo3d","date":"14. Oktober 2017","format":false,"excerpt":"The English version is not finished yet. HIMMEL H\u00d6LLE UFERMASCHINE\u00a0 # 2 F. Schiller - K. Szab\u00f3 - F.A.C.E.-Ensemble Dauer: 170 Min mit einer Pause | Premiere: M\u00e4rz 2018 | Sprache: Deutsch Dauer der Version f\u00fcr Festivals: 90 Minuten mit einer Pause nominiert f\u00fcr den K\u00f6lner Theaterpreis 2018 Video summary\u2026","rel":"","context":"In \"DIE JUNGFRAU VON ORLEANS\"","block_context":{"text":"DIE JUNGFRAU VON ORLEANS","link":"https:\/\/faceensemble.com\/tag\/die-jungfrau-von-orleans\/"},"img":{"alt_text":"","src":"https:\/\/i0.wp.com\/faceensemble.com\/wp-content\/uploads\/2018\/05\/f-a-c-e-die-jungfrau-von-orleans-photo-by-mike-kleinen_img_3953_1500.jpg?resize=350%2C200&ssl=1","width":350,"height":200,"srcset":"https:\/\/i0.wp.com\/faceensemble.com\/wp-content\/uploads\/2018\/05\/f-a-c-e-die-jungfrau-von-orleans-photo-by-mike-kleinen_img_3953_1500.jpg?resize=350%2C200&ssl=1 1x, https:\/\/i0.wp.com\/faceensemble.com\/wp-content\/uploads\/2018\/05\/f-a-c-e-die-jungfrau-von-orleans-photo-by-mike-kleinen_img_3953_1500.jpg?resize=525%2C300&ssl=1 1.5x, https:\/\/i0.wp.com\/faceensemble.com\/wp-content\/uploads\/2018\/05\/f-a-c-e-die-jungfrau-von-orleans-photo-by-mike-kleinen_img_3953_1500.jpg?resize=700%2C400&ssl=1 2x, https:\/\/i0.wp.com\/faceensemble.com\/wp-content\/uploads\/2018\/05\/f-a-c-e-die-jungfrau-von-orleans-photo-by-mike-kleinen_img_3953_1500.jpg?resize=1050%2C600&ssl=1 3x, https:\/\/i0.wp.com\/faceensemble.com\/wp-content\/uploads\/2018\/05\/f-a-c-e-die-jungfrau-von-orleans-photo-by-mike-kleinen_img_3953_1500.jpg?resize=1400%2C800&ssl=1 4x"},"classes":[]},{"id":2216,"url":"https:\/\/faceensemble.com\/prometheische-kultur\/","url_meta":{"origin":5395,"position":2},"title":"PROMETHEISCHE KULTUR","author":"567cool","date":"29. August 2020","format":false,"excerpt":"K.Szab\u00f3\/F.A.C.E. nach Aischylos\/Marinetti\/Shelley\/Char\/Vukanac\/K. Szab\u00f3 Intermediale Inszenierung https:\/\/vimeo.com\/503937113 Kunst, Design, Technik \u2013 Zeichen ver\u00e4ndern die Wirklichkeit. Prometheus ist das Ur-Zeichen f\u00fcr den Glauben an die Vernunft des Menschen. Hat dieser Glaube noch G\u00fcltigkeit? Foto Julia Karl CV Ein St\u00fcck \u00fcber Prometheus und seinen Glauben, der Mensch w\u00fcrde eine bessere Welt bauen\u2026","rel":"","context":"\u00c4hnlicher Beitrag","block_context":{"text":"\u00c4hnlicher Beitrag","link":""},"img":{"alt_text":"","src":"https:\/\/i0.wp.com\/faceensemble.com\/wp-content\/uploads\/2020\/11\/prometheische-kultur-fotos-juila-karl-12.jpeg?resize=350%2C200&ssl=1","width":350,"height":200,"srcset":"https:\/\/i0.wp.com\/faceensemble.com\/wp-content\/uploads\/2020\/11\/prometheische-kultur-fotos-juila-karl-12.jpeg?resize=350%2C200&ssl=1 1x, https:\/\/i0.wp.com\/faceensemble.com\/wp-content\/uploads\/2020\/11\/prometheische-kultur-fotos-juila-karl-12.jpeg?resize=525%2C300&ssl=1 1.5x, https:\/\/i0.wp.com\/faceensemble.com\/wp-content\/uploads\/2020\/11\/prometheische-kultur-fotos-juila-karl-12.jpeg?resize=700%2C400&ssl=1 2x, https:\/\/i0.wp.com\/faceensemble.com\/wp-content\/uploads\/2020\/11\/prometheische-kultur-fotos-juila-karl-12.jpeg?resize=1050%2C600&ssl=1 3x, https:\/\/i0.wp.com\/faceensemble.com\/wp-content\/uploads\/2020\/11\/prometheische-kultur-fotos-juila-karl-12.jpeg?resize=1400%2C800&ssl=1 4x"},"classes":[]},{"id":5335,"url":"https:\/\/faceensemble.com\/de\/kindertheater\/","url_meta":{"origin":5395,"position":3},"title":"KINDERTHEATER","author":"567cool","date":"8. Juli 2019","format":false,"excerpt":"Wir freuen uns das St\u00fcck wieder spielen zu k\u00f6nnen! Die aktuellen Spieltermine sind: 8, 9, 15, 16. Oktober 2022 Horizont Theater K\u00f6ln, Th\u00fcrmchenswall 25, 50668 K\u00f6ln Kartentelefon: 0221 - 13 16 04 YOKO - Der falsche Tiger und das Gl\u00fcck \u00fcber den Respekt f\u00fcr die Tiere und \u00fcber die Freundschaft\u2026","rel":"","context":"\u00c4hnlicher Beitrag","block_context":{"text":"\u00c4hnlicher Beitrag","link":""},"img":{"alt_text":"","src":"https:\/\/i0.wp.com\/faceensemble.com\/wp-content\/uploads\/2019\/11\/img_8494_1100.jpg?resize=350%2C200&ssl=1","width":350,"height":200,"srcset":"https:\/\/i0.wp.com\/faceensemble.com\/wp-content\/uploads\/2019\/11\/img_8494_1100.jpg?resize=350%2C200&ssl=1 1x, https:\/\/i0.wp.com\/faceensemble.com\/wp-content\/uploads\/2019\/11\/img_8494_1100.jpg?resize=525%2C300&ssl=1 1.5x, https:\/\/i0.wp.com\/faceensemble.com\/wp-content\/uploads\/2019\/11\/img_8494_1100.jpg?resize=700%2C400&ssl=1 2x, https:\/\/i0.wp.com\/faceensemble.com\/wp-content\/uploads\/2019\/11\/img_8494_1100.jpg?resize=1050%2C600&ssl=1 3x"},"classes":[]},{"id":1308,"url":"https:\/\/faceensemble.com\/kindertheater\/","url_meta":{"origin":5395,"position":4},"title":"KINDERTHEATER","author":"567cool","date":"8. Juli 2019","format":false,"excerpt":"Wir freuen uns das St\u00fcck wieder spielen zu k\u00f6nnen! Die aktuellen Spieltermine sind: 8, 9, 15, 16. Oktober 2022 Horizont Theater K\u00f6ln, Th\u00fcrmchenswall 25, 50668 K\u00f6ln Kartentelefon: 0221 - 13 16 04 YOKO - Der falsche Tiger und das Gl\u00fcck \u00fcber den Respekt f\u00fcr die Tiere und \u00fcber die Freundschaft\u2026","rel":"","context":"\u00c4hnlicher Beitrag","block_context":{"text":"\u00c4hnlicher Beitrag","link":""},"img":{"alt_text":"","src":"https:\/\/i0.wp.com\/faceensemble.com\/wp-content\/uploads\/2019\/11\/k-szabo-face-der-falsche-tiger-foto-mike-kleinen-7.jpg?resize=350%2C200&ssl=1","width":350,"height":200,"srcset":"https:\/\/i0.wp.com\/faceensemble.com\/wp-content\/uploads\/2019\/11\/k-szabo-face-der-falsche-tiger-foto-mike-kleinen-7.jpg?resize=350%2C200&ssl=1 1x, https:\/\/i0.wp.com\/faceensemble.com\/wp-content\/uploads\/2019\/11\/k-szabo-face-der-falsche-tiger-foto-mike-kleinen-7.jpg?resize=525%2C300&ssl=1 1.5x, https:\/\/i0.wp.com\/faceensemble.com\/wp-content\/uploads\/2019\/11\/k-szabo-face-der-falsche-tiger-foto-mike-kleinen-7.jpg?resize=700%2C400&ssl=1 2x, https:\/\/i0.wp.com\/faceensemble.com\/wp-content\/uploads\/2019\/11\/k-szabo-face-der-falsche-tiger-foto-mike-kleinen-7.jpg?resize=1050%2C600&ssl=1 3x"},"classes":[]},{"id":793,"url":"https:\/\/faceensemble.com\/gehirne-avatar\/","url_meta":{"origin":5395,"position":5},"title":"BRAINS.AVATARS &#8211; Creation dies","author":"567cool","date":"1. Januar 2019","format":false,"excerpt":"Bitte scrollen sie nach unten f\u00fcr die deutschsprachige Fassung HELL HOPE SHORE-MACHINE # 3 The brain of the future is an artificial paradise! Advised by the corporation Brain Future Unlimited selling cyber living Dr. Pameeen aborts the foetus in the belly of his beloved girlfriend, spends 20 years with her\u2026","rel":"","context":"\u00c4hnlicher Beitrag","block_context":{"text":"\u00c4hnlicher Beitrag","link":""},"img":{"alt_text":"Gehirne (nach Gottfried Benn) F.A.C.E Ensemble","src":"https:\/\/i0.wp.com\/faceensemble.com\/wp-content\/uploads\/2018\/09\/131_gehirne_cmeyer_originals.jpg?resize=350%2C200&ssl=1","width":350,"height":200,"srcset":"https:\/\/i0.wp.com\/faceensemble.com\/wp-content\/uploads\/2018\/09\/131_gehirne_cmeyer_originals.jpg?resize=350%2C200&ssl=1 1x, https:\/\/i0.wp.com\/faceensemble.com\/wp-content\/uploads\/2018\/09\/131_gehirne_cmeyer_originals.jpg?resize=525%2C300&ssl=1 1.5x, https:\/\/i0.wp.com\/faceensemble.com\/wp-content\/uploads\/2018\/09\/131_gehirne_cmeyer_originals.jpg?resize=700%2C400&ssl=1 2x, https:\/\/i0.wp.com\/faceensemble.com\/wp-content\/uploads\/2018\/09\/131_gehirne_cmeyer_originals.jpg?resize=1050%2C600&ssl=1 3x, https:\/\/i0.wp.com\/faceensemble.com\/wp-content\/uploads\/2018\/09\/131_gehirne_cmeyer_originals.jpg?resize=1400%2C800&ssl=1 4x"},"classes":[]}],"_links":{"self":[{"href":"https:\/\/faceensemble.com\/de\/wp-json\/wp\/v2\/pages\/5395","targetHints":{"allow":["GET"]}}],"collection":[{"href":"https:\/\/faceensemble.com\/de\/wp-json\/wp\/v2\/pages"}],"about":[{"href":"https:\/\/faceensemble.com\/de\/wp-json\/wp\/v2\/types\/page"}],"author":[{"embeddable":true,"href":"https:\/\/faceensemble.com\/de\/wp-json\/wp\/v2\/users\/12093239"}],"replies":[{"embeddable":true,"href":"https:\/\/faceensemble.com\/de\/wp-json\/wp\/v2\/comments?post=5395"}],"version-history":[{"count":1,"href":"https:\/\/faceensemble.com\/de\/wp-json\/wp\/v2\/pages\/5395\/revisions"}],"predecessor-version":[{"id":5396,"href":"https:\/\/faceensemble.com\/de\/wp-json\/wp\/v2\/pages\/5395\/revisions\/5396"}],"wp:attachment":[{"href":"https:\/\/faceensemble.com\/de\/wp-json\/wp\/v2\/media?parent=5395"}],"wp:term":[{"taxonomy":"post_tag","embeddable":true,"href":"https:\/\/faceensemble.com\/de\/wp-json\/wp\/v2\/tags?post=5395"}],"curies":[{"name":"wp","href":"https:\/\/api.w.org\/{rel}","templated":true}]}}