{"id":5403,"date":"2016-08-19T17:34:47","date_gmt":"2016-08-19T17:34:47","guid":{"rendered":"https:\/\/faceensemble.com\/?page_id=5403"},"modified":"2024-11-15T16:02:23","modified_gmt":"2024-11-15T16:02:23","slug":"archive","status":"publish","type":"page","link":"https:\/\/faceensemble.com\/de\/archive\/","title":{"rendered":"ARCHIVE"},"content":{"rendered":"<h2>LMN &#8211; LIGHT | MOTION | NATURE<\/h2>\n<h2>HOMAGE TO L\u00c1SZL\u00d3 MOHOLY-NAGY<\/h2>\n<h4>premiere at BAUHAUS-Fest 2016, BAUHAUS main building, Dessau<\/h4>\n<p><img data-recalc-dims=\"1\" loading=\"lazy\" decoding=\"async\" class=\"alignnone  wp-image-506\" src=\"https:\/\/i0.wp.com\/faceensemble.com\/wp-content\/uploads\/2018\/05\/img_7885_1_1_web.jpg?resize=286%2C286&#038;ssl=1\" alt=\"IMG_7885_1_1_web\" width=\"286\" height=\"286\" \/><img data-recalc-dims=\"1\" loading=\"lazy\" decoding=\"async\" class=\"alignnone  wp-image-507\" src=\"https:\/\/i0.wp.com\/faceensemble.com\/wp-content\/uploads\/2018\/05\/img_6464.jpg?resize=383%2C287&#038;ssl=1\" alt=\"IMG_6464\" width=\"383\" height=\"287\" \/><\/p>\n<p>please click here to see the trailer: <a href=\"https:\/\/vimeo.com\/214022596\">LMN &#8211; trailer <\/a><\/p>\n<p>&nbsp;<\/p>\n<h2 style=\"text-align: left;\"><span lang=\"en-US\">GRAVITYLove <\/span><span lang=\"en-US\"><br \/>\n<\/span><\/h2>\n<p>\u201c<span lang=\"en-US\">I THINK THIS IS SO DANGEROUS | THIS INTIMACY | I THINK | I THINK | I THINK YOU ARE GETTING SO CLOSE | I THINK WE ARE GONNA HAVE TO STOP BEFORE GETTING CLOSER | I THINK | I AM CLOSE | I THINK I DON\u00b4T WANT NOT TO BE CLOSE\u201d <\/span><\/p>\n<blockquote><p>Performed in Cologne, Budapest, Palma de Mallorca, Toulouse<\/p><\/blockquote>\n<p style=\"text-align: left;\">please click here to see the trailer: <a href=\"https:\/\/www.youtube.com\/watch?v=XKYgUWSRxcA\">GRAVITYLove &#8211; trailer <\/a><\/p>\n<p align=\"JUSTIFY\"><span lang=\"en-US\">please click on the image to see the documentation<br \/>\n<\/span><\/p>\n<div class=\"jetpack-video-wrapper\"><span class=\"embed-youtube\" style=\"text-align:center; display: block;\"><iframe loading=\"lazy\" class=\"youtube-player\" width=\"748\" height=\"421\" src=\"https:\/\/www.youtube.com\/embed\/RRcjkOsLZLs?version=3&#038;rel=1&#038;showsearch=0&#038;showinfo=1&#038;iv_load_policy=1&#038;fs=1&#038;hl=de-DE&#038;autohide=2&#038;wmode=transparent\" allowfullscreen=\"true\" style=\"border:0;\" sandbox=\"allow-scripts allow-same-origin allow-popups allow-presentation allow-popups-to-escape-sandbox\"><\/iframe><\/span><\/div>\n<h2><\/h2>\n<h2><span lang=\"en-US\">GAS II by <\/span><span lang=\"en-US\"><b>Georg Kaiser<\/b><\/span><span lang=\"en-US\"> (directed by Krist\u00f3f Szab\u00f3)<\/span><\/h2>\n<p>site specific &#8211; premiere in Cologne-Ehrenfeld in a bunker of the World War II.<\/p>\n<p>please click on the image to see the trailer:<\/p>\n<div class=\"jetpack-video-wrapper\"><span class=\"embed-youtube\" style=\"text-align:center; display: block;\"><iframe loading=\"lazy\" class=\"youtube-player\" width=\"748\" height=\"421\" src=\"https:\/\/www.youtube.com\/embed\/VK8YhXnOWPM?version=3&#038;rel=1&#038;showsearch=0&#038;showinfo=1&#038;iv_load_policy=1&#038;fs=1&#038;hl=de-DE&#038;autohide=2&#038;wmode=transparent\" allowfullscreen=\"true\" style=\"border:0;\" sandbox=\"allow-scripts allow-same-origin allow-popups allow-presentation allow-popups-to-escape-sandbox\"><\/iframe><\/span><\/div>\n<p lang=\"en-US\" align=\"JUSTIFY\">please click on the image to see the documentation:<\/p>\n<div class=\"jetpack-video-wrapper\"><span class=\"embed-youtube\" style=\"text-align:center; display: block;\"><iframe loading=\"lazy\" class=\"youtube-player\" width=\"748\" height=\"421\" src=\"https:\/\/www.youtube.com\/embed\/sHX1MS3MPo0?version=3&#038;rel=1&#038;showsearch=0&#038;showinfo=1&#038;iv_load_policy=1&#038;fs=1&#038;hl=de-DE&#038;autohide=2&#038;wmode=transparent\" allowfullscreen=\"true\" style=\"border:0;\" sandbox=\"allow-scripts allow-same-origin allow-popups allow-presentation allow-popups-to-escape-sandbox\"><\/iframe><\/span><\/div>\n<h2 align=\"JUSTIFY\"><\/h2>\n<h2 align=\"JUSTIFY\">V\u00e1clav Havel PROTEST (directed by Krist\u00f3f Szab\u00f3)<\/h2>\n<p lang=\"en-US\">site specific &#8211; premiere in Cologne-M\u00fclheim in a bunker of the World War II.<\/p>\n<p lang=\"en-US\">guest performances in Bonn<\/p>\n<p lang=\"en-US\">please click on the image to see the documentation:<\/p>\n<div class=\"jetpack-video-wrapper\"><span class=\"embed-youtube\" style=\"text-align:center; display: block;\"><iframe loading=\"lazy\" class=\"youtube-player\" width=\"748\" height=\"421\" src=\"https:\/\/www.youtube.com\/embed\/41BB8nob1V0?version=3&#038;rel=1&#038;showsearch=0&#038;showinfo=1&#038;iv_load_policy=1&#038;fs=1&#038;hl=de-DE&#038;autohide=2&#038;wmode=transparent\" allowfullscreen=\"true\" style=\"border:0;\" sandbox=\"allow-scripts allow-same-origin allow-popups allow-presentation allow-popups-to-escape-sandbox\"><\/iframe><\/span><\/div>\n<p>&nbsp;<\/p>\n<h2><span lang=\"en-US\"><b>THE WHITE GODDESS<\/b><\/span><span lang=\"en-US\"> (<\/span><span lang=\"en-US\">Deer of the Night) &#8211; Homage to R. Ranke-Graves<br \/>\n<\/span><\/h2>\n<h4><span lang=\"en-US\">With the poem <\/span><span lang=\"en-US\"><i>Deer of the Night<\/i><\/span><span lang=\"en-US\"> by <\/span><span lang=\"en-US\"><b>Pierre-Jean Jouve<\/b><\/span><\/h4>\n<p>Performed in Cologne, Palma de Mallorca<\/p>\n<p><span lang=\"en-US\">please click here to see the trailer: <\/span><span style=\"color: #0000ff;\"><u><a href=\"http:\/\/www.tanzwebkoeln.de\/?p=4350\" target=\"_blank\" rel=\"noopener\">http:\/\/www.tanzwebkoeln.de\/?p=4350<\/a><\/u><\/span><\/p>\n<p lang=\"en-US\">please click here to see the documentation<\/p>\n<p lang=\"en-US\"><a href=\"https:\/\/vimeo.com\/214012883\">L\u00b4AMOUR FOU &#8211; WHITE GODDESS full lenght documentation<\/a><\/p>\n<p>&nbsp;<\/p>\n<h2>PHILOKTET by Krist\u00f3f Szab\u00f3<\/h2>\n<p>please click here to see the documentation: <a href=\"https:\/\/vimeo.com\/208809766\">PHILOKTET &#8211; full lenght documentation<\/a><\/p>\n<p>&nbsp;<\/p>\n<h2>DEEP BREATH (LICHT 2) by Krist\u00f3f Szab\u00f3<\/h2>\n<h2>with a poem by Ingeborg Bachmann<\/h2>\n<p>nominated for the Cologne Danceprice (best production of the year)<\/p>\n<p>please click here to see the trailer: <a href=\"https:\/\/www.youtube.com\/watch?v=5hZfpBoVAAM\">trailer of DEEP BREATH<\/a><\/p>\n","protected":false},"excerpt":{"rendered":"<p>This is just a short excerpt for the about&nbsp;page. &hellip; <a class=\"more-link\" href=\"https:\/\/faceensemble.com\/de\/archive\/\">Mehr <span class=\"screen-reader-text\">ARCHIVE<\/span><\/a><\/p>\n","protected":false},"author":12093239,"featured_media":0,"parent":0,"menu_order":1,"comment_status":"closed","ping_status":"closed","template":"","meta":{"_coblocks_attr":"","_coblocks_dimensions":"","_coblocks_responsive_height":"","_coblocks_accordion_ie_support":"","advanced_seo_description":"","jetpack_seo_html_title":"","jetpack_seo_noindex":false,"jetpack_seo_schema_type":"","_wpcom_ai_launchpad_about_page":false,"_wpcom_ai_launchpad_gallery_page":false,"_wpcom_ai_launchpad_contact_page":false,"_wpcom_ai_launchpad_events_page":false,"_wpcom_ai_launchpad_video_page":false,"_wpcom_ai_launchpad_portfolio_piece":false,"footnotes":""},"tags":[],"class_list":["post-5403","page","type-page","status-publish","hentry"],"jetpack_likes_enabled":true,"jetpack_sharing_enabled":true,"jetpack_shortlink":"https:\/\/wp.me\/P7OOTK-1p9","jetpack-related-posts":[{"id":3,"url":"https:\/\/faceensemble.com\/repertoire\/","url_meta":{"origin":5403,"position":0},"title":"ARCHIVE","author":"ivo3d","date":"19. August 2016","format":false,"excerpt":"This is just a short excerpt for the about\u00a0page.","rel":"","context":"In \"3Dmapping\"","block_context":{"text":"3Dmapping","link":"https:\/\/faceensemble.com\/tag\/3dmapping\/"},"img":{"alt_text":"IMG_7885_1_1_web","src":"https:\/\/i0.wp.com\/faceensemble.com\/wp-content\/uploads\/2018\/05\/img_7885_1_1_web.jpg?resize=350%2C200&ssl=1","width":350,"height":200},"classes":[]},{"id":143,"url":"https:\/\/faceensemble.com\/repertoire\/lmn-light-motion-nature\/","url_meta":{"origin":5403,"position":1},"title":"LMN &#8211; Light, Motion, Nature","author":"ivo3d","date":"19. September 2016","format":false,"excerpt":"2th and 3th September 2016 LMN | LIGHT | MOTION | NATURE at BAUHAUS Fest in Dessau Link: http:\/\/www.bauhaus-dessau.de\/programm-2016.html After you opened the link please click to page 14 http:\/\/issuu.com\/bauhaus\/docs\/bauhausfest_programm_dinlang_web\/15?e=1420614\/37905875 see F.A.C.E. at 3:13 min.: https:\/\/youtu.be\/23rB1LbBE9Q?t=193","rel":"","context":"In \"2016\"","block_context":{"text":"2016","link":"https:\/\/faceensemble.com\/tag\/2016\/"},"img":{"alt_text":"","src":"https:\/\/i0.wp.com\/img.youtube.com\/vi\/23rB1LbBE9Q\/0.jpg?resize=350%2C200","width":350,"height":200},"classes":[]},{"id":5405,"url":"https:\/\/faceensemble.com\/de\/archive\/lmn-light-motion-nature\/","url_meta":{"origin":5403,"position":2},"title":"LMN &#8211; Light, Motion, Nature","author":"567cool","date":"19. September 2016","format":false,"excerpt":"2th and 3th September 2016 LMN | LIGHT | MOTION | NATURE at BAUHAUS Fest in Dessau Link: http:\/\/www.bauhaus-dessau.de\/programm-2016.html After you opened the link please click to page 14 http:\/\/issuu.com\/bauhaus\/docs\/bauhausfest_programm_dinlang_web\/15?e=1420614\/37905875 see F.A.C.E. at 3:13 min.: https:\/\/youtu.be\/23rB1LbBE9Q?t=193","rel":"","context":"\u00c4hnlicher Beitrag","block_context":{"text":"\u00c4hnlicher Beitrag","link":""},"img":{"alt_text":"","src":"https:\/\/i0.wp.com\/img.youtube.com\/vi\/23rB1LbBE9Q\/0.jpg?resize=350%2C200","width":350,"height":200},"classes":[]},{"id":5407,"url":"https:\/\/faceensemble.com\/de\/lmn-homage-to-laszlo-moholy-nagy\/","url_meta":{"origin":5403,"position":3},"title":"LMN &#8211; Homage to L\u00e1szl\u00f3 Moholy-Nagy","author":"567cool","date":"19. August 2016","format":false,"excerpt":"This is just a short excerpt about your blog.","rel":"","context":"\u00c4hnlicher Beitrag","block_context":{"text":"\u00c4hnlicher Beitrag","link":""},"img":{"alt_text":"","src":"https:\/\/i0.wp.com\/faceensemble.com\/wp-content\/uploads\/2016\/08\/cropped-cropped-louisxiv-reuterscrop.jpg?fit=1200%2C740&ssl=1&resize=350%2C200","width":350,"height":200,"srcset":"https:\/\/i0.wp.com\/faceensemble.com\/wp-content\/uploads\/2016\/08\/cropped-cropped-louisxiv-reuterscrop.jpg?fit=1200%2C740&ssl=1&resize=350%2C200 1x, https:\/\/i0.wp.com\/faceensemble.com\/wp-content\/uploads\/2016\/08\/cropped-cropped-louisxiv-reuterscrop.jpg?fit=1200%2C740&ssl=1&resize=525%2C300 1.5x, https:\/\/i0.wp.com\/faceensemble.com\/wp-content\/uploads\/2016\/08\/cropped-cropped-louisxiv-reuterscrop.jpg?fit=1200%2C740&ssl=1&resize=700%2C400 2x, https:\/\/i0.wp.com\/faceensemble.com\/wp-content\/uploads\/2016\/08\/cropped-cropped-louisxiv-reuterscrop.jpg?fit=1200%2C740&ssl=1&resize=1050%2C600 3x"},"classes":[]},{"id":5,"url":"https:\/\/faceensemble.com\/archive\/","url_meta":{"origin":5403,"position":4},"title":"LMN &#8211; Homage to L\u00e1szl\u00f3 Moholy-Nagy","author":"ivo3d","date":"19. August 2016","format":false,"excerpt":"This is just a short excerpt about your blog.","rel":"","context":"\u00c4hnlicher Beitrag","block_context":{"text":"\u00c4hnlicher Beitrag","link":""},"img":{"alt_text":"","src":"https:\/\/i0.wp.com\/faceensemble.com\/wp-content\/uploads\/2016\/08\/cropped-cropped-louisxiv-reuterscrop.jpg?fit=1200%2C740&ssl=1&resize=350%2C200","width":350,"height":200,"srcset":"https:\/\/i0.wp.com\/faceensemble.com\/wp-content\/uploads\/2016\/08\/cropped-cropped-louisxiv-reuterscrop.jpg?fit=1200%2C740&ssl=1&resize=350%2C200 1x, https:\/\/i0.wp.com\/faceensemble.com\/wp-content\/uploads\/2016\/08\/cropped-cropped-louisxiv-reuterscrop.jpg?fit=1200%2C740&ssl=1&resize=525%2C300 1.5x, https:\/\/i0.wp.com\/faceensemble.com\/wp-content\/uploads\/2016\/08\/cropped-cropped-louisxiv-reuterscrop.jpg?fit=1200%2C740&ssl=1&resize=700%2C400 2x, https:\/\/i0.wp.com\/faceensemble.com\/wp-content\/uploads\/2016\/08\/cropped-cropped-louisxiv-reuterscrop.jpg?fit=1200%2C740&ssl=1&resize=1050%2C600 3x"},"classes":[]},{"id":826,"url":"https:\/\/faceensemble.com\/musiktheater\/","url_meta":{"origin":5403,"position":5},"title":"Musiktheater","author":"567cool","date":"2. Januar 2019","format":false,"excerpt":"GRAVITYLove Please scroll down for the English version Eine Witwe beginnt ein neues Leben. Inspiriert von den Memoiren Claire Golls Premiere in K\u00f6ln, Barnes Crossing, 2014 Photos \u00c1lvaro Maldonado Komponist: Jules Desgoutte | Applied electronic music: Dur\u00e1n V\u00e1zquez & Victor Joaquim | Sound-Art (live) & Performance: Jules Desgoutte | Tanz\u2026","rel":"","context":"\u00c4hnlicher Beitrag","block_context":{"text":"\u00c4hnlicher Beitrag","link":""},"img":{"alt_text":"FACE Szab\u00f3 MixedMediaEnsemble_GRAVITYLove_photo_by Alvaro Maldonado_32","src":"https:\/\/i0.wp.com\/faceensemble.com\/wp-content\/uploads\/2016\/09\/face-szabc3b3-mixedmediaensemble_gravitylove_photo_by-alvaro-maldonado_32.jpg?resize=350%2C200&ssl=1","width":350,"height":200},"classes":[]}],"_links":{"self":[{"href":"https:\/\/faceensemble.com\/de\/wp-json\/wp\/v2\/pages\/5403","targetHints":{"allow":["GET"]}}],"collection":[{"href":"https:\/\/faceensemble.com\/de\/wp-json\/wp\/v2\/pages"}],"about":[{"href":"https:\/\/faceensemble.com\/de\/wp-json\/wp\/v2\/types\/page"}],"author":[{"embeddable":true,"href":"https:\/\/faceensemble.com\/de\/wp-json\/wp\/v2\/users\/12093239"}],"replies":[{"embeddable":true,"href":"https:\/\/faceensemble.com\/de\/wp-json\/wp\/v2\/comments?post=5403"}],"version-history":[{"count":1,"href":"https:\/\/faceensemble.com\/de\/wp-json\/wp\/v2\/pages\/5403\/revisions"}],"predecessor-version":[{"id":5404,"href":"https:\/\/faceensemble.com\/de\/wp-json\/wp\/v2\/pages\/5403\/revisions\/5404"}],"wp:attachment":[{"href":"https:\/\/faceensemble.com\/de\/wp-json\/wp\/v2\/media?parent=5403"}],"wp:term":[{"taxonomy":"post_tag","embeddable":true,"href":"https:\/\/faceensemble.com\/de\/wp-json\/wp\/v2\/tags?post=5403"}],"curies":[{"name":"wp","href":"https:\/\/api.w.org\/{rel}","templated":true}]}}