{"id":5578,"date":"2024-11-23T16:29:28","date_gmt":"2024-11-23T16:29:28","guid":{"rendered":"https:\/\/faceensemble.com\/?page_id=5578"},"modified":"2025-11-20T10:57:46","modified_gmt":"2025-11-20T10:57:46","slug":"https-faceensemble-com-de-actual","status":"publish","type":"page","link":"https:\/\/faceensemble.com\/de\/https-faceensemble-com-de-actual\/","title":{"rendered":"https:\/\/faceensemble.com\/de\/actual"},"content":{"rendered":"<p>19.-23.November 2025 Alte Feuerwache K\u00f6ln<\/p>\n<p>REVIERNACHT &#8211; Aus der Liebe gehen \/ Ein performatives Poem von Krist\u00f3f Szab\u00f3<\/p>\n<p><img data-recalc-dims=\"1\" loading=\"lazy\" decoding=\"async\" data-attachment-id=\"6617\" data-permalink=\"https:\/\/faceensemble.com\/de\/2025\/11\/20\/reviernacht\/reviernacht-6-von-6\/\" data-orig-file=\"https:\/\/i0.wp.com\/faceensemble.com\/wp-content\/uploads\/2025\/11\/Reviernacht-6-von-6.jpg?fit=2560%2C1703&amp;ssl=1\" data-orig-size=\"2560,1703\" data-comments-opened=\"1\" data-image-meta=\"{&quot;aperture&quot;:&quot;0&quot;,&quot;credit&quot;:&quot;&quot;,&quot;camera&quot;:&quot;&quot;,&quot;caption&quot;:&quot;&quot;,&quot;created_timestamp&quot;:&quot;0&quot;,&quot;copyright&quot;:&quot;Daniel Swoboba&quot;,&quot;focal_length&quot;:&quot;0&quot;,&quot;iso&quot;:&quot;0&quot;,&quot;shutter_speed&quot;:&quot;0&quot;,&quot;title&quot;:&quot;&quot;,&quot;orientation&quot;:&quot;0&quot;}\" data-image-title=\"Reviernacht (6 von 6)\" data-image-description=\"\" data-image-caption=\"\" data-large-file=\"https:\/\/i0.wp.com\/faceensemble.com\/wp-content\/uploads\/2025\/11\/Reviernacht-6-von-6.jpg?fit=748%2C497&amp;ssl=1\" class=\"alignnone size-medium wp-image-6617\" src=\"https:\/\/i0.wp.com\/faceensemble.com\/wp-content\/uploads\/2025\/11\/Reviernacht-6-von-6.jpg?resize=300%2C200&#038;ssl=1\" alt=\"\" width=\"300\" height=\"200\" srcset=\"https:\/\/i0.wp.com\/faceensemble.com\/wp-content\/uploads\/2025\/11\/Reviernacht-6-von-6.jpg?resize=300%2C200&amp;ssl=1 300w, https:\/\/i0.wp.com\/faceensemble.com\/wp-content\/uploads\/2025\/11\/Reviernacht-6-von-6.jpg?resize=1024%2C681&amp;ssl=1 1024w, https:\/\/i0.wp.com\/faceensemble.com\/wp-content\/uploads\/2025\/11\/Reviernacht-6-von-6.jpg?resize=768%2C511&amp;ssl=1 768w, https:\/\/i0.wp.com\/faceensemble.com\/wp-content\/uploads\/2025\/11\/Reviernacht-6-von-6.jpg?resize=1536%2C1022&amp;ssl=1 1536w, https:\/\/i0.wp.com\/faceensemble.com\/wp-content\/uploads\/2025\/11\/Reviernacht-6-von-6.jpg?resize=2048%2C1362&amp;ssl=1 2048w, https:\/\/i0.wp.com\/faceensemble.com\/wp-content\/uploads\/2025\/11\/Reviernacht-6-von-6.jpg?w=2244&amp;ssl=1 2244w\" sizes=\"auto, (max-width: 300px) 100vw, 300px\" \/> Foto Kata Sz\u00e9p<\/p>\n<p>Ein Liebespaar geht \u00fcber die Grenze &#8211; die Erfahrung, ihre Heimat verlassen zu haben, ersch\u00fcttert ihre enge Beziehung. Werden die Erfahrungen der Migration: der Verlust der Muttersprache, die Schuldgef\u00fchle gegangen zu sein, das Vermissen der heimischen Vertrautheit mit Licht und Schatten &#8212; ihre Liebe zerst\u00f6ren?<\/p>\n<p><img data-recalc-dims=\"1\" loading=\"lazy\" decoding=\"async\" data-attachment-id=\"6614\" data-permalink=\"https:\/\/faceensemble.com\/de\/2025\/11\/20\/reviernacht\/reviernacht-2-von-6\/\" data-orig-file=\"https:\/\/i0.wp.com\/faceensemble.com\/wp-content\/uploads\/2025\/11\/Reviernacht-2-von-6.jpg?fit=2560%2C1703&amp;ssl=1\" data-orig-size=\"2560,1703\" data-comments-opened=\"1\" data-image-meta=\"{&quot;aperture&quot;:&quot;0&quot;,&quot;credit&quot;:&quot;&quot;,&quot;camera&quot;:&quot;&quot;,&quot;caption&quot;:&quot;&quot;,&quot;created_timestamp&quot;:&quot;0&quot;,&quot;copyright&quot;:&quot;Daniel Swoboba&quot;,&quot;focal_length&quot;:&quot;0&quot;,&quot;iso&quot;:&quot;0&quot;,&quot;shutter_speed&quot;:&quot;0&quot;,&quot;title&quot;:&quot;&quot;,&quot;orientation&quot;:&quot;0&quot;}\" data-image-title=\"Reviernacht (2 von 6)\" data-image-description=\"\" data-image-caption=\"\" data-large-file=\"https:\/\/i0.wp.com\/faceensemble.com\/wp-content\/uploads\/2025\/11\/Reviernacht-2-von-6.jpg?fit=748%2C497&amp;ssl=1\" class=\"alignnone size-medium wp-image-6614\" src=\"https:\/\/i0.wp.com\/faceensemble.com\/wp-content\/uploads\/2025\/11\/Reviernacht-2-von-6.jpg?resize=300%2C200&#038;ssl=1\" alt=\"\" width=\"300\" height=\"200\" srcset=\"https:\/\/i0.wp.com\/faceensemble.com\/wp-content\/uploads\/2025\/11\/Reviernacht-2-von-6.jpg?resize=300%2C200&amp;ssl=1 300w, https:\/\/i0.wp.com\/faceensemble.com\/wp-content\/uploads\/2025\/11\/Reviernacht-2-von-6.jpg?resize=1024%2C681&amp;ssl=1 1024w, https:\/\/i0.wp.com\/faceensemble.com\/wp-content\/uploads\/2025\/11\/Reviernacht-2-von-6.jpg?resize=768%2C511&amp;ssl=1 768w, https:\/\/i0.wp.com\/faceensemble.com\/wp-content\/uploads\/2025\/11\/Reviernacht-2-von-6.jpg?resize=1536%2C1022&amp;ssl=1 1536w, https:\/\/i0.wp.com\/faceensemble.com\/wp-content\/uploads\/2025\/11\/Reviernacht-2-von-6.jpg?resize=2048%2C1362&amp;ssl=1 2048w, https:\/\/i0.wp.com\/faceensemble.com\/wp-content\/uploads\/2025\/11\/Reviernacht-2-von-6.jpg?w=2244&amp;ssl=1 2244w\" sizes=\"auto, (max-width: 300px) 100vw, 300px\" \/> Foto Kata Sz\u00e9p<\/p>\n<p>PRESSE:<\/p>\n<p>&#8222;..Erneut ist dem F.A.C.E. Ensemble ein Glanzst\u00fcck gelungen&#8230;&#8220;<\/p>\n<p>&#8222;Sinnliches zum Nachdenken..&#8220;<\/p>\n<p>Spieltermine:<\/p>\n<p>20, 21, 22, November 2025 Beginn 20 Uhr<\/p>\n<p>23. November 2025 Beginn 18 Uhr<\/p>\n<p>Spielort: Alte Feuerwache K\u00f6ln, Halle im Innenhof<\/p>\n<p>Tickets: <a href=\"http:\/\/www.rausgegangen.de\" rel=\"nofollow\">http:\/\/www.rausgegangen.de<\/a><\/p>\n<p><img data-recalc-dims=\"1\" loading=\"lazy\" decoding=\"async\" data-attachment-id=\"6635\" data-permalink=\"https:\/\/faceensemble.com\/de\/https-faceensemble-com-de-actual\/dscf0969_reviernacht_gp\/\" data-orig-file=\"https:\/\/i0.wp.com\/faceensemble.com\/wp-content\/uploads\/2025\/11\/DSCF0969_Reviernacht_GP.jpg?fit=5044%2C3363&amp;ssl=1\" data-orig-size=\"5044,3363\" data-comments-opened=\"1\" data-image-meta=\"{&quot;aperture&quot;:&quot;2&quot;,&quot;credit&quot;:&quot;OLIVER STROEMER&quot;,&quot;camera&quot;:&quot;X-Pro2&quot;,&quot;caption&quot;:&quot;&quot;,&quot;created_timestamp&quot;:&quot;1763069069&quot;,&quot;copyright&quot;:&quot;AMAZE&quot;,&quot;focal_length&quot;:&quot;23&quot;,&quot;iso&quot;:&quot;4000&quot;,&quot;shutter_speed&quot;:&quot;0.008&quot;,&quot;title&quot;:&quot;&quot;,&quot;orientation&quot;:&quot;0&quot;}\" data-image-title=\"DSCF0969_Reviernacht_GP\" data-image-description=\"\" data-image-caption=\"\" data-large-file=\"https:\/\/i0.wp.com\/faceensemble.com\/wp-content\/uploads\/2025\/11\/DSCF0969_Reviernacht_GP.jpg?fit=748%2C499&amp;ssl=1\" class=\"alignnone size-medium wp-image-6635\" src=\"https:\/\/i0.wp.com\/faceensemble.com\/wp-content\/uploads\/2025\/11\/DSCF0969_Reviernacht_GP.jpg?resize=300%2C200&#038;ssl=1\" alt=\"\" width=\"300\" height=\"200\" srcset=\"https:\/\/i0.wp.com\/faceensemble.com\/wp-content\/uploads\/2025\/11\/DSCF0969_Reviernacht_GP.jpg?resize=300%2C200&amp;ssl=1 300w, https:\/\/i0.wp.com\/faceensemble.com\/wp-content\/uploads\/2025\/11\/DSCF0969_Reviernacht_GP.jpg?resize=1024%2C683&amp;ssl=1 1024w, https:\/\/i0.wp.com\/faceensemble.com\/wp-content\/uploads\/2025\/11\/DSCF0969_Reviernacht_GP.jpg?resize=768%2C512&amp;ssl=1 768w, https:\/\/i0.wp.com\/faceensemble.com\/wp-content\/uploads\/2025\/11\/DSCF0969_Reviernacht_GP.jpg?resize=1536%2C1024&amp;ssl=1 1536w, https:\/\/i0.wp.com\/faceensemble.com\/wp-content\/uploads\/2025\/11\/DSCF0969_Reviernacht_GP.jpg?resize=2048%2C1365&amp;ssl=1 2048w, https:\/\/i0.wp.com\/faceensemble.com\/wp-content\/uploads\/2025\/11\/DSCF0969_Reviernacht_GP.jpg?w=2244&amp;ssl=1 2244w\" sizes=\"auto, (max-width: 300px) 100vw, 300px\" \/> <img data-recalc-dims=\"1\" loading=\"lazy\" decoding=\"async\" data-attachment-id=\"6638\" data-permalink=\"https:\/\/faceensemble.com\/de\/https-faceensemble-com-de-actual\/dscf1152_reviernacht_gp\/\" data-orig-file=\"https:\/\/i0.wp.com\/faceensemble.com\/wp-content\/uploads\/2025\/11\/DSCF1152_Reviernacht_GP.jpg?fit=5444%2C3629&amp;ssl=1\" data-orig-size=\"5444,3629\" data-comments-opened=\"1\" data-image-meta=\"{&quot;aperture&quot;:&quot;2.5&quot;,&quot;credit&quot;:&quot;OLIVER STROEMER&quot;,&quot;camera&quot;:&quot;X-Pro2&quot;,&quot;caption&quot;:&quot;&quot;,&quot;created_timestamp&quot;:&quot;1763071305&quot;,&quot;copyright&quot;:&quot;AMAZE&quot;,&quot;focal_length&quot;:&quot;23&quot;,&quot;iso&quot;:&quot;1600&quot;,&quot;shutter_speed&quot;:&quot;0.008&quot;,&quot;title&quot;:&quot;&quot;,&quot;orientation&quot;:&quot;0&quot;}\" data-image-title=\"DSCF1152_Reviernacht_GP\" data-image-description=\"\" data-image-caption=\"\" data-large-file=\"https:\/\/i0.wp.com\/faceensemble.com\/wp-content\/uploads\/2025\/11\/DSCF1152_Reviernacht_GP.jpg?fit=748%2C499&amp;ssl=1\" class=\"alignnone size-medium wp-image-6638\" src=\"https:\/\/i0.wp.com\/faceensemble.com\/wp-content\/uploads\/2025\/11\/DSCF1152_Reviernacht_GP.jpg?resize=300%2C200&#038;ssl=1\" alt=\"\" width=\"300\" height=\"200\" srcset=\"https:\/\/i0.wp.com\/faceensemble.com\/wp-content\/uploads\/2025\/11\/DSCF1152_Reviernacht_GP.jpg?resize=300%2C200&amp;ssl=1 300w, https:\/\/i0.wp.com\/faceensemble.com\/wp-content\/uploads\/2025\/11\/DSCF1152_Reviernacht_GP.jpg?resize=1024%2C683&amp;ssl=1 1024w, https:\/\/i0.wp.com\/faceensemble.com\/wp-content\/uploads\/2025\/11\/DSCF1152_Reviernacht_GP.jpg?resize=768%2C512&amp;ssl=1 768w, https:\/\/i0.wp.com\/faceensemble.com\/wp-content\/uploads\/2025\/11\/DSCF1152_Reviernacht_GP.jpg?resize=1536%2C1024&amp;ssl=1 1536w, https:\/\/i0.wp.com\/faceensemble.com\/wp-content\/uploads\/2025\/11\/DSCF1152_Reviernacht_GP.jpg?resize=2048%2C1365&amp;ssl=1 2048w, https:\/\/i0.wp.com\/faceensemble.com\/wp-content\/uploads\/2025\/11\/DSCF1152_Reviernacht_GP.jpg?w=2244&amp;ssl=1 2244w\" sizes=\"auto, (max-width: 300px) 100vw, 300px\" \/><\/p>\n<p>Fotos Oliver Stroemer &#8211; AMAZE<\/p>\n<p>&nbsp;<\/p>\n","protected":false},"excerpt":{"rendered":"<p>19.-23.November 2025 Alte Feuerwache K\u00f6ln REVIERNACHT &#8211; Aus der Liebe gehen \/ Ein performatives Poem von Krist\u00f3f Szab\u00f3 Foto Kata Sz\u00e9p Ein Liebespaar geht \u00fcber die Grenze &#8211; die Erfahrung, ihre Heimat verlassen zu haben, ersch\u00fcttert ihre enge Beziehung. Werden die Erfahrungen der Migration: der Verlust der Muttersprache, die Schuldgef\u00fchle gegangen zu sein, das Vermissen &hellip; <a class=\"more-link\" href=\"https:\/\/faceensemble.com\/de\/https-faceensemble-com-de-actual\/\">Mehr <span class=\"screen-reader-text\">https:\/\/faceensemble.com\/de\/actual<\/span><\/a><\/p>\n","protected":false},"author":12093239,"featured_media":0,"parent":0,"menu_order":0,"comment_status":"closed","ping_status":"closed","template":"","meta":{"_coblocks_attr":"","_coblocks_dimensions":"","_coblocks_responsive_height":"","_coblocks_accordion_ie_support":"","advanced_seo_description":"","jetpack_seo_html_title":"","jetpack_seo_noindex":false,"jetpack_seo_schema_type":"","_wpcom_ai_launchpad_about_page":false,"_wpcom_ai_launchpad_gallery_page":false,"_wpcom_ai_launchpad_contact_page":false,"_wpcom_ai_launchpad_events_page":false,"_wpcom_ai_launchpad_video_page":false,"_wpcom_ai_launchpad_portfolio_piece":false,"footnotes":""},"tags":[],"class_list":["post-5578","page","type-page","status-publish","hentry"],"jetpack_likes_enabled":true,"jetpack_sharing_enabled":true,"jetpack_shortlink":"https:\/\/wp.me\/P7OOTK-1rY","jetpack-related-posts":[{"id":5258,"url":"https:\/\/faceensemble.com\/actual\/","url_meta":{"origin":5578,"position":0},"title":"What&#8217;s NEW","author":"ivo3d","date":"19. August 2016","format":false,"excerpt":"actual dates of f.a.c.e. ensemble plays or shows","rel":"","context":"\u00c4hnlicher Beitrag","block_context":{"text":"\u00c4hnlicher Beitrag","link":""},"img":{"alt_text":"","src":"https:\/\/i0.wp.com\/faceensemble.com\/wp-content\/uploads\/2023\/10\/dscf0379_territorium_1.jpg?resize=350%2C200&ssl=1","width":350,"height":200,"srcset":"https:\/\/i0.wp.com\/faceensemble.com\/wp-content\/uploads\/2023\/10\/dscf0379_territorium_1.jpg?resize=350%2C200&ssl=1 1x, https:\/\/i0.wp.com\/faceensemble.com\/wp-content\/uploads\/2023\/10\/dscf0379_territorium_1.jpg?resize=525%2C300&ssl=1 1.5x, https:\/\/i0.wp.com\/faceensemble.com\/wp-content\/uploads\/2023\/10\/dscf0379_territorium_1.jpg?resize=700%2C400&ssl=1 2x, https:\/\/i0.wp.com\/faceensemble.com\/wp-content\/uploads\/2023\/10\/dscf0379_territorium_1.jpg?resize=1050%2C600&ssl=1 3x, https:\/\/i0.wp.com\/faceensemble.com\/wp-content\/uploads\/2023\/10\/dscf0379_territorium_1.jpg?resize=1400%2C800&ssl=1 4x"},"classes":[]},{"id":2216,"url":"https:\/\/faceensemble.com\/prometheische-kultur\/","url_meta":{"origin":5578,"position":1},"title":"PROMETHEISCHE KULTUR","author":"567cool","date":"29. August 2020","format":false,"excerpt":"K.Szab\u00f3\/F.A.C.E. nach Aischylos\/Marinetti\/Shelley\/Char\/Vukanac\/K. Szab\u00f3 Intermediale Inszenierung https:\/\/vimeo.com\/503937113 Kunst, Design, Technik \u2013 Zeichen ver\u00e4ndern die Wirklichkeit. Prometheus ist das Ur-Zeichen f\u00fcr den Glauben an die Vernunft des Menschen. Hat dieser Glaube noch G\u00fcltigkeit? Foto Julia Karl CV Ein St\u00fcck \u00fcber Prometheus und seinen Glauben, der Mensch w\u00fcrde eine bessere Welt bauen\u2026","rel":"","context":"\u00c4hnlicher Beitrag","block_context":{"text":"\u00c4hnlicher Beitrag","link":""},"img":{"alt_text":"","src":"https:\/\/i0.wp.com\/faceensemble.com\/wp-content\/uploads\/2020\/11\/prometheische-kultur-fotos-juila-karl-12.jpeg?resize=350%2C200&ssl=1","width":350,"height":200,"srcset":"https:\/\/i0.wp.com\/faceensemble.com\/wp-content\/uploads\/2020\/11\/prometheische-kultur-fotos-juila-karl-12.jpeg?resize=350%2C200&ssl=1 1x, https:\/\/i0.wp.com\/faceensemble.com\/wp-content\/uploads\/2020\/11\/prometheische-kultur-fotos-juila-karl-12.jpeg?resize=525%2C300&ssl=1 1.5x, https:\/\/i0.wp.com\/faceensemble.com\/wp-content\/uploads\/2020\/11\/prometheische-kultur-fotos-juila-karl-12.jpeg?resize=700%2C400&ssl=1 2x, https:\/\/i0.wp.com\/faceensemble.com\/wp-content\/uploads\/2020\/11\/prometheische-kultur-fotos-juila-karl-12.jpeg?resize=1050%2C600&ssl=1 3x, https:\/\/i0.wp.com\/faceensemble.com\/wp-content\/uploads\/2020\/11\/prometheische-kultur-fotos-juila-karl-12.jpeg?resize=1400%2C800&ssl=1 4x"},"classes":[]},{"id":2,"url":"https:\/\/faceensemble.com\/de\/actual\/","url_meta":{"origin":5578,"position":2},"title":"What&#8217;s NEW","author":"ivo3d","date":"19. August 2016","format":false,"excerpt":"actual dates of f.a.c.e. ensemble plays or shows","rel":"","context":"In \"3Dmapping\"","block_context":{"text":"3Dmapping","link":"https:\/\/faceensemble.com\/tag\/3dmapping\/"},"img":{"alt_text":"","src":"https:\/\/i0.wp.com\/faceensemble.com\/wp-content\/uploads\/2023\/10\/dscf0379_territorium_1.jpg?resize=350%2C200&ssl=1","width":350,"height":200,"srcset":"https:\/\/i0.wp.com\/faceensemble.com\/wp-content\/uploads\/2023\/10\/dscf0379_territorium_1.jpg?resize=350%2C200&ssl=1 1x, https:\/\/i0.wp.com\/faceensemble.com\/wp-content\/uploads\/2023\/10\/dscf0379_territorium_1.jpg?resize=525%2C300&ssl=1 1.5x, https:\/\/i0.wp.com\/faceensemble.com\/wp-content\/uploads\/2023\/10\/dscf0379_territorium_1.jpg?resize=700%2C400&ssl=1 2x, https:\/\/i0.wp.com\/faceensemble.com\/wp-content\/uploads\/2023\/10\/dscf0379_territorium_1.jpg?resize=1050%2C600&ssl=1 3x, https:\/\/i0.wp.com\/faceensemble.com\/wp-content\/uploads\/2023\/10\/dscf0379_territorium_1.jpg?resize=1400%2C800&ssl=1 4x"},"classes":[]},{"id":5299,"url":"https:\/\/faceensemble.com\/whats-new\/","url_meta":{"origin":5578,"position":3},"title":"What&#8217;s NEW","author":"567cool","date":"19. August 2016","format":false,"excerpt":"actual dates of f.a.c.e. ensemble plays or shows","rel":"","context":"In \"3Dmapping\"","block_context":{"text":"3Dmapping","link":"https:\/\/faceensemble.com\/tag\/3dmapping\/"},"img":{"alt_text":"","src":"https:\/\/i0.wp.com\/faceensemble.com\/wp-content\/uploads\/2023\/10\/dscf0379_territorium_1.jpg?resize=350%2C200&ssl=1","width":350,"height":200,"srcset":"https:\/\/i0.wp.com\/faceensemble.com\/wp-content\/uploads\/2023\/10\/dscf0379_territorium_1.jpg?resize=350%2C200&ssl=1 1x, https:\/\/i0.wp.com\/faceensemble.com\/wp-content\/uploads\/2023\/10\/dscf0379_territorium_1.jpg?resize=525%2C300&ssl=1 1.5x, https:\/\/i0.wp.com\/faceensemble.com\/wp-content\/uploads\/2023\/10\/dscf0379_territorium_1.jpg?resize=700%2C400&ssl=1 2x, https:\/\/i0.wp.com\/faceensemble.com\/wp-content\/uploads\/2023\/10\/dscf0379_territorium_1.jpg?resize=1050%2C600&ssl=1 3x, https:\/\/i0.wp.com\/faceensemble.com\/wp-content\/uploads\/2023\/10\/dscf0379_territorium_1.jpg?resize=1400%2C800&ssl=1 4x"},"classes":[]},{"id":5341,"url":"https:\/\/faceensemble.com\/de\/medea\/","url_meta":{"origin":5578,"position":4},"title":"MEDEA","author":"567cool","date":"12. Juli 2019","format":false,"excerpt":"https:\/\/vimeo.com\/363406070 Die Geschichte einer Scheidung Text Euripides | MEDEA Johanna May | Projection-Video-Art\u00a0Iv\u00f3 Kov\u00e1cs Dauer\/duration: 55 minutes showreel of the ensemble: \u00a0F.A.C.E. Ensemble 2019 showreel (3 Min.)\u00a0 https:\/\/vimeo.com\/337740936 Medea verr\u00e4t ihren Vater, t\u00f6tet ihren Bruder und flieht mit Jason, ihrem zuk\u00fcnftigen Ehemann nach Europa. Sie bekommen zwei Kinder. Jason verl\u00e4sst\u2026","rel":"","context":"\u00c4hnlicher Beitrag","block_context":{"text":"\u00c4hnlicher Beitrag","link":""},"img":{"alt_text":"","src":"https:\/\/i0.wp.com\/faceensemble.com\/wp-content\/uploads\/2019\/09\/145_medea_cmeyer_originals.jpg?resize=350%2C200&ssl=1","width":350,"height":200,"srcset":"https:\/\/i0.wp.com\/faceensemble.com\/wp-content\/uploads\/2019\/09\/145_medea_cmeyer_originals.jpg?resize=350%2C200&ssl=1 1x, https:\/\/i0.wp.com\/faceensemble.com\/wp-content\/uploads\/2019\/09\/145_medea_cmeyer_originals.jpg?resize=525%2C300&ssl=1 1.5x, https:\/\/i0.wp.com\/faceensemble.com\/wp-content\/uploads\/2019\/09\/145_medea_cmeyer_originals.jpg?resize=700%2C400&ssl=1 2x, https:\/\/i0.wp.com\/faceensemble.com\/wp-content\/uploads\/2019\/09\/145_medea_cmeyer_originals.jpg?resize=1050%2C600&ssl=1 3x, https:\/\/i0.wp.com\/faceensemble.com\/wp-content\/uploads\/2019\/09\/145_medea_cmeyer_originals.jpg?resize=1400%2C800&ssl=1 4x"},"classes":[]},{"id":1336,"url":"https:\/\/faceensemble.com\/medea-2\/","url_meta":{"origin":5578,"position":5},"title":"MEDEA","author":"567cool","date":"12. Juli 2019","format":false,"excerpt":"https:\/\/vimeo.com\/363406070 Die Geschichte einer Scheidung Text Euripides | MEDEA Johanna May | Projection-Video-Art\u00a0Iv\u00f3 Kov\u00e1cs Dauer\/duration: 55 minutes showreel of the ensemble: \u00a0F.A.C.E. Ensemble 2019 showreel (3 Min.)\u00a0 https:\/\/vimeo.com\/337740936 Medea verr\u00e4t ihren Vater, t\u00f6tet ihren Bruder und flieht mit Jason, ihrem zuk\u00fcnftigen Ehemann nach Europa. Sie bekommen zwei Kinder. Jason verl\u00e4sst\u2026","rel":"","context":"\u00c4hnlicher Beitrag","block_context":{"text":"\u00c4hnlicher Beitrag","link":""},"img":{"alt_text":"","src":"https:\/\/i0.wp.com\/faceensemble.com\/wp-content\/uploads\/2019\/09\/115_medea_cmeyer_originals.jpg?resize=350%2C200&ssl=1","width":350,"height":200,"srcset":"https:\/\/i0.wp.com\/faceensemble.com\/wp-content\/uploads\/2019\/09\/115_medea_cmeyer_originals.jpg?resize=350%2C200&ssl=1 1x, https:\/\/i0.wp.com\/faceensemble.com\/wp-content\/uploads\/2019\/09\/115_medea_cmeyer_originals.jpg?resize=525%2C300&ssl=1 1.5x, https:\/\/i0.wp.com\/faceensemble.com\/wp-content\/uploads\/2019\/09\/115_medea_cmeyer_originals.jpg?resize=700%2C400&ssl=1 2x, https:\/\/i0.wp.com\/faceensemble.com\/wp-content\/uploads\/2019\/09\/115_medea_cmeyer_originals.jpg?resize=1050%2C600&ssl=1 3x, https:\/\/i0.wp.com\/faceensemble.com\/wp-content\/uploads\/2019\/09\/115_medea_cmeyer_originals.jpg?resize=1400%2C800&ssl=1 4x"},"classes":[]}],"_links":{"self":[{"href":"https:\/\/faceensemble.com\/de\/wp-json\/wp\/v2\/pages\/5578","targetHints":{"allow":["GET"]}}],"collection":[{"href":"https:\/\/faceensemble.com\/de\/wp-json\/wp\/v2\/pages"}],"about":[{"href":"https:\/\/faceensemble.com\/de\/wp-json\/wp\/v2\/types\/page"}],"author":[{"embeddable":true,"href":"https:\/\/faceensemble.com\/de\/wp-json\/wp\/v2\/users\/12093239"}],"replies":[{"embeddable":true,"href":"https:\/\/faceensemble.com\/de\/wp-json\/wp\/v2\/comments?post=5578"}],"version-history":[{"count":4,"href":"https:\/\/faceensemble.com\/de\/wp-json\/wp\/v2\/pages\/5578\/revisions"}],"predecessor-version":[{"id":6642,"href":"https:\/\/faceensemble.com\/de\/wp-json\/wp\/v2\/pages\/5578\/revisions\/6642"}],"wp:attachment":[{"href":"https:\/\/faceensemble.com\/de\/wp-json\/wp\/v2\/media?parent=5578"}],"wp:term":[{"taxonomy":"post_tag","embeddable":true,"href":"https:\/\/faceensemble.com\/de\/wp-json\/wp\/v2\/tags?post=5578"}],"curies":[{"name":"wp","href":"https:\/\/api.w.org\/{rel}","templated":true}]}}